{"entities":{"Q1042989":{"pageid":1042990,"ns":120,"title":"Item:Q1042989","lastrevid":3309809,"modified":"2023-09-21T20:51:35Z","type":"item","id":"Q1042989","labels":{"en":{"language":"en","value":"Zarz\u0105d (Stowarzyszenie by\u0142ych Wychowa\u0144c\u00f3w Belgijskich Szk\u00f3\u0142 Akademickich)"},"pl":{"language":"pl","value":"Zarz\u0105d (Stowarzyszenie by\u0142ych Wychowa\u0144c\u00f3w Belgijskich Szk\u00f3\u0142 Akademickich)"}},"descriptions":{},"aliases":{"en":[{"language":"en","value":"Zarz\u0105d Stowarzyszenia by\u0142ych Wychowa\u0144c\u00f3w Belgijskich Szk\u00f3\u0142 Akademickich"},{"language":"en","value":"Zarz\u0105d Stowarzyszenia by\u0142ych Wychowank\u00f3w Belgijskich Szk\u00f3\u0142 Akademickich"},{"language":"en","value":"Zarz\u0105d Stowarzyszenia b. Wychowa\u0144c\u00f3w Belgijskich Szk\u00f3\u0142 Akademickich"},{"language":"en","value":"Stowarzyszenie by\u0142ych Wychowa\u0144c\u00f3w Belgijskich Szk\u00f3\u0142 Akademickich."}],"pl":[{"language":"pl","value":"Zarz\u0105d Stowarzyszenia by\u0142ych Wychowa\u0144c\u00f3w Belgijskich Szk\u00f3\u0142 Akademickich"},{"language":"pl","value":"Zarz\u0105d Stowarzyszenia by\u0142ych Wychowank\u00f3w Belgijskich Szk\u00f3\u0142 Akademickich"},{"language":"pl","value":"Zarz\u0105d Stowarzyszenia b. Wychowa\u0144c\u00f3w Belgijskich Szk\u00f3\u0142 Akademickich"},{"language":"pl","value":"Stowarzyszenie by\u0142ych Wychowa\u0144c\u00f3w Belgijskich Szk\u00f3\u0142 Akademickich."}]},"claims":{"P6":[{"mainsnak":{"snaktype":"value","property":"P6","hash":"51911b935f8e57f855b8e6c03801f34fe116d095","datavalue":{"value":"Keira Metz","type":"string"},"datatype":"string"},"type":"statement","id":"Q1042989$B381AC5C-4DB4-45FF-89AA-35A90D491974","rank":"normal"}]},"sitelinks":{}}}}