{"entities":{"Q1746886":{"pageid":1746875,"ns":120,"title":"Item:Q1746886","lastrevid":3225628,"modified":"2023-09-21T16:58:48Z","type":"item","id":"Q1746886","labels":{"en":{"language":"en","value":"Zarz\u0105d G\u0142\u00f3wny Zwi\u0105zku Ni\u017cszych Funkcjonarjusz\u00f3w Pa\u0144stwowych Rzeczypospolitej Polskiej"},"pl":{"language":"pl","value":"Zarz\u0105d G\u0142\u00f3wny Zwi\u0105zku Ni\u017cszych Funkcjonarjusz\u00f3w Pa\u0144stwowych Rzeczypospolitej Polskiej"}},"descriptions":{},"aliases":{"en":[{"language":"en","value":"Zarz\u0105d G\u0142\u00f3wny Zwi\u0105zku Ni\u017cszych Funkcjonarjusz\u00f3w Pa\u0144stwowych Rzplitej Pol."},{"language":"en","value":"Zwi\u0105zek Ni\u017cszych Funkcjonariusz\u00f3w Pa\u0144stwowych Rzeczypospolitej Polskiej."},{"language":"en","value":"Zwi\u0105zek Ni\u017cszych Funkcjonarjusz\u00f3w Pa\u0144stwowych Rzplitej Pol."},{"language":"en","value":"Zwi\u0105zek Ni\u017cszych Funkcjonarjusz\u00f3w Pa\u0144stwowych RP."},{"language":"en","value":"Zwi\u0105zek Ni\u017cszych Funkcjonar. Pa\u0144stwowych Rzeczypospolitej Polskiej."},{"language":"en","value":"Zw.N.F.P."},{"language":"en","value":"Zarz\u0105d G\u0142\u00f3wny Zwi\u0105zku N.F.P.Rz.P."},{"language":"en","value":"Zarz. G\u0142. Zwi\u0105zku Ni\u017cszych Funkc. Pa\u0144stw. Rzplitej Pol."},{"language":"en","value":"Centralny Zwi\u0105zek Wo\u017anych Pa\u0144stwowych RP."},{"language":"en","value":"Zarz\u0105d G\u0142\u00f3wny Centralnego Zwi\u0105zku Wo\u017anych Pa\u0144stwowych RP"}],"pl":[{"language":"pl","value":"Zarz\u0105d G\u0142\u00f3wny Zwi\u0105zku Ni\u017cszych Funkcjonarjusz\u00f3w Pa\u0144stwowych Rzplitej Pol."},{"language":"pl","value":"Zwi\u0105zek Ni\u017cszych Funkcjonariusz\u00f3w Pa\u0144stwowych Rzeczypospolitej Polskiej."},{"language":"pl","value":"Zwi\u0105zek Ni\u017cszych Funkcjonarjusz\u00f3w Pa\u0144stwowych Rzplitej Pol."},{"language":"pl","value":"Zwi\u0105zek Ni\u017cszych Funkcjonarjusz\u00f3w Pa\u0144stwowych RP."},{"language":"pl","value":"Zwi\u0105zek Ni\u017cszych Funkcjonar. Pa\u0144stwowych Rzeczypospolitej Polskiej."},{"language":"pl","value":"Zw.N.F.P."},{"language":"pl","value":"Zarz\u0105d G\u0142\u00f3wny Zwi\u0105zku N.F.P.Rz.P."},{"language":"pl","value":"Zarz. G\u0142. Zwi\u0105zku Ni\u017cszych Funkc. Pa\u0144stw. Rzplitej Pol."},{"language":"pl","value":"Centralny Zwi\u0105zek Wo\u017anych Pa\u0144stwowych RP."},{"language":"pl","value":"Zarz\u0105d G\u0142\u00f3wny Centralnego Zwi\u0105zku Wo\u017anych Pa\u0144stwowych RP"}]},"claims":{"P6":[{"mainsnak":{"snaktype":"value","property":"P6","hash":"ce6eb5b29b6501c37413911ef6a51981aa9033e0","datavalue":{"value":"Radovid V","type":"string"},"datatype":"string"},"type":"statement","id":"Q1746886$29F02B8F-BEEB-4255-ACFD-844D99BD647D","rank":"normal"}]},"sitelinks":{}}}}