{"entities":{"Q6175":{"pageid":6180,"ns":120,"title":"Item:Q6175","lastrevid":6801174,"modified":"2023-12-15T11:19:28Z","type":"item","id":"Q6175","labels":{"en":{"language":"en","value":"Ecclesia Catholica."},"pl":{"language":"pl","value":"Ecclesia Catholica."}},"descriptions":{},"aliases":{"en":[{"language":"en","value":"Ko\u015bci\u00f3\u0142 Katolicki."},{"language":"en","value":"Apostolischer Visitator f\u00fcr Priester und Gl\u00e4ubigen aus dem Erzbistum Breslau."},{"language":"en","value":"Apostolischer Visitator Breslau."},{"language":"en","value":"Apostolischer Visitator der Katholiken des Erzbistum Breslau."},{"language":"en","value":"Visitator f\u00fcr Breslau - Branitz -  Glatz."},{"language":"en","value":"Kuria Biskupia Warszawsko-Praska."},{"language":"en","value":"Kuria Diecezjalna Warszawsko-Praska."},{"language":"en","value":"Wydzia\u0142 Misyjny Kurii Biskupiej Warszawsko-Praskiej."},{"language":"en","value":"Wydzia\u0142 Misyjny Kurii Diecezjalnej Warszawsko-Praskiej."},{"language":"en","value":"Kuria Warszawsko-Praska."},{"language":"en","value":"Kuria Metropolitalna w Krakowie."},{"language":"en","value":"Wydzia\u0142 Duszpasterstwa Rodzin Kurii Metropolitalnej w Krakowie."},{"language":"en","value":"Archidiecezjalna Komisja Liturgiczna Archidiecezji Warmi\u0144skiej"},{"language":"en","value":"Komisja Liturgiczna Archidiecezji Warmi\u0144skiej"},{"language":"en","value":"Duszpasterstwo Rodzin Kurii Diecezjalnej Kieleckiej."},{"language":"en","value":"Kuria Diecezjalna w Kielcach."},{"language":"en","value":"Wydzia\u0142 Duszpasterstwa Rodzin Kurii Diecezjalnej Kieleckiej."},{"language":"en","value":"Wsp\u00f3lnoty \u017bywego R\u00f3\u017ca\u0144ca Diecezji Toru\u0144skiej."},{"language":"en","value":"Wydzia\u0142 Duszpasterstwa Dzieci i M\u0142odzie\u017cy Kurii Metropolitalnej w Krakowie."},{"language":"en","value":"Referat Katechetyczny Kurii Diecezjalnej w Kielcach."},{"language":"en","value":"Centrum Formacyjno-Edukacyjne Diecezji Gliwickiej."},{"language":"en","value":"Ecclesia Catholica."},{"language":"en","value":"Kuria Diecezjalna w Opolu."},{"language":"en","value":"Kuria Biskupia w Opolu."},{"language":"en","value":"Wydzia\u0142 Duszpasterski Kurii Diecezjalnej w Opolu."},{"language":"en","value":"Congregatio pro Episcopis."},{"language":"en","value":"Kongregacja Biskup\u00f3w."},{"language":"en","value":"Kongregacja ds. Biskup\u00f3w."},{"language":"en","value":"Kongregacja dla Biskup\u00f3w."},{"language":"en","value":"Congregation for Bishops."},{"language":"en","value":"Sacra Congregatio pro Episcopis."},{"language":"en","value":"Congregazione per i Vescovi."},{"language":"en","value":"Kongregacja do spraw Biskup\u00f3w."},{"language":"en","value":"S. Congregatio pro Episcopis."},{"language":"en","value":"Congr\u00e9gation pour les \u00e9v\u00eaques."},{"language":"en","value":"Wydzia\u0142 Katechizacji i Szk\u00f3\u0142 Katolickich Kurii Metropolitalnej w Gnie\u017anie."},{"language":"en","value":"Kuria Metropolitalna w Gnie\u017anie."},{"language":"en","value":"Bistum Merseburg."},{"language":"en","value":"Merseburger Domkapitel."},{"language":"en","value":"Domkapitel Merseburg."},{"language":"en","value":"Konferencja Episkopatu Polski."},{"language":"en","value":"Episkopat Polski."},{"language":"en","value":"Komisja Episkopatu do Spraw Duszpasterstwa Akademickiego."},{"language":"en","value":"Komisja Episkopatu Polski do Spraw Duszpasterstwa Akademickiego."},{"language":"en","value":"Komisja Episkopatu Polski Duszpasterstwa Akademickiego."},{"language":"en","value":"Komisja Episkopatu ds. Duszpasterstwa Akademickiego."},{"language":"en","value":"Komisja Episkopatu Duszpasterstwa Akademickiego."},{"language":"en","value":"Rada Spo\u0142eczna przy Prymasie Polski."},{"language":"en","value":"Wydzia\u0142 Duszpasterstwa Charytatywnego Kurii Metropolitalnej w Krakowie."},{"language":"en","value":"Kuria Diecezjalna Zielonog\u00f3rsko-Gorzowska."},{"language":"en","value":"Kuria Diecezji Zielonog\u00f3rsko-Gorzowskiej."},{"language":"en","value":"Kuria Metropolitalna (Gniezno)."},{"language":"en","value":"Wydzia\u0142 Katechetyczny Kurii Metropolitalnej w Gnie\u017anie."},{"language":"en","value":"Synod Archidiecezji Krakowskiej."},{"language":"en","value":"Synodus Archidiecensis Cracoviensis."},{"language":"en","value":"Synod Krakowski."},{"language":"en","value":"Sekretariat Krajowy Papieskiej Unii Misyjnej."},{"language":"en","value":"Dyrekcja Archidiecezjalna Zwi\u0105zk\u00f3w Misyjnych (Warszawa)."},{"language":"en","value":"Rada Konferencji Episkopatu Polski ds. Apostolstwa \u015awieckich."},{"language":"en","value":"Konferencja Episkopatu Polski Rada ds. Apostolstwa \u015awieckich."},{"language":"en","value":"Referat ds. M\u0142odzie\u017cy Kurii Metropolitalnej w Gnie\u017anie."},{"language":"en","value":"Referat ds. M\u0142odzie\u017cy przy Kurii Metropolitalnej w Gnie\u017anie."},{"language":"en","value":"Kapitu\u0142a Kruszwicka."},{"language":"en","value":"Kapitu\u0142a Kolegiacka przy Bazylice \u015aw. Aposto\u0142\u00f3w Piotra i Paw\u0142a w Kruszwicy."},{"language":"en","value":"Wydzia\u0142 Duszpasterstwa Kurii Diecezjalnej w Lublinie"},{"language":"en","value":"Concilium Provinciale Moguntinum"},{"language":"en","value":"Kuria Diecezjalna w P\u0142ocku."},{"language":"en","value":"Wydzia\u0142 Katechetyczny Kurii Diecezjalnej P\u0142ockiej."},{"language":"en","value":"Kuria Metropolitalna Szczeci\u0144sko-Kamie\u0144ska."},{"language":"en","value":"Dekanat Olkuski."},{"language":"en","value":"Dekanat Kalwaryjski."},{"language":"en","value":"Wydzia\u0142 Nauki i Wychowania Katolickiego Kurii Diecezjalnej w Zamo\u015bciu."},{"language":"en","value":"Kuria Diecezjalna Zamojsko-Lubaczowska w Zamo\u015bciu."},{"language":"en","value":"Wile\u0144ski Rzymsko-Katolicki Konsystorz."},{"language":"en","value":"Wile\u0144ski Rzymsko-Katolicki Konsystorz Rz\u0105dz\u0105cy Dyecezy\u0105."},{"language":"en","value":"Wilenski Rzymsko-Katolicki Konsystorz Rz\u0105dz\u0105cy Dyecezy\u0105."},{"language":"en","value":"Archidiecezja Katowicka."},{"language":"en","value":"Duszpasterstwo Rodzin Archidiecezji Katowickiej."},{"language":"en","value":"Kuria Diecezjalna Warmi\u0144ska."},{"language":"en","value":"Kuria Biskupia Warmi\u0144ska."},{"language":"en","value":"Kuria Diecezjalna w Olsztynie."},{"language":"en","value":"Kuria Biskupia Warmi\u0144ska w Olsztynie."},{"language":"en","value":"Diecezjalna Komisja Liturgiczna w Siedlacach."},{"language":"en","value":"Komisja Episkopatu Polski do Spraw Duszpasterstwa M\u0142odzie\u017cy."},{"language":"en","value":"KE ds. DM."},{"language":"en","value":"Kapitu\u0142a Metropolitalna Katowicka."},{"language":"en","value":"Capitulum Metropolitanum Katovicense."},{"language":"en","value":"Sekretariat Misyjny Kurii Metropolitalnej w Krakowie."},{"language":"en","value":"Sekretariat Misyjny Archidiecezji Krakowskiej."},{"language":"en","value":"Referat Duszpasterstwa Rodzin Kurii Metropolitalnej w Gnie\u017anie."},{"language":"en","value":"Referat Rodzin Kurii Metropolitalnej w Gnie\u017anie."},{"language":"en","value":"Wydzia\u0142 Wychowania Katolickiego Kurii Metropolitalnej Szczeci\u0144sko-Kamie\u0144skiej."},{"language":"en","value":"Capitulum Cathedrale Varsaviense."},{"language":"en","value":"Kapitu\u0142a Katedralna Archidiecezji Warszawskiej."},{"language":"en","value":"Sacra Concregazione per il Clero."},{"language":"en","value":"Kongregacja do spraw Duchowie\u0144stwa."},{"language":"en","value":"Zesp\u00f3\u0142 Konferencji Episkopatu Polski do Spraw Nowej Ewangelizacji."},{"language":"en","value":"Magyar Katolikus P\u00fcsp\u00f6ki Kar."},{"language":"en","value":"Kuria Diecezjalna we W\u0142oc\u0142awku."},{"language":"en","value":"Wydzia\u0142 Duszpasterstwa Og\u00f3lnego Kurii Diecezjalnej we W\u0142oc\u0142awku."},{"language":"en","value":"Wydzia\u0142 Duszpasterstwa Og\u00f3lnego Kurii Diecezjalnej W\u0142oc\u0142awskiej."},{"language":"en","value":"Synod Diecezji Przemyskiej"},{"language":"en","value":"Synodus dioecesana Premisliensis"},{"language":"en","value":"Wydzia\u0142 Koordynacji Duszpasterstwa Kurii Metropolitalnej w Krakowie."},{"language":"en","value":"Komisja Episkopatu do Spraw Nauki Katolickiej."},{"language":"en","value":"Komisja do Spraw Nauki Katolickiej."},{"language":"en","value":"Rada ds. Duszpasterstwa M\u0142odzie\u017cy."},{"language":"en","value":"Zesp\u00f3\u0142 Ekspert\u00f3w KEP ds. Bioetycznych."},{"language":"en","value":"Zesp\u00f3\u0142 Ekspert\u00f3w KEP do spraw Bioetycznych."},{"language":"en","value":"Diecezja Bielsko-\u017bywiecka."},{"language":"en","value":"Duszpasterstwo Wsp\u00f3lnot Intronizacyjnych Jezusa Chrystusa Kr\u00f3la Diecezji Bielsko-\u017bywieckiej"},{"language":"en","value":"Wydzia\u0142 Duszpasterstwa Rodzin Kurii Diecezjalnej Toru\u0144skiej."},{"language":"en","value":"Kuria Diecezjalna Toru\u0144ska."},{"language":"en","value":"Kuria Diecezjalna w Toruniu."},{"language":"en","value":"Krajowa Konferencja Biskup\u00f3w Katolickich."},{"language":"en","value":"Komisja do spraw \u017bycia i Pos\u0142ugi Kap\u0142an\u00f3w przy Krajowej Konferencji Biskup\u00f3w Katolickich."},{"language":"en","value":"Rada Naukowa Konferencji Episkopatu Polski."},{"language":"en","value":"Rada Naukowa Episkopatu Polski."},{"language":"en","value":"Odnowa w Duchu \u015awi\u0119tym Diecezji Rzeszowskiej"},{"language":"en","value":"Archidiecezja Pozna\u0144ska."},{"language":"en","value":"Kapitu\u0142a Kolegiacka."},{"language":"en","value":"Podkomisja Episkopatu d/s Duszpasterstwa Kobiet."},{"language":"en","value":"Papieski Komitet Obchod\u00f3w Wielkiego Jubileuszu 2000."},{"language":"en","value":"Papieski Komitet Obchod\u00f3w Jubileuszu Roku 2000."},{"language":"en","value":"Comitato centrale del Grande Giubileo dell'Anno Santo 2000."},{"language":"en","value":"G\u0142\u00f3wny Komitet Obchod\u00f3w Wielkiego Jubileuszu Roku 2000."},{"language":"en","value":"Komitet Obchod\u00f3w Wielkiego Jubileuszu Roku 2000."},{"language":"en","value":"Komitet Wielkiego Jubileuszu Roku 2000."},{"language":"en","value":"Comitato del Grande Giubileo dell'Anno 2000."},{"language":"en","value":"Comit\u00e9 Central du Grand Jubil\u00e9 de l'An 2000."},{"language":"en","value":"Comit\u00e9 Pontifical du Grand Jubil\u00e9 de l'An 2000."},{"language":"en","value":"Central Committee for the Holy Year."},{"language":"en","value":"Comitato Centrale per l'Anno Santo."},{"language":"en","value":"Komitet G\u0142\u00f3wny Wielkiego Jubileuszu Roku 2000."},{"language":"en","value":"Committee for the Great Jubilee of the Year 2000."},{"language":"en","value":"Archidiecezja Chicago."},{"language":"en","value":"Archidiecezja w Chicago."},{"language":"en","value":"Catholic Church."},{"language":"en","value":"Archidioecese of Chicago."},{"language":"en","value":"Rimo-katolic'ka Luc'ka D\u00ececez\u00ec\u00e2"},{"language":"en","value":"Rzymskokatolicka Diecezja \u0141ucka"},{"language":"en","value":"Rimo-katolic'ka Cerkva v Ukra\u00efn\u00ec."},{"language":"en","value":"Kuria Metropolitalna w Poznaniu."},{"language":"en","value":"Referat Katechetyczny Kurii Metropolitalnej w Poznaniu"},{"language":"en","value":"Rada Ruch\u00f3w i Stowarzysze\u0144 Katolickich Archidiecezji Pozna\u0144skiej"},{"language":"en","value":"Archidiecezja Krakowska."},{"language":"en","value":"Archidiecezjalna Szko\u0142a Organistowska."},{"language":"en","value":"Kuria Diecezjalna w Legnicy."},{"language":"en","value":"Referat Katechetyczny Legnickiej Kurii Biskupiej."},{"language":"en","value":"Der Apostolische Visitator Ermland"},{"language":"en","value":"Der Apost. Visitator Ermland"},{"language":"en","value":"Diecezja Zielonog\u00f3rsko-Gorzowska."},{"language":"en","value":"Wydzia\u0142 Nauki Katolickiej Diecezji Zielonog\u00f3rsko-Gorzowskiej."},{"language":"en","value":"WNK Kurii Biskupiej Diecezji Zielonog\u00f3rsko-Gorzowskiej."},{"language":"en","value":"Wydzia\u0142 Nauki Katolickiej Kurii Biskupiej Diecezji Zielonog\u00f3rsko-Gorzowskiej."},{"language":"en","value":"Komisja Liturgiczna w Opolu."},{"language":"en","value":"Diecezjalna Komisja Liturgiczna w Opolu."},{"language":"en","value":"Diecezja \u015al\u0105ska Opolskiego."},{"language":"en","value":"Komisja Episkopatu Polski do Spraw Duchowie\u0144stwa."},{"language":"en","value":"Komisja Episkopatu do Spraw Duchowie\u0144stwa."},{"language":"en","value":"Komisja Duchowie\u0144stwa Episkopatu Polski."},{"language":"en","value":"Komisja Episkopatu ds. Duchowie\u0144stwa."},{"language":"en","value":"Komisja Pielgrzymki Ojca Swi\u0119tego do Polski Konferencji Episkopatu Polski."},{"language":"en","value":"Komisja Episkopatu Polski do Spraw Pielgrzymki Ojca \u015awi\u0119tego do Polski."},{"language":"en","value":"Komisja Episkopatu Polski d/s Pielgrzymki Ojca \u015awi\u0119tego do Polski."},{"language":"en","value":"Komisja Pielgrzymki Ojca \u015awi\u0119tego do Polski Episkopatu Polski."},{"language":"en","value":"Archidiecezja Warszawska."},{"language":"en","value":"Duszpasterstwo Rodzin Archidiecezji Warszawskiej."},{"language":"en","value":"Archidiecezja Warmi\u0144ska."},{"language":"en","value":"Conferenza Episcopale Toscana."},{"language":"en","value":"Konferencja Biskup\u00f3w Toskanii."},{"language":"en","value":"Chiesa Cattolica."},{"language":"en","value":"Kuria Metropolitalna Archidiecezji Warmi\u0144skiej w Olsztynie."},{"language":"en","value":"Wydzia\u0142 Nauki Katolickiej Kurii Metropolitalnej Archidiecezji Warmi\u0144skiej w Olsztynie."},{"language":"en","value":"Wydzia\u0142 Nauki Katolickiej Kurii Metropolitalnej Warmi\u0144skiej."},{"language":"en","value":"Wydzia\u0142 Nauki Katolickiej Kurii Biskupiej."},{"language":"en","value":"Archidiecezjalna Komisja Liturgiczna."},{"language":"en","value":"Komisja Liturgiczna Archidiecezji Katowickiej."},{"language":"en","value":"Ufficio delle Celebrazioni Liturgiche del Sommo Pontefice"},{"language":"en","value":"Officium de Liturgicis Celebrationibus Summi Pontificis"},{"language":"en","value":"National Conference of Catholic Bishops."},{"language":"en","value":"NCCB."},{"language":"en","value":"Archidiecezjalna Komisja ds. Muzyki Ko\u015bcielnej."},{"language":"en","value":"Archidiecezjalna Komisja Muzyki Ko\u015bcielnej."},{"language":"en","value":"Komisja ds. Muzyki Ko\u015bcielnej Archidiecezji Krakowskiej."},{"language":"en","value":"Archidiecezjalna Komisja Muzyki Ko\u015bcielnej Kurii Metropolitalnej w Krakowie."},{"language":"en","value":"Komisja Muzyczna Archidiecezji Krakowskiej."},{"language":"en","value":"Komisja Muzyki Ko\u015bcielnej."},{"language":"en","value":"Pontificalia Opera Missionalia."},{"language":"en","value":"Papieskie Dzie\u0142o \u015bw. Piotra Aposto\u0142a w Polsce."},{"language":"en","value":"Pontificium Opus Missionale a Sancto Petro Apostolo."},{"language":"en","value":"PDPA."},{"language":"en","value":"Dekanat Rzepi\u0144ski."},{"language":"en","value":"Der Visitator Ermland"},{"language":"en","value":"Kapitularvikar von Ermland"},{"language":"en","value":"Wydzia\u0142 Katechetyczny Kurii Diecezjalnej W\u0142oc\u0142awskiej."},{"language":"en","value":"Visitator f\u00fcr Breslau und Branitz."},{"language":"en","value":"Visitatur Breslau und Branitz."},{"language":"en","value":"Wydzia\u0142 Katechetyczny Kurii Arcybiskupiej w \u0141odzi."},{"language":"en","value":"Kuria Arcybiskupia (\u0141\u00f3d\u017a)."},{"language":"en","value":"Wydzia\u0142 Katechetyczny Kurii Archidiecezji \u0141\u00f3dzkiej."},{"language":"en","value":"Wydzia\u0142 Katechetyczny Kurii Metropolitalnej \u0141\u00f3dzkiej."},{"language":"en","value":"Kuria Arcybiskupia w Lubaczowie"},{"language":"en","value":"Kuria Arcybiskupia (Lubacz\u00f3w)"},{"language":"en","value":"Kuria Metropolitalna (Krak\u00f3w)."},{"language":"en","value":"Komisja Liturgiczna Pielgrzymki Jana Paw\u0142a II."},{"language":"en","value":"Komisja Liturgiczna Komitetu Pielgrzymkowego."},{"language":"en","value":"Wydzia\u0142 Duszpasterstwa Kurii Metropolitalnej w Bia\u0142ymstoku."},{"language":"en","value":"Wydzia\u0142 Duszpasterstwa Kurii Metropolitalnej Bia\u0142ostockiej."},{"language":"en","value":"Kuria Metropolitalna Bia\u0142ostocka."},{"language":"en","value":"Kuria Metropolitalna w Bia\u0142ymstoku."},{"language":"en","value":"Centrum Informacyjne Archidiecezji Gda\u0144skiej."},{"language":"en","value":"Referat Misyjny Kurii Metropolitalnej w Gnie\u017anie."},{"language":"en","value":"Rada Duszpasterska Archidiecezji Pozna\u0144skiej."},{"language":"en","value":"Kapitu\u0142a Katedralna w Sandomierzu."},{"language":"en","value":"Archiwum Kapitu\u0142y Katedralnej w Sandomierzu."},{"language":"en","value":"Archiwum Kapitu\u0142y Katedralnej Sandomierskiej."},{"language":"en","value":"Archidiecezjalna Komisja ds. Liturgii i Duszpasterstwa Liturgicznego."},{"language":"en","value":"Commissio Liturgica Cracoviensis."},{"language":"en","value":"Komisja Liturgiczna."},{"language":"en","value":"Commissione Liturgica."},{"language":"en","value":"Komisja Liturgiczna Archidiecezji Krakowskiej."},{"language":"en","value":"Referat ds. Dialogu Mi\u0119dzyreligijnego Archidiecezji Pozna\u0144skiej."},{"language":"en","value":"Ermlandfamilie."},{"language":"en","value":"Wydzia\u0142 Katechetyczny Kurii Diecezjalnej w Opolu."},{"language":"en","value":"Kuria Diecezjalna (Opole)."},{"language":"en","value":"Sekcja Sta\u0142ej Formacji Kap\u0142a\u0144skiej Komisji Duchowie\u0144stwa Episkopatu Polski."},{"language":"en","value":"Rada do Spraw Kultury i Ochrony Dziedzictwa Kulturalnego Konferencji Episkopatu Polski."},{"language":"en","value":"Rada Episkopatu Polski ds. Kultury i Ochrony Dziedzictwa Kulturalnego."},{"language":"en","value":"Komisja Katechetyczna Episkopatu Polski."},{"language":"en","value":"Diecezja Bydgoska."},{"language":"en","value":"Wydzia\u0142 Duszpasterski Kurii Diecezjalnej w Bydgoszczy"},{"language":"en","value":"Konsystorz Metropolitalny Mohilewski."}],"pl":[{"language":"pl","value":"Ko\u015bci\u00f3\u0142 Katolicki."},{"language":"pl","value":"Apostolischer Visitator f\u00fcr Priester und Gl\u00e4ubigen aus dem Erzbistum Breslau."},{"language":"pl","value":"Apostolischer Visitator Breslau."},{"language":"pl","value":"Apostolischer Visitator der Katholiken des Erzbistum Breslau."},{"language":"pl","value":"Visitator f\u00fcr Breslau - Branitz -  Glatz."},{"language":"pl","value":"Kuria Biskupia Warszawsko-Praska."},{"language":"pl","value":"Kuria Diecezjalna Warszawsko-Praska."},{"language":"pl","value":"Wydzia\u0142 Misyjny Kurii Biskupiej Warszawsko-Praskiej."},{"language":"pl","value":"Wydzia\u0142 Misyjny Kurii Diecezjalnej Warszawsko-Praskiej."},{"language":"pl","value":"Kuria Warszawsko-Praska."},{"language":"pl","value":"Kuria Metropolitalna w Krakowie."},{"language":"pl","value":"Wydzia\u0142 Duszpasterstwa Rodzin Kurii Metropolitalnej w Krakowie."},{"language":"pl","value":"Archidiecezjalna Komisja Liturgiczna Archidiecezji Warmi\u0144skiej"},{"language":"pl","value":"Komisja Liturgiczna Archidiecezji Warmi\u0144skiej"},{"language":"pl","value":"Duszpasterstwo Rodzin Kurii Diecezjalnej Kieleckiej."},{"language":"pl","value":"Kuria Diecezjalna w Kielcach."},{"language":"pl","value":"Wydzia\u0142 Duszpasterstwa Rodzin Kurii Diecezjalnej Kieleckiej."},{"language":"pl","value":"Wsp\u00f3lnoty \u017bywego R\u00f3\u017ca\u0144ca Diecezji Toru\u0144skiej."},{"language":"pl","value":"Wydzia\u0142 Duszpasterstwa Dzieci i M\u0142odzie\u017cy Kurii Metropolitalnej w Krakowie."},{"language":"pl","value":"Referat Katechetyczny Kurii Diecezjalnej w Kielcach."},{"language":"pl","value":"Centrum Formacyjno-Edukacyjne Diecezji Gliwickiej."},{"language":"pl","value":"Ecclesia Catholica."},{"language":"pl","value":"Kuria Diecezjalna w Opolu."},{"language":"pl","value":"Kuria Biskupia w Opolu."},{"language":"pl","value":"Wydzia\u0142 Duszpasterski Kurii Diecezjalnej w Opolu."},{"language":"pl","value":"Congregatio pro Episcopis."},{"language":"pl","value":"Kongregacja Biskup\u00f3w."},{"language":"pl","value":"Kongregacja ds. Biskup\u00f3w."},{"language":"pl","value":"Kongregacja dla Biskup\u00f3w."},{"language":"pl","value":"Congregation for Bishops."},{"language":"pl","value":"Sacra Congregatio pro Episcopis."},{"language":"pl","value":"Congregazione per i Vescovi."},{"language":"pl","value":"Kongregacja do spraw Biskup\u00f3w."},{"language":"pl","value":"S. Congregatio pro Episcopis."},{"language":"pl","value":"Congr\u00e9gation pour les \u00e9v\u00eaques."},{"language":"pl","value":"Wydzia\u0142 Katechizacji i Szk\u00f3\u0142 Katolickich Kurii Metropolitalnej w Gnie\u017anie."},{"language":"pl","value":"Kuria Metropolitalna w Gnie\u017anie."},{"language":"pl","value":"Bistum Merseburg."},{"language":"pl","value":"Merseburger Domkapitel."},{"language":"pl","value":"Domkapitel Merseburg."},{"language":"pl","value":"Konferencja Episkopatu Polski."},{"language":"pl","value":"Episkopat Polski."},{"language":"pl","value":"Komisja Episkopatu do Spraw Duszpasterstwa Akademickiego."},{"language":"pl","value":"Komisja Episkopatu Polski do Spraw Duszpasterstwa Akademickiego."},{"language":"pl","value":"Komisja Episkopatu Polski Duszpasterstwa Akademickiego."},{"language":"pl","value":"Komisja Episkopatu ds. Duszpasterstwa Akademickiego."},{"language":"pl","value":"Komisja Episkopatu Duszpasterstwa Akademickiego."},{"language":"pl","value":"Rada Spo\u0142eczna przy Prymasie Polski."},{"language":"pl","value":"Wydzia\u0142 Duszpasterstwa Charytatywnego Kurii Metropolitalnej w Krakowie."},{"language":"pl","value":"Kuria Diecezjalna Zielonog\u00f3rsko-Gorzowska."},{"language":"pl","value":"Kuria Diecezji Zielonog\u00f3rsko-Gorzowskiej."},{"language":"pl","value":"Kuria Metropolitalna (Gniezno)."},{"language":"pl","value":"Wydzia\u0142 Katechetyczny Kurii Metropolitalnej w Gnie\u017anie."},{"language":"pl","value":"Synod Archidiecezji Krakowskiej."},{"language":"pl","value":"Synodus Archidiecensis Cracoviensis."},{"language":"pl","value":"Synod Krakowski."},{"language":"pl","value":"Sekretariat Krajowy Papieskiej Unii Misyjnej."},{"language":"pl","value":"Dyrekcja Archidiecezjalna Zwi\u0105zk\u00f3w Misyjnych (Warszawa)."},{"language":"pl","value":"Rada Konferencji Episkopatu Polski ds. Apostolstwa \u015awieckich."},{"language":"pl","value":"Konferencja Episkopatu Polski Rada ds. Apostolstwa \u015awieckich."},{"language":"pl","value":"Referat ds. M\u0142odzie\u017cy Kurii Metropolitalnej w Gnie\u017anie."},{"language":"pl","value":"Referat ds. M\u0142odzie\u017cy przy Kurii Metropolitalnej w Gnie\u017anie."},{"language":"pl","value":"Kapitu\u0142a Kruszwicka."},{"language":"pl","value":"Kapitu\u0142a Kolegiacka przy Bazylice \u015aw. Aposto\u0142\u00f3w Piotra i Paw\u0142a w Kruszwicy."},{"language":"pl","value":"Wydzia\u0142 Duszpasterstwa Kurii Diecezjalnej w Lublinie"},{"language":"pl","value":"Concilium Provinciale Moguntinum"},{"language":"pl","value":"Kuria Diecezjalna w P\u0142ocku."},{"language":"pl","value":"Wydzia\u0142 Katechetyczny Kurii Diecezjalnej P\u0142ockiej."},{"language":"pl","value":"Kuria Metropolitalna Szczeci\u0144sko-Kamie\u0144ska."},{"language":"pl","value":"Dekanat Olkuski."},{"language":"pl","value":"Dekanat Kalwaryjski."},{"language":"pl","value":"Wydzia\u0142 Nauki i Wychowania Katolickiego Kurii Diecezjalnej w Zamo\u015bciu."},{"language":"pl","value":"Kuria Diecezjalna Zamojsko-Lubaczowska w Zamo\u015bciu."},{"language":"pl","value":"Wile\u0144ski Rzymsko-Katolicki Konsystorz."},{"language":"pl","value":"Wile\u0144ski Rzymsko-Katolicki Konsystorz Rz\u0105dz\u0105cy Dyecezy\u0105."},{"language":"pl","value":"Wilenski Rzymsko-Katolicki Konsystorz Rz\u0105dz\u0105cy Dyecezy\u0105."},{"language":"pl","value":"Archidiecezja Katowicka."},{"language":"pl","value":"Duszpasterstwo Rodzin Archidiecezji Katowickiej."},{"language":"pl","value":"Kuria Diecezjalna Warmi\u0144ska."},{"language":"pl","value":"Kuria Biskupia Warmi\u0144ska."},{"language":"pl","value":"Kuria Diecezjalna w Olsztynie."},{"language":"pl","value":"Kuria Biskupia Warmi\u0144ska w Olsztynie."},{"language":"pl","value":"Diecezjalna Komisja Liturgiczna w Siedlacach."},{"language":"pl","value":"Komisja Episkopatu Polski do Spraw Duszpasterstwa M\u0142odzie\u017cy."},{"language":"pl","value":"KE ds. DM."},{"language":"pl","value":"Kapitu\u0142a Metropolitalna Katowicka."},{"language":"pl","value":"Capitulum Metropolitanum Katovicense."},{"language":"pl","value":"Sekretariat Misyjny Kurii Metropolitalnej w Krakowie."},{"language":"pl","value":"Sekretariat Misyjny Archidiecezji Krakowskiej."},{"language":"pl","value":"Referat Duszpasterstwa Rodzin Kurii Metropolitalnej w Gnie\u017anie."},{"language":"pl","value":"Referat Rodzin Kurii Metropolitalnej w Gnie\u017anie."},{"language":"pl","value":"Wydzia\u0142 Wychowania Katolickiego Kurii Metropolitalnej Szczeci\u0144sko-Kamie\u0144skiej."},{"language":"pl","value":"Capitulum Cathedrale Varsaviense."},{"language":"pl","value":"Kapitu\u0142a Katedralna Archidiecezji Warszawskiej."},{"language":"pl","value":"Sacra Concregazione per il Clero."},{"language":"pl","value":"Kongregacja do spraw Duchowie\u0144stwa."},{"language":"pl","value":"Zesp\u00f3\u0142 Konferencji Episkopatu Polski do Spraw Nowej Ewangelizacji."},{"language":"pl","value":"Magyar Katolikus P\u00fcsp\u00f6ki Kar."},{"language":"pl","value":"Kuria Diecezjalna we W\u0142oc\u0142awku."},{"language":"pl","value":"Wydzia\u0142 Duszpasterstwa Og\u00f3lnego Kurii Diecezjalnej we W\u0142oc\u0142awku."},{"language":"pl","value":"Wydzia\u0142 Duszpasterstwa Og\u00f3lnego Kurii Diecezjalnej W\u0142oc\u0142awskiej."},{"language":"pl","value":"Synod Diecezji Przemyskiej"},{"language":"pl","value":"Synodus dioecesana Premisliensis"},{"language":"pl","value":"Wydzia\u0142 Koordynacji Duszpasterstwa Kurii Metropolitalnej w Krakowie."},{"language":"pl","value":"Komisja Episkopatu do Spraw Nauki Katolickiej."},{"language":"pl","value":"Komisja do Spraw Nauki Katolickiej."},{"language":"pl","value":"Rada ds. Duszpasterstwa M\u0142odzie\u017cy."},{"language":"pl","value":"Zesp\u00f3\u0142 Ekspert\u00f3w KEP ds. Bioetycznych."},{"language":"pl","value":"Zesp\u00f3\u0142 Ekspert\u00f3w KEP do spraw Bioetycznych."},{"language":"pl","value":"Diecezja Bielsko-\u017bywiecka."},{"language":"pl","value":"Duszpasterstwo Wsp\u00f3lnot Intronizacyjnych Jezusa Chrystusa Kr\u00f3la Diecezji Bielsko-\u017bywieckiej"},{"language":"pl","value":"Wydzia\u0142 Duszpasterstwa Rodzin Kurii Diecezjalnej Toru\u0144skiej."},{"language":"pl","value":"Kuria Diecezjalna Toru\u0144ska."},{"language":"pl","value":"Kuria Diecezjalna w Toruniu."},{"language":"pl","value":"Krajowa Konferencja Biskup\u00f3w Katolickich."},{"language":"pl","value":"Komisja do spraw \u017bycia i Pos\u0142ugi Kap\u0142an\u00f3w przy Krajowej Konferencji Biskup\u00f3w Katolickich."},{"language":"pl","value":"Rada Naukowa Konferencji Episkopatu Polski."},{"language":"pl","value":"Rada Naukowa Episkopatu Polski."},{"language":"pl","value":"Odnowa w Duchu \u015awi\u0119tym Diecezji Rzeszowskiej"},{"language":"pl","value":"Archidiecezja Pozna\u0144ska."},{"language":"pl","value":"Kapitu\u0142a Kolegiacka."},{"language":"pl","value":"Podkomisja Episkopatu d/s Duszpasterstwa Kobiet."},{"language":"pl","value":"Papieski Komitet Obchod\u00f3w Wielkiego Jubileuszu 2000."},{"language":"pl","value":"Papieski Komitet Obchod\u00f3w Jubileuszu Roku 2000."},{"language":"pl","value":"Comitato centrale del Grande Giubileo dell'Anno Santo 2000."},{"language":"pl","value":"G\u0142\u00f3wny Komitet Obchod\u00f3w Wielkiego Jubileuszu Roku 2000."},{"language":"pl","value":"Komitet Obchod\u00f3w Wielkiego Jubileuszu Roku 2000."},{"language":"pl","value":"Komitet Wielkiego Jubileuszu Roku 2000."},{"language":"pl","value":"Comitato del Grande Giubileo dell'Anno 2000."},{"language":"pl","value":"Comit\u00e9 Central du Grand Jubil\u00e9 de l'An 2000."},{"language":"pl","value":"Comit\u00e9 Pontifical du Grand Jubil\u00e9 de l'An 2000."},{"language":"pl","value":"Central Committee for the Holy Year."},{"language":"pl","value":"Comitato Centrale per l'Anno Santo."},{"language":"pl","value":"Komitet G\u0142\u00f3wny Wielkiego Jubileuszu Roku 2000."},{"language":"pl","value":"Committee for the Great Jubilee of the Year 2000."},{"language":"pl","value":"Archidiecezja Chicago."},{"language":"pl","value":"Archidiecezja w Chicago."},{"language":"pl","value":"Catholic Church."},{"language":"pl","value":"Archidioecese of Chicago."},{"language":"pl","value":"Rimo-katolic'ka Luc'ka D\u00ececez\u00ec\u00e2"},{"language":"pl","value":"Rzymskokatolicka Diecezja \u0141ucka"},{"language":"pl","value":"Rimo-katolic'ka Cerkva v Ukra\u00efn\u00ec."},{"language":"pl","value":"Kuria Metropolitalna w Poznaniu."},{"language":"pl","value":"Referat Katechetyczny Kurii Metropolitalnej w Poznaniu"},{"language":"pl","value":"Rada Ruch\u00f3w i Stowarzysze\u0144 Katolickich Archidiecezji Pozna\u0144skiej"},{"language":"pl","value":"Archidiecezja Krakowska."},{"language":"pl","value":"Archidiecezjalna Szko\u0142a Organistowska."},{"language":"pl","value":"Kuria Diecezjalna w Legnicy."},{"language":"pl","value":"Referat Katechetyczny Legnickiej Kurii Biskupiej."},{"language":"pl","value":"Der Apostolische Visitator Ermland"},{"language":"pl","value":"Der Apost. Visitator Ermland"},{"language":"pl","value":"Diecezja Zielonog\u00f3rsko-Gorzowska."},{"language":"pl","value":"Wydzia\u0142 Nauki Katolickiej Diecezji Zielonog\u00f3rsko-Gorzowskiej."},{"language":"pl","value":"WNK Kurii Biskupiej Diecezji Zielonog\u00f3rsko-Gorzowskiej."},{"language":"pl","value":"Wydzia\u0142 Nauki Katolickiej Kurii Biskupiej Diecezji Zielonog\u00f3rsko-Gorzowskiej."},{"language":"pl","value":"Komisja Liturgiczna w Opolu."},{"language":"pl","value":"Diecezjalna Komisja Liturgiczna w Opolu."},{"language":"pl","value":"Diecezja \u015al\u0105ska Opolskiego."},{"language":"pl","value":"Komisja Episkopatu Polski do Spraw Duchowie\u0144stwa."},{"language":"pl","value":"Komisja Episkopatu do Spraw Duchowie\u0144stwa."},{"language":"pl","value":"Komisja Duchowie\u0144stwa Episkopatu Polski."},{"language":"pl","value":"Komisja Episkopatu ds. Duchowie\u0144stwa."},{"language":"pl","value":"Komisja Pielgrzymki Ojca Swi\u0119tego do Polski Konferencji Episkopatu Polski."},{"language":"pl","value":"Komisja Episkopatu Polski do Spraw Pielgrzymki Ojca \u015awi\u0119tego do Polski."},{"language":"pl","value":"Komisja Episkopatu Polski d/s Pielgrzymki Ojca \u015awi\u0119tego do Polski."},{"language":"pl","value":"Komisja Pielgrzymki Ojca \u015awi\u0119tego do Polski Episkopatu Polski."},{"language":"pl","value":"Archidiecezja Warszawska."},{"language":"pl","value":"Duszpasterstwo Rodzin Archidiecezji Warszawskiej."},{"language":"pl","value":"Archidiecezja Warmi\u0144ska."},{"language":"pl","value":"Conferenza Episcopale Toscana."},{"language":"pl","value":"Konferencja Biskup\u00f3w Toskanii."},{"language":"pl","value":"Chiesa Cattolica."},{"language":"pl","value":"Kuria Metropolitalna Archidiecezji Warmi\u0144skiej w Olsztynie."},{"language":"pl","value":"Wydzia\u0142 Nauki Katolickiej Kurii Metropolitalnej Archidiecezji Warmi\u0144skiej w Olsztynie."},{"language":"pl","value":"Wydzia\u0142 Nauki Katolickiej Kurii Metropolitalnej Warmi\u0144skiej."},{"language":"pl","value":"Wydzia\u0142 Nauki Katolickiej Kurii Biskupiej."},{"language":"pl","value":"Archidiecezjalna Komisja Liturgiczna."},{"language":"pl","value":"Komisja Liturgiczna Archidiecezji Katowickiej."},{"language":"pl","value":"Ufficio delle Celebrazioni Liturgiche del Sommo Pontefice"},{"language":"pl","value":"Officium de Liturgicis Celebrationibus Summi Pontificis"},{"language":"pl","value":"National Conference of Catholic Bishops."},{"language":"pl","value":"NCCB."},{"language":"pl","value":"Archidiecezjalna Komisja ds. Muzyki Ko\u015bcielnej."},{"language":"pl","value":"Archidiecezjalna Komisja Muzyki Ko\u015bcielnej."},{"language":"pl","value":"Komisja ds. Muzyki Ko\u015bcielnej Archidiecezji Krakowskiej."},{"language":"pl","value":"Archidiecezjalna Komisja Muzyki Ko\u015bcielnej Kurii Metropolitalnej w Krakowie."},{"language":"pl","value":"Komisja Muzyczna Archidiecezji Krakowskiej."},{"language":"pl","value":"Komisja Muzyki Ko\u015bcielnej."},{"language":"pl","value":"Pontificalia Opera Missionalia."},{"language":"pl","value":"Papieskie Dzie\u0142o \u015bw. Piotra Aposto\u0142a w Polsce."},{"language":"pl","value":"Pontificium Opus Missionale a Sancto Petro Apostolo."},{"language":"pl","value":"PDPA."},{"language":"pl","value":"Dekanat Rzepi\u0144ski."},{"language":"pl","value":"Der Visitator Ermland"},{"language":"pl","value":"Kapitularvikar von Ermland"},{"language":"pl","value":"Wydzia\u0142 Katechetyczny Kurii Diecezjalnej W\u0142oc\u0142awskiej."},{"language":"pl","value":"Visitator f\u00fcr Breslau und Branitz."},{"language":"pl","value":"Visitatur Breslau und Branitz."},{"language":"pl","value":"Wydzia\u0142 Katechetyczny Kurii Arcybiskupiej w \u0141odzi."},{"language":"pl","value":"Kuria Arcybiskupia (\u0141\u00f3d\u017a)."},{"language":"pl","value":"Wydzia\u0142 Katechetyczny Kurii Archidiecezji \u0141\u00f3dzkiej."},{"language":"pl","value":"Wydzia\u0142 Katechetyczny Kurii Metropolitalnej \u0141\u00f3dzkiej."},{"language":"pl","value":"Kuria Arcybiskupia w Lubaczowie"},{"language":"pl","value":"Kuria Arcybiskupia (Lubacz\u00f3w)"},{"language":"pl","value":"Kuria Metropolitalna (Krak\u00f3w)."},{"language":"pl","value":"Komisja Liturgiczna Pielgrzymki Jana Paw\u0142a II."},{"language":"pl","value":"Komisja Liturgiczna Komitetu Pielgrzymkowego."},{"language":"pl","value":"Wydzia\u0142 Duszpasterstwa Kurii Metropolitalnej w Bia\u0142ymstoku."},{"language":"pl","value":"Wydzia\u0142 Duszpasterstwa Kurii Metropolitalnej Bia\u0142ostockiej."},{"language":"pl","value":"Kuria Metropolitalna Bia\u0142ostocka."},{"language":"pl","value":"Kuria Metropolitalna w Bia\u0142ymstoku."},{"language":"pl","value":"Centrum Informacyjne Archidiecezji Gda\u0144skiej."},{"language":"pl","value":"Referat Misyjny Kurii Metropolitalnej w Gnie\u017anie."},{"language":"pl","value":"Rada Duszpasterska Archidiecezji Pozna\u0144skiej."},{"language":"pl","value":"Kapitu\u0142a Katedralna w Sandomierzu."},{"language":"pl","value":"Archiwum Kapitu\u0142y Katedralnej w Sandomierzu."},{"language":"pl","value":"Archiwum Kapitu\u0142y Katedralnej Sandomierskiej."},{"language":"pl","value":"Archidiecezjalna Komisja ds. Liturgii i Duszpasterstwa Liturgicznego."},{"language":"pl","value":"Commissio Liturgica Cracoviensis."},{"language":"pl","value":"Komisja Liturgiczna."},{"language":"pl","value":"Commissione Liturgica."},{"language":"pl","value":"Komisja Liturgiczna Archidiecezji Krakowskiej."},{"language":"pl","value":"Referat ds. Dialogu Mi\u0119dzyreligijnego Archidiecezji Pozna\u0144skiej."},{"language":"pl","value":"Ermlandfamilie."},{"language":"pl","value":"Wydzia\u0142 Katechetyczny Kurii Diecezjalnej w Opolu."},{"language":"pl","value":"Kuria Diecezjalna (Opole)."},{"language":"pl","value":"Sekcja Sta\u0142ej Formacji Kap\u0142a\u0144skiej Komisji Duchowie\u0144stwa Episkopatu Polski."},{"language":"pl","value":"Rada do Spraw Kultury i Ochrony Dziedzictwa Kulturalnego Konferencji Episkopatu Polski."},{"language":"pl","value":"Rada Episkopatu Polski ds. Kultury i Ochrony Dziedzictwa Kulturalnego."},{"language":"pl","value":"Komisja Katechetyczna Episkopatu Polski."},{"language":"pl","value":"Diecezja Bydgoska."},{"language":"pl","value":"Wydzia\u0142 Duszpasterski Kurii Diecezjalnej w Bydgoszczy"},{"language":"pl","value":"Konsystorz Metropolitalny Mohilewski."}]},"claims":{"P21":[{"mainsnak":{"snaktype":"value","property":"P21","hash":"f5d3781bd124082d59b00043aa4991980eca832b","datavalue":{"value":"a0000002125727","type":"string"},"datatype":"string"},"type":"statement","id":"Q6175$1D2E5134-D0B8-4B33-9FC2-58732EB60AF7","rank":"normal"}],"P20":[{"mainsnak":{"snaktype":"value","property":"P20","hash":"4c369fb724b1017be6a4ce6ceea13846ede04e8a","datavalue":{"value":"https://viaf.org/viaf/166075112","type":"string"},"datatype":"string"},"type":"statement","id":"Q6175$A34FFA0E-7AC9-41D8-BC4E-7C8F815A4BDC","rank":"normal"}],"P9":[{"mainsnak":{"snaktype":"value","property":"P9","hash":"f92278a4f6272b2bffde8cd03b35a04ffc458b7c","datavalue":{"value":{"entity-type":"item","numeric-id":2010009,"id":"Q2010009"},"type":"wikibase-entityid"},"datatype":"wikibase-item"},"type":"statement","id":"Q6175$795C4DF2-1180-4AA1-9E60-D41FDC1FCEA0","rank":"normal"}],"P6":[{"mainsnak":{"snaktype":"value","property":"P6","hash":"9a8d653d91c05a0e1e1ae46d37d0b7f291c3ecc0","datavalue":{"value":"P55124T15152","type":"string"},"datatype":"string"},"type":"statement","id":"Q6175$BB1CBE0B-AEEE-40FD-B009-4C907C3FEDFD","rank":"normal"}]},"sitelinks":{}}}}