{"entities":{"Q8251":{"pageid":8256,"ns":120,"title":"Item:Q8251","lastrevid":6826764,"modified":"2023-12-15T23:32:18Z","type":"item","id":"Q8251","labels":{"en":{"language":"en","value":"Niezale\u017cny Samorz\u0105dny Zwi\u0105zek Zawodowy \"Solidarno\u015b\u0107\"."},"pl":{"language":"pl","value":"Niezale\u017cny Samorz\u0105dny Zwi\u0105zek Zawodowy \"Solidarno\u015b\u0107\"."}},"descriptions":{},"aliases":{"en":[{"language":"en","value":"Niezale\u017cny Samorz\u0105dny Zwi\u0105zek Zawodowy \"Solidarno\u015b\u0107\"."},{"language":"en","value":"Regionalny Komitet Strajkowy NSZZ \"Solidarno\u015b\u0107\" Region \u015arodkowo-Wschodni z siedzib\u0105 w FSC."},{"language":"en","value":"RKS NSZZ \"Solidarno\u015b\u0107\" R\u015a-W FSC."},{"language":"en","value":"Regionalna Komisja Porozumiewawcza Pracownik\u00f3w Poligrafii NSZZ \"Solidarno\u015b\u0107\""},{"language":"en","value":"Biuro Prasowe Zarz\u0105du Regionu NSZZ \"Solidarno\u015b\u0107\" Pomorza Zachodniego w Szczecinie"},{"language":"en","value":"Biuro Prasowe MKO NSZZ \"S\" Szczecin"},{"language":"en","value":"Biuro Prasowe Mi\u0119dzyzak\u0142adowego Komitetu Organizacyjnego NSZZ \"Solidarno\u015b\u0107\" Szczecin"},{"language":"en","value":"Biuro Prasowe Mi\u0119dzyzak\u0142adowego Komitetu Organizacyjnego NSZZ \"Solidarno\u015b\u0107\" Regionu Pomorza Zachodniego w Szczecinie"},{"language":"en","value":"TKZ NSZZ \"Solidarno\u015b\u0107\" PZL-\"Hydral\"."},{"language":"en","value":"Tymczasowa Komisja Zak\u0142adowa \"Solidarno\u015b\u0107\" PZL-\"Hydral\"."},{"language":"en","value":"Mi\u0119dzyzak\u0142adowe Porozumienie \"Solidarno\u015bci\" \"Unia\"."},{"language":"en","value":"Mi\u0119dzyzak\u0142adowe Porozumienie \"Solidarno\u015bci\" \"Unia\" NSZZ \"Solidarno\u015b\u0107\"."},{"language":"en","value":"MPS \"Unia\"."},{"language":"en","value":"\"Unia\",  Mi\u0119dzyzak\u0142adowe Porozumienie \"Solidarno\u015bci\"."},{"language":"en","value":"NSZZ \"Solidarno\u015b\u0107\"."},{"language":"en","value":"Regionalny Komitet Strajkowy NSZZ \"Solidarno\u015b\u0107\" w Gorzowie Wlkopolskim."},{"language":"en","value":"Regionalny Komitet Strajkowy NSZZ \"Solidarno\u015b\u0107\" w Gorzowie Wlkp."},{"language":"en","value":"Regionalny Komitet Strajkowy w Gorzowie Wlkp."},{"language":"en","value":"Obwodowy Komitet Obywatelski NSZZ \"Solidarno\u015b\u0107\" dla Dzielnic Rak\u00f3w, B\u0142eszno, Ostatni Grosz."},{"language":"en","value":"Obwodowy Komitet Obywatelski \"Solidarno\u015b\u0107\" dla Dzielnic Rak\u00f3w, B\u0142eszno, Ostatni Grosz."},{"language":"en","value":"Tymczasowa Komisja Zak\u0142adowa NSZZ \"Solidarno\u015b\u0107\" Zak\u0142ad\u00f3w Mechanicznych \"Gorz\u00f3w\" w Gorzowie Wielkopolskim."},{"language":"en","value":"TKZ NSZZ \"Solidarno\u015b\u0107\" ZMG."},{"language":"en","value":"Komitet Obywatelski \"Solidarno\u015b\u0107\" (Ko\u017cuch\u00f3w)."},{"language":"en","value":"Komitet Obywatelski \"Solidarno\u015b\u0107\" w Ko\u017cuchowie."},{"language":"en","value":"Solidarno\u015b\u0107."},{"language":"en","value":"KO \"S\" w Ko\u017cuchowie."},{"language":"en","value":"MKZ NSZZ \"Solidarno\u015b\u0107\" Woj. Jeleniog\u00f3rskiego."},{"language":"en","value":"Mi\u0119dzyzak\u0142adowy Komitet Za\u0142o\u017cycielski NSZZ \"Solidarno\u015b\u0107\" Woj. Jeleniog\u00f3rskiego."},{"language":"en","value":"MKZ NSZZ \"Solidarno\u015b\u0107\" Wojew\u00f3dztwa Jeleniog\u00f3rskiego."},{"language":"en","value":"Zarz\u0105d Regionu Ziemi \u0141\u00f3dzkiej NSZZ \"Solidarno\u015b\u0107\"."},{"language":"en","value":"NSZZ \"Solidarno\u015b\u0107\" Zarz\u0105d Regionalny Ziemi \u0141\u00f3dzkiej."},{"language":"en","value":"Zarz\u0105d Regionalny NSZZ \"Solidarno\u015b\u0107\" Ziemi \u0141\u00f3dzkiej."},{"language":"en","value":"Mi\u0119dzyzak\u0142adowy Komitet Za\u0142o\u017cycielski NSZZ \"Solidarno\u015b\u0107\" (Ko\u0142obrzeg)."},{"language":"en","value":"MKZ NSZZ \"Solidarno\u015b\u0107\" (Ko\u0142obrzeg)."},{"language":"en","value":"Komisja Zak\u0142adowa NSZZ \"Solidarno\u015b\u0107\" w Wy\u017cszej Szkole Pedagogicznej im. Jana Kochanowskiego w Kielcach."},{"language":"en","value":"Komisja Zak\u0142adowa NSZZ \"Solidarno\u015b\u0107\" przy WSP w Kielcach."},{"language":"en","value":"KZ NSZZ \"Solidarno\u015b\u0107\" WSP (Kielce)."},{"language":"en","value":"\"Solidarno\u015b\u0107\"."},{"language":"en","value":"Warszawski Komitet Obywatelski Praga-Po\u0142udnie."},{"language":"en","value":"Komitet Obywatelski Solidarno\u015bci Praga-Po\u0142udnie."},{"language":"en","value":"Warszawski Komitet Obywatelski \"Solidarno\u015b\u0107\" Praga-Po\u0142udnie."},{"language":"en","value":"OKORR - Region Dolny \u015al\u0105sk."},{"language":"en","value":"Og\u00f3lnopolski Komitet Oporu Rolnik\u00f3w i Robotnik\u00f3w."},{"language":"en","value":"\u017boliborski Komitet Obywatelski \"Solidarno\u015b\u0107\"."},{"language":"en","value":"\u017boliborski Komitet Obywatelski."},{"language":"en","value":"\u017boliborski Komitet Obywatelski \"S\"."},{"language":"en","value":"Komitet Obywatelski \"Solidarno\u015b\u0107\" Regionu Leszczy\u0144skiego."},{"language":"en","value":"Region Leszczy\u0144ski NSZZ \"Solidarno\u015b\u0107\"."},{"language":"en","value":"Komitet Obywatelski \"Solidarno\u015b\u0107\" (Warszawa - Mokot\u00f3w)."},{"language":"en","value":"KO \"Solidarno\u015b\u0107\" (Warszawa - Mokot\u00f3w)."},{"language":"en","value":"Biuro Informacyjne NSZZ  \"Solidarno\u015b\u0107\" Wroc\u0142aw."},{"language":"en","value":"Sekcja Informacji MKR Rzesz\u00f3w."},{"language":"en","value":"Sekcja Informacji MKR \"Solidarno\u015b\u0107\" Rzesz\u00f3w."},{"language":"en","value":"Sekcja Informacji MKR NSZZ \"Solidarno\u015b\u0107\" Rzesz\u00f3w."},{"language":"en","value":"KO \"Solidarno\u015b\u0107\" (Kock)."},{"language":"en","value":"Komitet Obywatelski  NSZZ \"Solidarno\u015b\u0107\" (Kock)."},{"language":"en","value":"Komitet Obywatelski M. i G. Kock."},{"language":"en","value":"Komitet Obywatelski Miasta i Gminy Kock."},{"language":"en","value":"Komitet Obywatelski \"Solidarno\u015b\u0107\" (Wola)."},{"language":"en","value":"Komitet Obywatelski \"Solidarno\u015b\u0107\" Wola."},{"language":"en","value":"KO \"S\" Wola."},{"language":"en","value":"Mi\u0119dzyzak\u0142adowy Komitet Za\u0142o\u017cycielski NSZZ \"Solidarno\u015b\u0107\" Region Mazowsze Oddzia\u0142 Siedlce."},{"language":"en","value":"Oddzia\u0142 Siedlce Mi\u0119dzyzak\u0142adowego Komitetu Za\u0142o\u017cycielskiego NSZZ \"Solidarno\u015b\u0107\" Region Mazowsze."},{"language":"en","value":"MKZ NSZZ \"Solidarno\u015b\u0107\" Region Mazowsze Oddz. Siedlce."},{"language":"en","value":"MKZ NSZZ \"Solidarno\u015b\u0107\" Region Mazowsze Oddzia\u0142 w Siedlcach."},{"language":"en","value":"Dzia\u0142 Prasowy Biura Krajowego NSZZ \"Solidarno\u015b\u0107\"."},{"language":"en","value":"Biuro Rzecznika Prasowego MKZ NSZZ \"Solidarno\u015b\u0107\"."},{"language":"en","value":"Mi\u0119dzyzak\u0142adowa Komisja Zwi\u0105zkowa NSZZ \"Solidarno\u015b\u0107\" KWK \"So\u015bnica\"."},{"language":"en","value":"TKZ NSZZ \"Solidarno\u015b\u0107\" Huta Katowice."},{"language":"en","value":"TKZ Huta Katowice."},{"language":"en","value":"Komisja Zak\u0142adowa NSZZ \"Solidarno\u015b\u0107\" Huta Katowice."},{"language":"en","value":"KZ NSZZ \"Solidarno\u015b\u0107\" H. Katowice."},{"language":"en","value":"Komisja Zak\u0142adowa NSZZ \"Solidarno\u015b\u0107\" K.M. Huta Katowice."},{"language":"en","value":"KZ NSZZ \"Solidarno\u015b\u0107\" Huty Katowice."},{"language":"en","value":"Gminny Komitet Obywatelski \"Solidarno\u015b\u0107\" w Jonkowie."},{"language":"en","value":"GKO \"S\"."},{"language":"en","value":"Komitet Obywatelski \"Solidarno\u015b\u0107\" w Jonkowie."},{"language":"en","value":"Mi\u0119dzyzak\u0142adowy Komitet Za\u0142o\u017cycielski NSZZ \"Solidarno\u015b\u0107\" w Nysie."},{"language":"en","value":"MKZ NSZZ \"Solidarno\u015b\u0107\" w Nysie."},{"language":"en","value":"Rada Programowa NSZZ \"Solidarno\u015b\u0107\" Region \u015al\u0105sko-D\u0105browski."},{"language":"en","value":"RP NSZZ \"Solidarno\u015b\u0107\" Regionu \u015al\u0105sko-D\u0105browskiego."},{"language":"en","value":"MKS NSZZ \"Solidarno\u015b\u0107\" Woj. Jeleniog\u00f3rskiego."},{"language":"en","value":"Mi\u0119dzyzak\u0142adowy Komitet Strajkowy Wojew\u00f3dztwa Jeleniog\u00f3rskiego."},{"language":"en","value":"Biuro Prasowe Zarz\u0105du Regionu NSZZ \"Solidarno\u015b\u0107\" Dolny \u015al\u0105sk"},{"language":"en","value":"Biuro Prasowe ZR NSZZ \"S\" Dolny \u015al\u0105sk"},{"language":"en","value":"Zarz\u0105d Regionu NSZZ \"Solidarno\u015b\u0107\" Dolny \u015al\u0105sk."},{"language":"en","value":"Region Dolny \u015al\u0105sk NSZZ \"Solidarno\u015b\u0107\"."},{"language":"en","value":"Komitet Obywatelski w Pcimiu."},{"language":"en","value":"Komitet Obywatelski \"Solidarno\u015b\u0107\" w Pcimiu."},{"language":"en","value":"Komisja Mi\u0119dzyzak\u0142adowa NSZZ \"Solidarno\u015b\u0107\" w S\u0142upsku."},{"language":"en","value":"Mi\u0119dzyzak\u0142adowa Komisja NSZZ \"Solidarno\u015b\u0107\"(S\u0142upsk)."},{"language":"en","value":"Mi\u0119dzyzak\u0142adowa Komisja NSZZ \"Solidarno\u015b\u0107\" w S\u0142upsku."},{"language":"en","value":"NSZZ \"Solidarno\u015b\u0107\" MKZ Tarn. G\u00f3ry."},{"language":"en","value":"Mi\u0119dzyzak\u0142adowa Komisja Za\u0142o\u017cycielska NSZZ \"Solidarno\u015b\u0107\" (Tarnowskie G\u00f3ry)."},{"language":"en","value":"Komitet Obywatelski \"Solidarno\u015b\u0107\" (G\u00f3ra Kalwaria)"},{"language":"en","value":"Mi\u0119dzyzak\u0142adowy Komitet Za\u0142o\u017cycielski Niezale\u017cnych Samorz\u0105dnych Zwi\u0105zk\u00f3w Zawodowych \"Solidarno\u015b\u0107\" w Zamo\u015bciu."},{"language":"en","value":"MKZ NSZZ \u201eSolidarno\u015b\u0107\" w Zamo\u015bciu."},{"language":"en","value":"Mi\u0119dzyzak\u0142adowy Komitet Za\u0142o\u017cycielski Niezale\u017cnego Samorz\u0105dnego Zwi\u0105zku Zawodowego \"Solidarno\u015b\u0107\" w Zamo\u015bciu."},{"language":"en","value":"Komisja Zak\u0142adowa NSZZ \"Solidarno\u015b\u0107\" (Krakowskie Zak\u0142ady Armatur)."},{"language":"en","value":"Komisja Zak\u0142adowa NSZZ \"Solidarno\u015b\u0107\" w KZA."},{"language":"en","value":"Trzcianecki Komitet Obywatelski."},{"language":"en","value":"Komitet Obywatelski Ziemi Trzcianeckiej."},{"language":"en","value":"K.O.\"S\"."},{"language":"en","value":"Prezydium Zarz\u0105du Regionu Pomorza Zachodniego NSZZ \"Solidarno\u015b\u0107\"."},{"language":"en","value":"Terenowa Komisja Koordynacyjna w Ostrowcu \u015aw. Region \u015awi\u0119tokrzyski."},{"language":"en","value":"Komitet Obywatelski \"Solidarno\u015b\u0107 (Puck)."},{"language":"en","value":"Mi\u0119dzyzak\u0142adowy Komitet \"S\" Pabianice."},{"language":"en","value":"Mi\u0119dzyzak\u0142adowy Komitet \"Solidarno\u015b\u0107\" Pabianice."},{"language":"en","value":"Komisja Samorz\u0105du Terytorialnego Komitetu Obywatelskiego przy Przewodnicz\u0105cym NSZZ \"Solidarno\u015b\u0107\"."},{"language":"en","value":"Komitet Obywatelski przy Przewodnicz\u0105cym NSZZ \"Solidarno\u015b\u0107\"."},{"language":"en","value":"Komitet Obywatelski przy Przewodnicz\u0105cym NSZZ \"Solidarno\u015b\u0107\" Lechu Wa\u0142\u0119sie."},{"language":"en","value":"Warszawska Sekcja Gastronomii I Hotelarstwa NSZZ \"Solidarno\u015b\u0107\" Region Mazowsze."},{"language":"en","value":"Region Mazowsze NSZZ \"Solidarno\u015b\u0107\" Warszawska Sekcja Gastronomii I Hotelarstwa."},{"language":"en","value":"Zarz\u0105d Regionalny NSZZ \"Solidarno\u015b\u0107\" w Zielonej G\u00f3rze."},{"language":"en","value":"Komisja Regionalna Sekcji O\u015bwiaty i Wychowania w Olsztynie."},{"language":"en","value":"KR SOiW."},{"language":"en","value":"Komisja Regionalna Sekcji O\u015bwiaty i Wychowania NSZZ \"S\"."},{"language":"en","value":"KZ NSZZ Solidarno\u015b\u0107 przy ZSO \"Polam-Farel\"."},{"language":"en","value":"Komisja Zak\u0142adowa NSZZ \"Solidarno\u015b\u0107\" Zak\u0142ad\u00f3w Sprz\u0119tu O\u015bwietleniowego \"Polam-Farel\" w K\u0119trzynie."},{"language":"en","value":"Biuro Prasowe Komitetu Obywatelskiego we Wroc\u0142awiu Niezale\u017cnego Samorz\u0105dnego Zwi\u0105zku Zawodowego \"Solidarno\u015b\u0107\"."},{"language":"en","value":"Biuro Prasowe Komitetu Obywatelskiego NSZZ \"Solidarno\u015b\u0107\" we Wroc\u0142awiu."},{"language":"en","value":"TKZ \"Solidarno\u015b\u0107\" MPT (Warszawa)."},{"language":"en","value":"Tajna Komisja Zak\u0142adowa NSZZ \"Solidarno\u015b\u0107\" przy MPT Warszawa."},{"language":"en","value":"Komisja Zak\u0142adowa NSZZ \"Solidarno\u015b\u0107\" ATR."},{"language":"en","value":"Komisja Zak\u0142adowa NSZZ \"Solidarno\u015b\u0107\" (Akademia Techniczno-Rolnicza im. Jana i J\u0119drzeja \u015aniadeckich, Bydgoszcz)."},{"language":"en","value":"Komitet Obywatelski \"Solidarno\u015b\u0107\" Wojew\u00f3dztwa Zielonog\u00f3rskiego."},{"language":"en","value":"Kartuski Komitet Obywatelski."},{"language":"en","value":"Region P\u0142ock NSZZ \"Solidarno\u015b\u0107\""},{"language":"en","value":"\"Solidarno\u015b\u0107\" Regionu P\u0142ockiego"},{"language":"en","value":"NSZZ \"Solidarno\u015b\u0107\" Delegatura Regionu Pomorza Zachodniego w \u015awinouj\u015bciu."},{"language":"en","value":"NSZZ \"Solidarno\u015b\u0107\" DRPZ."},{"language":"en","value":"Regionalna Komisja Koordynacyjna NSZZ \"Solidarno\u015b\u0107\" Region Che\u0142m."},{"language":"en","value":"Region Che\u0142mski."},{"language":"en","value":"RKK NSZZ \"Solidarno\u015b\u0107\" RCh."},{"language":"en","value":"Komisja Zak\u0142adowa NSZZ \"Solidarno\u015b\u0107\" (Urz\u0105d Dzielnicy \u015ar\u00f3dmie\u015bcie m.st. Warszawy)"},{"language":"en","value":"Komisja Zak\u0142adowa NSZZ \"Solidarno\u015b\u0107\" przy U.D. \u015ar\u00f3dmie\u015bcie"},{"language":"en","value":"KZ NSZZ \"Solidarno\u015b\u0107\" U.D.\u015a."},{"language":"en","value":"Komisja Zak\u0142adowa NSZZ \"Solidarno\u015b\u0107\" przy Zak\u0142adach Wkl\u0119s\u0142odrukowych RSW \"Prasa\"."},{"language":"en","value":"Komisja Zak\u0142adowa NSZZ \"Solidarno\u015b\u0107\" przy WSI (Radom)."},{"language":"en","value":"Komitet Obywatelski \"Solidarno\u015b\u0107\" (Radzymin)."},{"language":"en","value":"Komitet Obywatelski \"Solidarno\u015b\u0107\" Miasta i Gminy Radzymin."},{"language":"en","value":"Krajowe Porozumienie Zak\u0142ad\u00f3w Pracy NSZZ \"Solidarno\u015b\u0107\"."},{"language":"en","value":"Krajowe Porozumienie Zak\u0142ad\u00f3w Pracy."},{"language":"en","value":"Mi\u0119dzyzak\u0142adowy Komitet Organizacyjny NSZZ \"Solidarno\u015b\u0107\" Regionu P\u0142ockiego"},{"language":"en","value":"MKO NSZZ \"Solidarno\u015b\u0107\" Regionu P\u0142ockiego"},{"language":"en","value":"Komisja Zak\u0142adowa Pracownik\u00f3w O\u015bwiaty i Wychowania Krak\u00f3w - \u015ar\u00f3dmie\u015bcie NSZZ \"Solidarno\u015b\u0107\""},{"language":"en","value":"Biuro Prasowe Krajowej Komisji Pracownik\u00f3w Filmu NSZZ \"Solidarno\u015b\u0107\" w Warszawie."},{"language":"en","value":"Krajowa Komisja Pracownik\u00f3w Filmu NSZZ \"Solidarno\u015b\u0107\"."},{"language":"en","value":"Komisja Zak\u0142adowa Pracownik\u00f3w O\u015bwiaty i Wychowania Wojew\u00f3dztwa Krakowskiego NSZZ \"Solidarno\u015b\u0107\""},{"language":"en","value":"Komisja Zak\u0142adowa NSZZ \"Solidarno\u015b\u0107\" Pracownik\u00f3w O\u015bwiaty i Wychowania Wojew\u00f3dztwa Krakowskiego"},{"language":"en","value":"Komisja Zak\u0142adowa NSZZ \"Solidarno\u015b\u0107\" (Fabryka Silnik\u00f3w Elektrycznych \"Ema-Tamel\", Tarn\u00f3w)"},{"language":"en","value":"Komisja Zak\u0142adowa NSZZ \"Solidarno\u015b\u0107\" przy FSE \"Ema-Tamel\" w Tarnowie"},{"language":"en","value":"KZ NSZZ \"Solidarno\u015b\u0107\" przy FSE \"Ema-Tamel\""},{"language":"en","value":"Komitet Obywatelski NSZZ \"Solidarno\u015b\u0107\" (Orneta)."},{"language":"en","value":"Komitet Obywatelski (Orneta)."},{"language":"en","value":"Tymczasowa Komisja Zak\u0142adowa NSZZ \"Solidarno\u015b\u0107\" (Kombinat Przemys\u0142owy Huta \"Stalowa Wola\")."},{"language":"en","value":"Tymczasowa Komisja Zak\u0142adowa NSZZ \"Solidarno\u015b\u0107\" Huty \"Stalowa Wola\"."},{"language":"en","value":"Tymczasowa Komisja Zak\u0142adowa NSZZ \"Solidarno\u015b\u0107\" Kombinat Hutniczy Stalowa Wola."},{"language":"en","value":"TKZ NSZZ \"Solidarno\u015b\u0107\" HSW."},{"language":"en","value":"Komitet Obywatelski \"Solidarno\u015b\u0107\" w O\u017carowie Maz."},{"language":"en","value":"Komitet Obywatelski \"Solidarno\u015b\u0107\" miasta i gminy O\u017car\u00f3w Mazowiecki."},{"language":"en","value":"Region \u015al\u0105ska Opolskiego NSZZ \"Solidarno\u015b\u0107\"."},{"language":"en","value":"Komisja Zak\u0142adowa Sekcji O\u015bwiaty i Wychowania NSZZ \"Solidarno\u015b\u0107\" Regionu \u015al\u0105ska Opolskiego."},{"language":"en","value":"Komisja Zak\u0142adowa Pracownik\u00f3w O\u015bwiaty i Wychowania w Opolu."},{"language":"en","value":"Komisja Przedsi\u0119biorstwa NSZZ \"Solidarno\u015b\u0107\" Zak\u0142ad\u00f3w Przemys\u0142u Tytoniowego w Krakowie."},{"language":"en","value":"Komisja Przedsi\u0119biorstwa NSZZ \"Solidarno\u015b\u0107\" Zak\u0142ad\u00f3w Przemys\u0142u Tytoniowego w Krakowie S.A."},{"language":"en","value":"Komisja Przedsi\u0119biorstwa NSZZ \"Solidarno\u015b\u0107\" przy Philip Morris Polska S.A."},{"language":"en","value":"Krajowa Komisja Koordynacyjna NSZZ \"Solidarno\u015b\u0107\" Pracownik\u00f3w Resortu \u0141\u0105czno\u015bci"},{"language":"en","value":"Komisja Koordynacyjna NSZZ \"Solidarno\u015b\u0107\" Pracownik\u00f3w \u0141\u0105czno\u015bci Region Mazowsze"},{"language":"en","value":"Komisja Koordynacyjna NSZZ \"Solidarno\u015b\u0107\" Pracownik\u00f3w Resortu \u0141\u0105czno\u015bci Region Mazowsze"},{"language":"en","value":"Miejski Komitet Oporu NSZZ \"Solidarno\u015b\u0107\" (Zabrze)."},{"language":"en","value":"MKO NSZZ \"Solidarno\u015b\u0107\" Zabrze."},{"language":"en","value":"Prezydium MKZ NSZZ \"Solidarno\u015b\u0107\" w Rzeszowie."},{"language":"en","value":"Prezydium Mi\u0119dzyzak\u0142adowego Komitetu Za\u0142o\u017cycielskiego NSZZ \"Solidarno\u015b\u0107\" w Rzeszowie."},{"language":"en","value":"MKS NSZZ \"Solidarno\u015b\u0107\" Regionu Podbeskidzie."},{"language":"en","value":"Mi\u0119dzyzak\u0142adowy Komitet Strajkowy NSZZ \"Solidarno\u015b\u0107\" Regionu Podbeskidzie."},{"language":"en","value":"Lokalny Komitet Obywatelski \"Solidarno\u015b\u0107\" (Mi\u0144sk Mazowiecki)."},{"language":"en","value":"LKO \"Solidarno\u015b\u0107\" (Mi\u0144sk Mazowiecki)."},{"language":"en","value":"Komisja Zak\u0142adowa NSZZ \"Solidarno\u015b\u0107\" (Man Star Trucks & Busses)."},{"language":"en","value":"Komisja Zak\u0142adowa NSZZ \"Solidarno\u015b\u0107\" (Star Trucks)."},{"language":"en","value":"Komitet Obywatelski \"Solidarno\u015b\u0107\" (Milan\u00f3wek)."},{"language":"en","value":"Komitet Obywatelski \"Solidarno\u015b\u0107\" w Milan\u00f3wku."},{"language":"en","value":"Komitet Obywatelski w Milan\u00f3wku."},{"language":"en","value":"Mi\u0119dzyzak\u0142adowy Komitet NSZZ \"Solidarno\u015b\u0107\" Region \u0141\u00f3dzki."},{"language":"en","value":"MK NSZZ \"Solidarno\u015b\u0107\" Region \u0141\u00f3dzki."},{"language":"en","value":"MK NZZS \"Solidarno\u015b\u0107\"."},{"language":"en","value":"Tymczasowa Komisja Regionalna NSZZ \"Solidarno\u015b\u0107\" w Bia\u0142ymstoku."},{"language":"en","value":"TKR NSZZ \"Solidarno\u015b\u0107\"."},{"language":"en","value":"Mi\u0119dzyzak\u0142adowy Komitet Robotniczy NSZZ \"Solidarno\u015b\u0107\" w Bia\u0142ymstoku."},{"language":"en","value":"MKR NSZZ \"Solidarno\u015b\u0107\" w Bia\u0142ymstoku."},{"language":"en","value":"TKZ NSZZ \"Solidarno\u015b\u0107\" przy Zak\u0142adach Naprawczych Taboru Kolejowego w Poznaniu."},{"language":"en","value":"TKZ NSZZ \"Solidarno\u015b\u0107\" przy ZNTK w Poznaniu."},{"language":"en","value":"Mi\u0119dzyzak\u0142adowy Komitet Za\u0142o\u017cycielski NSZZ \"Solidarno\u015b\u0107\" w Legnicy."},{"language":"en","value":"MKZ NSZZ w Legnicy."},{"language":"en","value":"MKZ NSZZ \"Solidarno\u015b\u0107\" region Legnica."},{"language":"en","value":"MKZ Legnica."},{"language":"en","value":"MKZ NSZZ \"Solidarno\u015b\u0107\" w Legnicy."},{"language":"en","value":"Komitet Obywatelski \"Solidarno\u015b\u0107\"."},{"language":"en","value":"KO \"Solidarno\u015b\u0107\"."},{"language":"en","value":"Komitet Obywatelski \"Solidarno\u015b\u0107\" (Starachowice)."},{"language":"en","value":"KO \"Solidarno\u015b\u0107\" w Starachowicach."},{"language":"en","value":"Komitet Obywatelski w Starachowicach."},{"language":"en","value":"Komitet Obywatelski Starachowice."},{"language":"en","value":"Delegatura NSZZ \"Solidarno\u015b\u0107\" (Starachowice)."},{"language":"en","value":"Delegatura NSZZ \"Solidarno\u015b\u0107\" w Starachowicach."},{"language":"en","value":"Delegatura Regionu \u015awi\u0119tokrzyskiego NSZZ \"Solidarno\u015b\u0107\" Starachowicach."},{"language":"en","value":"Tymczasowa Komisja Zak\u0142adowa NSZZ \"Solidarno\u015b\u0107\" (Kombinat Instalacji Sanitarnych Budownictwa \"Warszawa\")"},{"language":"en","value":"TKZ NSZZ \"Solidarno\u015b\u0107\" w Kombinacie Instalacji Sanitarnych"},{"language":"en","value":"TKZ NSZZ \"Solidarno\u015b\u0107\" (Kombinat Instalacji Sanitarnych)"},{"language":"en","value":"TKZ NSZZ \"Solidarno\u015b\u0107\" KIS-BW"},{"language":"en","value":"TKZ NSZZ \"Solidarno\u015b\u0107\" w Kombinacie Instalacji Sanitarnych - BW"},{"language":"en","value":"TKZ NSZZ \"Solidarno\u015b\u0107\" KIS"},{"language":"en","value":"NSZZ \"Solidarno\u015b\u0107\" Ziemi K\u0142odzkiej."},{"language":"en","value":"Mi\u0119dzyzak\u0142adowa Komisja NSZZ \"Solidarno\u015b\u0107\" Huty \"Cz\u0119stochowa\" S.A."},{"language":"en","value":"Biuro Informacji Regionalnej Komisji Wyborczej NSZZ \"Solidarno\u015b\u0107\" (Bydgoszcz)."},{"language":"en","value":"Biuro Informacji RKW NSZZ \"Solidarno\u015b\u0107\"."},{"language":"en","value":"NSZZ \"Solidarno\u015b\u0107."},{"language":"en","value":"Komisja Zak\u0142adowa Huty Cz\u0119stochowa NSZZ \"Solidarno\u015b\u0107\"."},{"language":"en","value":"Komisja Zak\u0142adowa NSZZ \"Solidarno\u015b\u0107\" Huty Cz\u0119stochowa."},{"language":"en","value":"Prezydium Regionalnej Komisji Wyborczej (Bydgoszcz)."},{"language":"en","value":"Krajowa Komisja Ochrony \u015arodowiska Cz\u0142owieka NSZZ \"Solidarno\u015b\u0107\"."},{"language":"en","value":"Komisja Samorz\u0105dowa \"S\" w Rakoniewicach."},{"language":"en","value":"Komisja Samorz\u0105dowa NSZZ \"Solidarno\u015b\u0107\" w Rakoniewicach."},{"language":"en","value":"Komisja Uczelniana NSZZ \"Solidarno\u015b\u0107\" Akademii Rolniczej w Poznaniu."},{"language":"en","value":"Komisja Uczelniana NSZZ \"Solidarno\u015b\u0107\" AR w Poznaniu."},{"language":"en","value":"NSZZ \"Solidarno\u015b\u0107\" AR w Poznaniu."},{"language":"en","value":"AIT TKO \"S\"."},{"language":"en","value":"Terenowy Komitet Oporu \"Solidarno\u015bci\" Regionu Mazowsze."},{"language":"en","value":"Terenowe Komitety Oporu \"S\"."},{"language":"en","value":"Agencja Informacyjna TKOS."},{"language":"en","value":"Komitet Obywatelski \"S\" w Go\u0142dapi."},{"language":"en","value":"Komitet Obywatelski NSZZ \"Solidarno\u015b\u0107\" (Go\u0142dap)."},{"language":"en","value":"Bran\u017cowa Komisja Koordynacyjna Przedsi\u0119biorstw Handlu Zagranicznego i Gospodarki Morskiej Niezale\u017cnego Samorz\u0105dnego Zwi\u0105zku Zawodowego \"Solidarno\u015b\u0107\"."},{"language":"en","value":"Krajowa Komisja Koordynacyjna Przedsi\u0119biorstw Handlu Zagranicznego i Gospodarki Morskiej Niezale\u017cnego Samorz\u0105dnego Zwi\u0105zku Zawodowego \"Solidarno\u015b\u0107\"."},{"language":"en","value":"Zarz\u0105d Regionalny NSZZ \"Solidarno\u015b\u0107\" \u015al\u0105ska i Zag\u0142\u0119bia."},{"language":"en","value":"Komitet Obywatelski NSZZ \"Solidarno\u015b\u0107\" (Lipno)."},{"language":"en","value":"Region Zag\u0142\u0119bie Miedziowe NSZZ \"Solidarno\u015b\u0107."},{"language":"en","value":"Zarz\u0105d Regionu Zag\u0142\u0119bie Miedziowe\" NSZZ \"Solidarno\u015b\u0107\"."},{"language":"en","value":"\"Solidarno\u015b\u0107\" Zag\u0142\u0119bie Miedziowe."},{"language":"en","value":"Komitet Za\u0142o\u017cycielski NSZZ \"Solidarno\u015b\u0107\" w WPKSiUP \"Mostostal\" M-2."},{"language":"en","value":"KZ NSZZ \"Solidarno\u015b\u0107\" w WPKSiUP \"Mostostal\" M-2."},{"language":"en","value":"KZ NSZZ \"Solidarno\u015b\u0107\" w WPKSiUP \"Mostostal\"."},{"language":"en","value":"Zarz\u0105d NSZZ \"S\" Oddzia\u0142 Boles\u0142awiec Region Dolny \u015al\u0105sk."},{"language":"en","value":"Prezydium KZ NSZZ \"Solidarno\u015b\u0107\" WPHW w Opolu."},{"language":"en","value":"Komisja Zak\u0142adowa NSZZ \"Solidarno\u015b\u0107\"."},{"language":"en","value":"Regionalna Komisja Wyborcza NSZZ \"Solidarno\u015b\u0107\" Region Mazowsze."},{"language":"en","value":"RKW NSZZ \"Solidarno\u015b\u0107\" Reg. Mazowsze."},{"language":"en","value":"Region Mazowsze."},{"language":"en","value":"Tarnobrzeski Komitet Obywatelski \"Solidarno\u015b\u0107\"."},{"language":"en","value":"Informacyjna S\u0142u\u017cba Wyborcza Komitetu Obywatelskiego (Gda\u0144sk)."},{"language":"en","value":"KZ NSZZ Solidarno\u015b\u0107 przy Cementowni O\u017car\u00f3w."},{"language":"en","value":"Komisja Zak\u0142adowa NSZZ \"Solidarno\u015b\u0107\" PRK-7 Warszawa."},{"language":"en","value":"Ko\u0142o Zak\u0142adowe przy IFS/PAN."},{"language":"en","value":"Autonomiczna Grupa NSZZ \"Solidarno\u015b\u0107\"."},{"language":"en","value":"Komitet Obywatelski \"Solidarno\u015b\u0107\" w Soko\u0142owie Podlaskim."},{"language":"en","value":"KO \"Solidarno\u015b\u0107\" w Soko\u0142owie Podlaskim."},{"language":"en","value":"Powiatowy Komitet Obywatelski \"Solidarno\u015b\u0107\" w Soko\u0142owie Podlaskim."},{"language":"en","value":"Komisja Zak\u0142adowa NSZZ \"Solidarno\u015b\u0107\" Huty \"Cz\u0119stochowa\"."},{"language":"en","value":"Biuro Informacyjne MKS Wroc\u0142aw."},{"language":"en","value":"Komisja do spraw Informacji NSZZ \"Solidarno\u015b\u0107\" (Zak\u0142ady Mechaniczne \"Ursus\", Warszawa)"},{"language":"en","value":"Komisja d/s Informacji NSZZ \"Solidarno\u015b\u0107\" w ZM \"Ursus\""},{"language":"en","value":"Tymczasowa Komisja Zak\u0142adowa NSZZ \"Solidarno\u015b\u0107\" Zak\u0142ad\u00f3w Budownictwa Kolejowego-Krak\u00f3w."},{"language":"en","value":"Tymczasowa Komisja Zak\u0142adowa NSZZ \"Solidarno\u015b\u0107\" (Zak\u0142ady Budownictwa Kolejowego, Krak\u00f3w)"},{"language":"en","value":"Region Dolny \u015al\u0105sk NSZZ \"Solidarno\u015b\u0107\" woj. wa\u0142brzyskiego."},{"language":"en","value":"NSZZ \"Solidarno\u015b\u0107\" woj. wa\u0142brzyskiego."},{"language":"en","value":"KP NSZZ \"Solidarno\u015b\u0107\" woj. wa\u0142brzyskiego."},{"language":"en","value":"TKO NSZZ \"Solidarno\u015b\u0107\" woj. wa\u0142brzyskiego."},{"language":"en","value":"NSZZ \"Solidarno\u015b\u0107\" Ziemi Wa\u0142brzyskiej."},{"language":"en","value":"Komitet Obywatelski w Z\u0105bkowicach \u015al\u0105skich."},{"language":"en","value":"Komitet Obywatelski Solidarno\u015b\u0107 Ziemi Z\u0105bkowickiej."},{"language":"en","value":"Komitet Obywatelski Ziemii Z\u0105bkowickiej Niezale\u017cnego Samorz\u0105dnego Zwi\u0105zku Zawodowego \"Solidarno\u015b\u0107\"."},{"language":"en","value":"MKZ NSZZ \"Solidarno\u015b\u0107\" woj. wa\u0142brzyskiego."},{"language":"en","value":"Mi\u0119dzyzak\u0142adowy Komitet Za\u0142o\u017cycielski NSZZ \"Solidarno\u015b\u0107\" Region Dolny \u015al\u0105sk."},{"language":"en","value":"Komitet Obywatelski \"Solidarno\u015b\u0107\" w Grodzisku Mazowieckim."},{"language":"en","value":"Komitet Obywatelski (Grodzisk Mazowiecki)."},{"language":"en","value":"Regionalny Komitet Strajkowy \"Pobrze\u017ce\" w Koszalinie."},{"language":"en","value":"Regionalny Komitet Strajkowy NSZZ \"Solidarno\u015b\u0107\" Pobrze\u017ce."},{"language":"en","value":"Prezydium MKZ NSZZ \"Solidarno\u015b\u0107\" Regionu \u015arodkowo-Wschodniego."},{"language":"en","value":"Komitet Strajkowy w Jeleniej G\u00f3rze."},{"language":"en","value":"Komitet Strajkowy NSZZ \"Solidarno\u015b\u0107\" w Jeleniej G\u00f3rze."},{"language":"en","value":"Gminny Komitet Obywatelski \"S\" w Majdanie Kr\u00f3lewskim."},{"language":"en","value":"Gminny Komitet Obywatelski Niezale\u017cnego Samorz\u0105dnego Zwi\u0105zku Zawodowego \"Solidarno\u015b\u0107\" w Majdanie Kr\u00f3lewskim."},{"language":"en","value":"Gminny Komitet Obywatelski NSZZ \"S\"."},{"language":"en","value":"GKO NSZZ \"S\"."},{"language":"en","value":"Solidarno\u015b\u0107 Jastrz\u0119bie TKZ KWK \"XXX lecia PRL\"."},{"language":"en","value":"Tymczasowa Komisja Zak\u0142adowa NSZZ \"Solidarno\u015b\u0107\" (Kopalnia W\u0119gla Kamiennego \"XXX-lecia PRL\")."},{"language":"en","value":"TKZ NSZZ \"Solidarno\u015b\u0107\" KWK \"XXX-lecia PRL\"."},{"language":"en","value":"Komitet Obywatelski w Przodkowie."},{"language":"en","value":"Komitet Obywatelski \"Solidarno\u015b\u0107\" (Terespol)."},{"language":"en","value":"Komisja Regionalna NSZZ \"Solidarno\u015b\u0107\" Pracownik\u00f3w O\u015bwiaty i Wychowania."},{"language":"en","value":"Zarz\u0105d Tymczasowy NSZZ \"Solidarno\u015b\u0107\" Regionu \u015arodkowo-Wschodniego."},{"language":"en","value":"Tymczasowy Zarz\u0105d Regionu \u015arodkowo-Wschodniego NSZZ \"Solidarno\u015b\u0107\"."},{"language":"en","value":"TZR NSZZ \"Solidarno\u015b\u0107\" Region \u015arodkowo-Wschodni."},{"language":"en","value":"TZR NSZZ \"Solidarno\u015b\u0107\" Region \u015ar.-Wsch."},{"language":"en","value":"TZR NSZZ \"Solidarno\u015b\u0107\" Elbl\u0105g."},{"language":"en","value":"Tymczasowy Zarz\u0105d Regionu NSZZ \"Solidarno\u015b\u0107\" Elbl\u0105g."},{"language":"en","value":"Region Ziemia \u0141\u00f3dzka."},{"language":"en","value":"Kierownicza Grupa Akcji Konspiracyjnej NSZZ \"Solidarno\u015b\u0107\" Region Ziemia \u0141\u00f3dzka."},{"language":"en","value":"Kierownicza Grupa Akcji Konspiracyjnej Region Ziemia \u0141\u00f3dzka."},{"language":"en","value":"Region Pomorza Zachodniego."},{"language":"en","value":"Obywatelski Komitet Porozumiewawczy \"Solidarno\u015b\u0107\" Regionu Pomorza Zachodniego."},{"language":"en","value":"Obywatelski Komitet Porozumiewawczy Ziemi Szczeci\u0144skiej."},{"language":"en","value":"Obywatelski Komitet Porozumiewawczy w Szczecinie."},{"language":"en","value":"OKP ZS (Szczecin)."},{"language":"en","value":"Obywatelski Komitet Porozumiewawczy \"Solidarno\u015bci\" Pomorza Zachodniego."},{"language":"en","value":"NSZZ \"Solidarno\u015b\u0107\" Region Ziemia Sandomierska Stalowa Wola"},{"language":"en","value":"\"Solidarno\u015b\u0107\" Region Stalowa Wola"},{"language":"en","value":"Komitet Obywatelski NSZZ \"Solidarno\u015b\u0107\" w Witkowie"},{"language":"en","value":"KO \"Solidarno\u015b\u0107\" w Witkowie"},{"language":"en","value":"Witkowski Komitet Obywatelski \"Solidarno\u015b\u0107\""},{"language":"en","value":"MKZ NSZZ \"Solidarno\u015b\u0107\" w Elbl\u0105gu."},{"language":"en","value":"NSZZ \"Solidarno\u015b\u0107\" MKZ Elbl\u0105g."},{"language":"en","value":"Mi\u0119dzyzak\u0142adowy Komitet Za\u0142o\u017cycielski Niezale\u017cnego Samorz\u0105dnego Zwi\u0105zku Zawodowego \"Solidarno\u015b\u0107\" w Elbl\u0105gu."},{"language":"en","value":"MKZ NSZZ \"Solidarno\u015b\u0107\" Region Elbl\u0105g."},{"language":"en","value":"NSZZ \"Solidarno\u015b\u0107\" Regionu Elbl\u0105skiego."},{"language":"en","value":"NSZZ \"Solidarno\u015b\u0107\" Regionu Elbl\u0105g."},{"language":"en","value":"NSZZ \"Solidarno\u015b\u0107\" RE."},{"language":"en","value":"Gminny Komitet Obywatelski \"Solidarno\u015b\u0107\" (Stary Dzierzgo\u0144)."},{"language":"en","value":"Tymczasowy Zarz\u0105d Regionu Pobrze\u017ce NSZZ \"Solidarno\u015b\u0107\"."},{"language":"en","value":"TZR \"Pobrze\u017ce\"."},{"language":"en","value":"NSZZ \"Solidarno\u015b\u0107\" Ziemia Sandomierska."},{"language":"en","value":"Biuro Zarz\u0105du Regionu NSZZ \"Solidarno\u015b\u0107\" Ziemia Sandomierska w Stalowej Woli."},{"language":"en","value":"Region Ziemia Sandomierska NSZZ \"Solidarno\u015b\u0107\"."},{"language":"en","value":"Miejski Komitet Obywatelski \"Solidarno\u015b\u0107\" w \u015awiebodzinie."},{"language":"en","value":"MKO \"Solidarno\u015b\u0107\" w \u015awiebodzinie."},{"language":"en","value":"Niezale\u017cny Samorz\u0105dny Zwi\u0105zek Zawodowy \"Solidarno\u015b\u0107\" Oddzia\u0142 w Ciechanowie."},{"language":"en","value":"Oddzia\u0142 Ciechanowski NSZZ \"Solidarno\u015b\u0107\" Region Mazowsze."},{"language":"en","value":"Region Mazowsze Sekcja Kultury."},{"language":"en","value":"Tajna Komisja Zak\u0142adowa NSZZ \"Solidarno\u015b\u0107\" (Geofizyka Toru\u0144)"},{"language":"en","value":"TKZ NSZZ \"Solidarno\u015b\u0107\" - Geofizyka Toru\u0144"},{"language":"en","value":"NSZZ \"Solidarno\u015b\u0107\" - Geofizyka Toru\u0144."},{"language":"en","value":"Sandomierski Komitet Obywatelski."},{"language":"en","value":"Gminny Komitet Obywatelski \"Solidarno\u015b\u0107\" (Krasnobr\u00f3d)."},{"language":"en","value":"Gminny Komitet Obywatelski \"Solidarno\u015b\u0107\" w Krasnobrodzie."},{"language":"en","value":"Mi\u0119dzyzak\u0142adowa Komisja Pracownik\u00f3w O\u015bwiaty i Wychowania NSZZ \"Solidarno\u015b\u0107\" w Bodzentynie."},{"language":"en","value":"Mi\u0119dzyzak\u0142adowa Komisja POiW NSZZ \"Solidarno\u015b\u0107\" w  Bodzentynie."},{"language":"en","value":"MKPOiW NSZZ \"Solidarno\u015b\u0107\"."},{"language":"en","value":"MKO NSZZ \"Solidarno\u015b\u0107\" Ko\u0142obrzeg"},{"language":"en","value":"NSZZ \"Solidarno\u015b\u0107\" MKO Ko\u0142obrzeg"},{"language":"en","value":"Miejsko-Gminny Komitet Obywatelski \"Solidarno\u015b\u0107\" w Uj\u015bciu."},{"language":"en","value":"ZR NSZZ \"Solidarno\u015b\u0107\" w Rzeszowie."},{"language":"en","value":"Zarz\u0105d Regionu Rzeszowskiego NSZZ \"Solidarno\u015b\u0107\"."},{"language":"en","value":"Rzeszowski Zarz\u0105d Regionu NSZZ \"Solidarno\u015b\u0107\"."},{"language":"en","value":"Krajowa Sekcja Pracownik\u00f3w Archiw\u00f3w Pa\u0144stwowych NSZZ \"Solidarno\u015b\u0107\"."},{"language":"en","value":"Krajowa Sekcja PAP NSZZ \"Solidarno\u015b\u0107\"."},{"language":"en","value":"KS PAP NSZZ \"Solidarno\u015b\u0107\"."},{"language":"en","value":"Krajowa Komisja Koordynacyjna Pracownik\u00f3w Filmu NSZZ \"Solidarno\u015b\u0107\""},{"language":"en","value":"Komitet Obywatelski \"Solidarno\u015b\u0107\" (P\u0142ock)"},{"language":"en","value":"Komitet Obywatelski \"Solidarno\u015b\u0107\" w P\u0142ocku"},{"language":"en","value":"Biuro Informacji Prasowej NSZZ \"Solidarno\u015b\u0107\" Zarz\u0105d Regionalny Ziemi \u0141\u00f3dzkiej."},{"language":"en","value":"BIP NSZZ \"Solidarno\u015b\u0107\" Zarz\u0105d Regionalny Ziemi \u0141\u00f3dzkiej."},{"language":"en","value":"Komisja Zak\u0142adowa NSZZ \"Solidarno\u015b\u0107\" (Huta \"Baildon\", Katowice)"},{"language":"en","value":"KZ NSZZ \"Solidarno\u015b\u0107\" Huty Baildon"},{"language":"en","value":"Komisja G\u00f3rnicza Zag\u0142\u0119bia Miedziowego NSZZ \"Solidarno\u015b\u0107\""},{"language":"en","value":"Tarnowski Komitet Obywatelski \"Solidarno\u015b\u0107\"."},{"language":"en","value":"Komitet Obywatelski NSZZ \"Solidarno\u015b\u0107\" (Tarn\u00f3w)."},{"language":"en","value":"TKZ NSZZ \"Solidarno\u015b\u0107\" (Zak\u0142ady Hutniczo-Przetw\u00f3rcze Metali Nie\u017celaznych \"Hutmen\" we Wroc\u0142awiu)"},{"language":"en","value":"TKZ NSZZ \"Solidarno\u015b\u0107\" Hutmen Wroc\u0142aw"},{"language":"en","value":"TKZ \"Solidarno\u015b\u0107\" Hutmen"},{"language":"en","value":"TKZ Hutmen"},{"language":"en","value":"Komitet Obywatelski \"Solidarno\u015b\u0107\" (Sulech\u00f3w)."},{"language":"en","value":"Komitet Obywatelski \"Solidarno\u015b\u0107\" w Sulechowie."},{"language":"en","value":"MKZ NSZZ \"Solidarno\u015b\u0107\" (Kostrzyn nad Odr\u0105)."},{"language":"en","value":"Tymczasowa Komisja Zak\u0142adowa NSZZ \"Solidarno\u015b\u0107\" Telkom-Teletra."},{"language":"en","value":"Tymczasowa Komisja Zak\u0142adowa NSZZ \"Solidarno\u015b\u0107\" (Wielkopolskie Zak\u0142ady Teleelektroniczne \"Telkom-Teletra\" im. gen. K. \u015awierczewskiego)."},{"language":"en","value":"TKZ NSZZ \"Solidarno\u015b\u0107\"Telkom-Teletra."},{"language":"en","value":"Komisja Porozumiewawcza Nauki \"Solidarno\u015b\u0107\"."},{"language":"en","value":"Organizacja Marynarzy Kontraktowych NSZZ Solidarno\u015b\u0107."},{"language":"en","value":"Mi\u0119dzyzak\u0142adowy Komitet Strajkowy przy Stoczni im. Adolfa Warskiego w Szczecinie."},{"language":"en","value":"MKS przy Stoczni im. Adolfa Warskiego w Szczecinie."},{"language":"en","value":"Komitet Obywatelski \"Solidarno\u015b\u0107\" w S\u0142awnie."},{"language":"en","value":"KO \"Solidarno\u015b\u0107\" (S\u0142awno)."},{"language":"en","value":"Komitet Obywatelski \"Solidarno\u015b\u0107\"(Dzia\u0142oszyn)."},{"language":"en","value":"Zarz\u0105d Regionu \"Pobrze\u017ce\" NSZZ \"Solidarno\u015b\u0107\"."},{"language":"en","value":"Zarz\u0105d Regionalny NSZZ \"Solidarno\u015b\u0107\" Region \"Pobrze\u017ce\"."},{"language":"en","value":"Komisja Zak\u0142adowa NSZZ \"Solidarno\u015b\u0107\" przy WiMBP w Szczecinie."},{"language":"en","value":"Komisja Zak\u0142adowa NSZZ \"Solidarno\u015b\u0107\" przy Wojew\u00f3dzkiej i Miejskiej Bibliotece Publicznej im. Stanis\u0142awa Staszica w Szczecinie."},{"language":"en","value":"KZ NSZZ \"Solidarno\u015b\u0107\" WiMBP, Szczecin."},{"language":"en","value":"Komitet Obywatelski \"Solidarno\u015b\u0107\" Miasta i Gminy Jaworzyna \u015al\u0105ska."},{"language":"en","value":"Komitet Obywatelski Miasta i Gminy Jaworzyna \u015al\u0105ska."},{"language":"en","value":"Komitet Obywatelski Miasta i Gminy Jaworzyna \u015al."},{"language":"en","value":"KO \"Solidarno\u015b\u0107\" Jaworzyna \u015al\u0105ska."},{"language":"en","value":"Osiedlowy Komitet Obywatelski \"Solidarno\u015b\u0107\" (Goc\u0142aw)."},{"language":"en","value":"Osiedlowy KO Goc\u0142aw."},{"language":"en","value":"Prezydium MKZ NSZZ \"Solidarno\u015b\u0107\" Bia\u0142ystok."},{"language":"en","value":"Prezydium Mi\u0119dzyzak\u0142adowego Komitetu Za\u0142o\u017cycielskiego NSZZ \"Solidarno\u015b\u0107\" w Bia\u0142ymstoku."},{"language":"en","value":"Komisja Zak\u0142adowa NSZZ \"Solidarno\u015b\u0107\" Walcowni Metali \"\u0141ab\u0119dy\"."},{"language":"en","value":"Komisja Zak\u0142adowa NSZZ \"Solidarno\u015b\u0107\" ZM \"Bumar-\u0141ab\u0119dy\"."},{"language":"en","value":"Komisja Zak\u0142adowa NSZZ \"Solidarno\u015b\u0107\" przy Tarnowskiej Sp-ni Mieszkaniowej"},{"language":"en","value":"Komisja Zak\u0142adowa NSZZ \"Solidarno\u015b\u0107\" przy TSM"},{"language":"en","value":"KZ NSZZ \"Solidarno\u015b\u0107\" przy TSM"},{"language":"en","value":"Komitet Strajkowy  NSZZ \"Solidarno\u015b\u0107\" przy Zak\u0142adzie Energetycznym Zielona G\u00f3ra."},{"language":"en","value":"Tajny Komitet Kolejarzy NSZZ \"Solidarno\u015b\u0107\" w P\u0142ocku"},{"language":"en","value":"Komitet Obywatelski w Ciechanowcu."},{"language":"en","value":"Komitet Obywatelski \"Solidarno\u015b\u0107\" (Ciechanowiec)."},{"language":"en","value":"Regionalna Komisja Koordynacyjna NSZZ \"Solidarno\u015b\u0107\" Region \u015al\u0105sko-D\u0105browski."},{"language":"en","value":"RKK \"S\" Region \u015al\u0105sko-D\u0105browski."},{"language":"en","value":"Mi\u0119dzyzak\u0142adowa Komisja Koordynacyjna NSZZ \"Solidarno\u015b\u0107\" w Tczewie."},{"language":"en","value":"MKK NSZZ \"S\" w Tczewie."},{"language":"en","value":"Komisja Zak\u0142adowa NSZZ \"Solidarno\u015b\u0107\"(Przedsi\u0119biorstwo Po\u0142ow\u00f3w Dalekomorskich i Us\u0142ug Rybackich \"Odra\", \u015awinouj\u015bcie)."},{"language":"en","value":"Komisja Zak\u0142adowa NSZZ \"Solidarno\u015b\u0107\" w PPDiUR \"Odra\"."},{"language":"en","value":"Sekcja Pracownik\u00f3w Projektowania NSZZ \"Solidarno\u015b\u0107\" Region Mazowsze."},{"language":"en","value":"Prezydium Sekcji Pracownik\u00f3w Projektowania NSZZ \"Solidarno\u015b\u0107\" Region Mazowsze."},{"language":"en","value":"Zarz\u0105d NSZZ \"Solidarno\u015b\u0107\" Regionu Przemyskiego."},{"language":"en","value":"Zarz\u0105d NSZZ \"Solidarno\u015b\u0107\" Regionu \"Ziemia Przemyska\"."},{"language":"en","value":"Zarz\u0105d Regionu Przemyskiego NSZZ \"Solidarno\u015b\u0107\"."},{"language":"en","value":"Zarz\u0105d Regionu Ziemia Przemyska NSZZ \"Solidarno\u015b\u0107\" w Przemy\u015blu."},{"language":"en","value":"Zarz\u0105d Regionu Ziemia Przemyska Niezale\u017cnego Samorz\u0105dnego Zwi\u0105zku Zawodowego \"Solidarno\u015b\u0107\"."},{"language":"en","value":"Zarz\u0105d Regionu Ziemia Przemyska NSZZ \"Solidarno\u015b\u0107\"."},{"language":"en","value":"Tymczasowa Komisja Koordynacyjna NSZZ \"Solidarno\u015b\u0107\" Region Pobrze\u017ce."},{"language":"en","value":"Region Pobrze\u017ce."},{"language":"en","value":"Region Pobrze\u017ce NSZZ \"Solidarno\u015b\u0107\"."},{"language":"en","value":"Komitet Samoobrony NSZZ \"Solidarno\u015b\u0107\" Region Pobrze\u017ce."},{"language":"en","value":"Komitet Samoobrony \"Solidarno\u015bci\" Region Pobrze\u017ce."},{"language":"en","value":"Zak\u0142adowa Komisja Wykonawcza NSZZ Solidarno\u015b\u0107 w MPK."},{"language":"en","value":"KZ (Wroc\u0142aw)."},{"language":"en","value":"KZ NSZZ \"Solidarno\u015b\u0107\" z siedzib\u0105 we Wroc\u0142awiu."},{"language":"en","value":"Komitet Obywatelski \"Solidarno\u015b\u0107\" (Hrubiesz\u00f3w)."},{"language":"en","value":"K.O. \"Solidarno\u015b\u0107\" (Hrubiesz\u00f3w)."},{"language":"en","value":"Tymczasowa Komisja Regionalna NSZZ \"Solidarno\u015b\u0107\" Cz\u0119stochowa."},{"language":"en","value":"Mi\u0119dzyzak\u0142adowy Komitet Koordynacyjny NSZZ \"Solidarno\u015b\u0107\" Cz\u0119stochowa."},{"language":"en","value":"MKK NSZZ \"Solidarno\u015b\u0107\" (Cz\u0119stochowa)."},{"language":"en","value":"Komisja Zak\u0142adowa NSZZ \"Solidarno\u015b\u0107\" (Przedsi\u0119biorstwo Pa\u0144stwowe \"Polmozbyt\", Gda\u0144sk)"},{"language":"en","value":"KZ NSZZ \"Solidarno\u015b\u0107\" PP Polmozbyt (Gda\u0144sk)"},{"language":"en","value":"Ruch Oporu \"Solidarno\u015b\u0107\" Reg. Mazowsze"},{"language":"en","value":"Ruch Oporu NSZZ \"Solidarno\u015b\u0107\" Region Mazowsze"},{"language":"en","value":"Solidarno\u015b\u0107 Regionu Mazowsze."},{"language":"en","value":"Ruch Oporu \"Solidarno\u015b\u0107\""},{"language":"en","value":"Ziemia Zamojska-Roztocze NSZZ \"Solidarno\u015b\u0107\"."},{"language":"en","value":"NSZZ \"Solidarno\u015b\u0107\" Ziemi Zamojskiej-Roztocza."},{"language":"en","value":"NSZZ \"Solidarno\u015b\u0107\" ZZ-R."},{"language":"en","value":"Komitet Za\u0142o\u017cycielski Niezale\u017cnych Samorz\u0105dnych Zwi\u0105zk\u00f3w Zawodowych."},{"language":"en","value":"Komitet Obywatelski w \u017byrardowie."},{"language":"en","value":"Komitet Obywatelski w Bia\u0142obrzegach."},{"language":"en","value":"Komitet Obywatelski \"Solidarno\u015b\u0107\" w Bia\u0142obrzegach."},{"language":"en","value":"K.O. \"Solidarno\u015b\u0107\"."},{"language":"en","value":"K.O. \"Solidarni\"."},{"language":"en","value":"Komitet Obywatelski \"Solidarno\u015b\u0107\" w Ja\u015ble."},{"language":"en","value":"Komitet Obywatelski NSZZ \"Solidarno\u015b\u0107\" w Ja\u015ble."},{"language":"en","value":"KO \"Solidarno\u015b\u0107\" w Ja\u015ble."},{"language":"en","value":"Komitet Obywatelski \"Solidarno\u015b\u0107\" Dzielnicy Ochota."},{"language":"en","value":"Komitet Obywatelski \"Solidarno\u015b\u0107\" Ochota."},{"language":"en","value":"KO \"Solidarno\u015b\u0107\" Dzielnicy Ochota."},{"language":"en","value":"Komitet Obywatelski Warszawa-Ochota."},{"language":"en","value":"Komitet Obywatelski \"Solidarno\u015b\u0107\" w Bestwinie."},{"language":"en","value":"Komisja Zak\u0142adowa Pleszewskiej Fabryki Obrabiarek."},{"language":"en","value":"Komisja Zak\u0142adowa NSZZ \"Solidarno\u015b\u0107\" Akademii Sztuk Pi\u0119knych w Warszawie."},{"language":"en","value":"Komisja Zak\u0142adowa NSZZ Pracownik\u00f3w Akademii Sztuk Pi\u0119knych w Warszawie \"Solidarno\u015b\u0107\"."},{"language":"en","value":"Posiedzenie Komisji Krajowej Niezale\u017cnego Samorz\u0105dnego Zwi\u0105zku Zawodowego \"Solidarno\u015b\u0107\"."},{"language":"en","value":"Posiedzenie KK NSZZ \"Solidarno\u015b\u0107\"."},{"language":"en","value":"Grupa \"Niezale\u017cni\" NSZZ \"Solidarno\u015b\u0107\"."},{"language":"en","value":"Komitet Obywatelski \"Solidarno\u015b\u0107\" w Radomsku."},{"language":"en","value":"KO \"Solidarno\u015b\u0107\" (Radomsko)."},{"language":"en","value":"Zarz\u0105d Regionalny NSZZ \"Solidarno\u015b\u0107\" Regionu P\u0142ockiego"},{"language":"en","value":"Delegatura Ko\u0142obrzeg NSZZ \"Solidarno\u015b\u0107\" Region Pobrze\u017ce."},{"language":"en","value":"NSZZ \"Solidarno\u015b\u0107\" Region Pobrze\u017ce Delegatura Ko\u0142obrzeg."},{"language":"en","value":"Komisja Zak\u0142adowa NSZZ \"Solidarno\u015b\u0107\" Huty Ostrowiec."},{"language":"en","value":"NSZZ \"Solidarno\u015b\u0107\" Huty Ostrowiec."},{"language":"en","value":"Komisja Zwi\u0105zkowa NSZZ \"Solidarno\u015b\u0107\" (Przedsi\u0119biorstwo Rob\u00f3t G\u00f3rniczych, Mys\u0142owice)."},{"language":"en","value":"KZ NSZZ \"Solidarno\u015b\u0107\" w PRG Mys\u0142owice."},{"language":"en","value":"Komisja Zwi\u0105zkowa Przedsi\u0119biorstwa Rob\u00f3t G\u00f3rniczych w Mys\u0142owicach."},{"language":"en","value":"ZKZ w PRG Mys\u0142owice."},{"language":"en","value":"Zak\u0142adowa Komisja Zwi\u0105zkowa NSZZ \"Solidarno\u015b\u0107\" w PRG Mys\u0142owice."},{"language":"en","value":"Biuro Informacyjne Zarz\u0105du Regionu \u015arodkowo Wschodniego NSZZ \"Solidarno\u015b\u0107\"."},{"language":"en","value":"Biuro Informacyjne Zarz\u0105du  Regionu \u015arodkowo- Wschodniego."},{"language":"en","value":"Region \u015arodkowo-Wchodni NSZZ \"Solidarno\u015b\u0107\"."},{"language":"en","value":"Zarz\u0105d Regionu \u015arodkowo- Wschodniego NSZZ \"Solidarno\u015b\u0107\"."},{"language":"en","value":"Region \u015al\u0105ska i Zag\u0142\u0119bia NSZZ \"Solidarno\u015b\u0107\""},{"language":"en","value":"Region \u015al\u0105ska i Zag\u0142\u0119bia"},{"language":"en","value":"Regionalny Komitet Za\u0142o\u017cycielski NSZZ \"Solidarno\u015b\u0107\"(Cz\u0119stochowa)"},{"language":"en","value":"RKZ NSZZ \"Solidarno\u015b\u0107\" Region Cz\u0119stochowa"},{"language":"en","value":"RKZ NSZZ \"Solidarno\u015b\u0107\" Cz\u0119stochowa"},{"language":"en","value":"Mi\u0119dzyzak\u0142adowa Komisja Zwi\u0105zkowa NSZZ \"Solidarno\u015b\u0107\" (Miejskie Zak\u0142ady Komunikacyjne, Warszawa)."},{"language":"en","value":"MKZ NSZZ \"Solidarno\u015b\u0107\" w MZK Warszawa."},{"language":"en","value":"Mi\u0119dzyzak\u0142adowa Komisja Zwi\u0105zkowa NSZZ \"Solidarno\u015b\u0107\" w MZK (Warszawa)."},{"language":"en","value":"Mi\u0119dzyzak\u0142adowa Komisja Zwi\u0105zkowa NSZZ \"Solidarno\u015b\u0107\" w Miejskich Zak\u0142adach Komunikacyjnych w Warszawie."},{"language":"en","value":"Solidarno\u015b\u0107-Podregion Sucha Beskidzka."},{"language":"en","value":"Apator Tymczasowa Komisja Zak\u0142adowa NSZZ \"Solidarno\u015b\u0107\"."},{"language":"en","value":"Zarz\u0105d Regionu NSZZ \"Solidarno\u015b\u0107\" w Toruniu."},{"language":"en","value":"Zarz\u0105d Regionu Cz\u0119stochowskiego \"Solidarno\u015b\u0107\"."},{"language":"en","value":"Krajowy Komitet Strajkowy."},{"language":"en","value":"NSZZ \"Solidarno\u015b\u0107\" (\u015awiebodzin)"},{"language":"en","value":"Solidarno\u015b\u0107 \u015awiebodzi\u0144ska"},{"language":"en","value":"NSZZ \u201eSolidarno\u015b\u0107\" Ziemi \u015awiebodzi\u0144skiej"},{"language":"en","value":"MTKK NSZZ \"Solidarno\u015b\u0107\" w Czechowicach-Dziedzicach."},{"language":"en","value":"Komitet Za\u0142o\u017cycielski Niezale\u017cnych Samorz\u0105dnych Zwi\u0105zk\u00f3w Zawodowych w Zak\u0142adach Azotowych w Tarnowie."},{"language":"en","value":"Komisja Przedsi\u0119biorstwa NSZZ \"Solidarno\u015b\u0107\" w Zak\u0142adach Azotowych w Tarnowie."},{"language":"en","value":"Tymczasowa Komisja Zak\u0142adowa NSZZ \"Solidarno\u015b\u0107\" (Fabryka Maszyn Rolniczych \u201eAgromet\" w Lublinie)"},{"language":"en","value":"Tymczasowa Komisja Zak\u0142adowa NSZZ \"Solidarno\u015b\u0107\" \u201eAgromet\" Lublin"},{"language":"en","value":"TKZ NSZZ \"Solidarno\u015b\u0107\" FMR \"Agromet\" Lublin"},{"language":"en","value":"Fabryczna Komisja Zak\u0142adowa NSZZ \"Solidarno\u015b\u0107\" Agromet"},{"language":"en","value":"Tymczasowa Komisja Zak\u0142adowa NSZZ \"Solidarno\u015b\u0107\" (Lubelskie Zak\u0142ady Naprawy Samochod\u00f3w w Lublinie)"},{"language":"en","value":"Tymczasowa Komisja Zak\u0142adowa NSZZ \"Solidarno\u015b\u0107\" LZNS"},{"language":"en","value":"Fabryczna Komisja Zak\u0142adowa NSZZ \"Solidarno\u015b\u0107\" LZNS"},{"language":"en","value":"Tymczasowa Komisja Zak\u0142adowa NSZZ \"Solidarno\u015b\u0107\" (Miejskie Przedsi\u0119biorstwo Komunikacyjne, Lublin)"},{"language":"en","value":"Tymczasowa Komisja Zak\u0142adowa NSZZ \"Solidarno\u015b\u0107\" MPK (Lublin)"},{"language":"en","value":"Fabryczna Komisja Zak\u0142adowa NSZZ \"Solidarno\u015b\u0107\" MPK"},{"language":"en","value":"Komitet Obywatelski \"Solidarno\u015b\u0107\" w Brodnicy."},{"language":"en","value":"KO \"Solidarno\u015b\u0107\" w Brodnicy."},{"language":"en","value":"NSZZ \"Solidarno\u015b\u0107\" Regionu \u015awietokrzyskiego."},{"language":"en","value":"NSZZ \"Solidarno\u015b\u0107\" w J\u0119drzejowie."},{"language":"en","value":"Sekcja Krajowa Przemys\u0142u Lotniczego NSZZ \"Solidarno\u015b\u0107\"."},{"language":"en","value":"Sekcja Krajowa Przemys\u0142u Lotniczego Niezale\u017cnego Samorz\u0105dnego Zwi\u0105zku Zawodowego \"Solidarno\u015b\u0107\"."},{"language":"en","value":"SK Przemys\u0142u Lotniczego NSZZ \"Solidarno\u015b\u0107\"."},{"language":"en","value":"SKPL NSZZ \"Solidarno\u015b\u0107\"."},{"language":"en","value":"Komisja Zak\u0142adowa NSZZ Solidarno\u015b\u0107 przy Wy\u017cszej Szkole Morskiej w Szczecinie."},{"language":"en","value":"KZ NSZZ \"Solidarno\u015b\u0107\" przy WSM w Szczecinie."},{"language":"en","value":"Uczelniany Komitet Za\u0142o\u017cycielski NSZZ \"Solidarno\u015b\u0107\" przy Wy\u017cszej Szkole Morskiej w Gdyni."},{"language":"en","value":"Komisja Zak\u0142adowa NSZZ \"Solidarno\u015b\u0107\" przy El. \"Po\u0142aniec\"."},{"language":"en","value":"KZ NSZZ \"Solidarno\u015b\u0107\" El. \"P\"."},{"language":"en","value":"Komisja Zak\u0142adowa El. Po\u0142aniec."},{"language":"en","value":"Tymczasowa Komisja Zak\u0142adowa NSZZ \"Solidarno\u015b\u0107\" ZWUT (Warszawa)."},{"language":"en","value":"TKZ NSZZ \"Solidarno\u015b\u0107 ZWUT (Warszawa)."},{"language":"en","value":"TKZ ZWUT (Warszawa)."},{"language":"en","value":"Komitet Obywatelski Solidarno\u015b\u0107 Krak\u00f3w-Krowodrza."},{"language":"en","value":"Dzia\u0142 Informacji i Propagandy Zarz\u0105du Regionu Cz\u0119stochowa NSZZ \"Solidarno\u015b\u0107\"."},{"language":"en","value":"Dzia\u0142 Informacji i Propagandy ZR Cz\u0119stochowa."},{"language":"en","value":"DIiP ZR Cz\u0119stochowa NSZZ \"Solidarno\u015b\u0107\"."},{"language":"en","value":"DIiP ZR Cz-wa."},{"language":"en","value":"Mi\u0119dzyzak\u0142adowy Komitet Strajkowy NSZZ \"Solidarno\u015b\u0107\" w Elbl\u0105gu"},{"language":"en","value":"MKS NSZZ \"Solidarno\u015b\u0107\" w Elbl\u0105gu"},{"language":"en","value":"Komitet Obywatelski \"Solidarno\u015b\u0107\" (Mak\u00f3w Mazowiecki)."},{"language":"en","value":"Komitet Obywatelski \"Solidarno\u015b\u0107\" w Makowie Mazowieckim."},{"language":"en","value":"Komitet Obywatelski w Makowie Mazowieckim."},{"language":"en","value":"Terenowa Komisja Porozumiewawcza NSZZ \"Solidarno\u015b\u0107\" w Sztumie."},{"language":"en","value":"NSZZ \"Solidarno\u015b\u0107\" Komitet Strajkowy Krajowej Komisji Koordynacyjnej O\u015bwiaty i Wychowania w Gda\u0144sku."},{"language":"en","value":"Komitet Strajkowy Krajowej Komisji Koordynacyjnej O\u015bwiaty i Wychowania NSZZ \"Solidarno\u015b\u0107\" w Gda\u0144sku."},{"language":"en","value":"NSZZ \"Solidarno\u015b\u0107\" Region Mazowsze - Oddzia\u0142: Piaseczno, Konstancin-Jeziorna, Lesznowola."},{"language":"en","value":"Oddzia\u0142 Piaseczno NSZZ \"Solidarno\u015b\u0107\" Region Mazowsze."},{"language":"en","value":"\"Solidarno\u015b\u0107\" Ziemi \u0141\u00f3dzkiej."},{"language":"en","value":"Komitet Obrony Wi\u0119zionych za Przekonania przy Zarz\u0105dzie Regionalnym Ziemi \u0141\u00f3dzkiej NSZZ \"Solidarno\u015b\u0107\"."},{"language":"en","value":"\u0141\u00f3dzki Komitet Obrony Wi\u0119zionych za Przekonania."},{"language":"en","value":"Komitet Obrony Wi\u0119zionych za Przekonania (\u0141\u00f3d\u017a)."},{"language":"en","value":"\u0141\u00f3dzki Komitet Obrony Wi\u0119zionych za Przekonania przy Zarz\u0105dzie Regionalnym Ziemi \u0141\u00f3dzkiej NSZZ \"Solidarno\u015b\u0107\"."},{"language":"en","value":"\u0141KOW za P przy ZR Z\u0141 NSZZ \"Solidarno\u015b\u0107\"."},{"language":"en","value":"Komisja Zak\u0142adowa NSZZ \"Solidarno\u015b\u0107\" przy Zak\u0142adach Chemicznych \"Organika-Zachem\" w Bydgoszczy."},{"language":"en","value":"KZ \"Zachemu\"."},{"language":"en","value":"Komitet Strajkowy NSZZ \"Solidarno\u015b\u0107\" Akademii Rolniczej we Wroc\u0142awiu."},{"language":"en","value":"KS NSZZ \"Solidarno\u015b\u0107\" AR (Wroc\u0142aw)."},{"language":"en","value":"Sekcja Informacji Komisji Zak\u0142adowej NSZZ \"Solidarno\u015b\u0107\" w AGH."},{"language":"en","value":"Komisja Mi\u0119dzyzak\u0142adowa NSZZ \"Solidarno\u015b\u0107\" Wytw\u00f3rni Sprz\u0119tu Komunikacyjnego \"PZL-Rzesz\u00f3w\"."},{"language":"en","value":"KM NSZZ \"Solidarno\u015b\u0107\" WSK \"PZL-Rzesz\u00f3w\"."},{"language":"en","value":"RKK NSZZ \"Solidarno\u015b\u0107\" Gda\u0144sk."},{"language":"en","value":"Regionalna Komisja Koordynacyjna NSZZ \"Solidarno\u015b\u0107\" Gda\u0144sk."},{"language":"en","value":"Wojew\u00f3dzki Komitet Obywatelski \"Solidarno\u015b\u0107\" (\u0141\u00f3d\u017a)."},{"language":"en","value":"WKO \"Solidarno\u015b\u0107\" w \u0141odzi."},{"language":"en","value":"Delegatura ZR \u015awi\u0119tokrzyskiego w Starachowicach."},{"language":"en","value":"Delegatura ZR \u015awi\u0119tokrzyskiego NSZZ \"Solidarno\u015b\u0107\"."},{"language":"en","value":"NSZZ \"Solidarno\u015b\u0107\" Delegatura Zarz\u0105du \u015awi\u0119tokrzyskiego w Starachowicach."},{"language":"en","value":"Delegatura Zarz\u0105du \u015awi\u0119tokrzyskiego NSZZ \"Solidarno\u015b\u0107\" w Starachowicach."},{"language":"en","value":"NSZZ \"Solidarno\u015b\u0107\"'"},{"language":"en","value":"Komisja Zak\u0142adowa ZS \"Star\" S.A."},{"language":"en","value":"Mi\u0119dzyzak\u0142adowa Komisja Koordynacyjna NSZZ \"Solidarno\u015b\u0107\" Chorz\u00f3w, Katowice, \u015awi\u0119toch\u0142owice."},{"language":"en","value":"MKK NSZZ \"Solidarno\u015b\u0107\" Chorz\u00f3w, Katowice, \u015awi\u0119toch\u0142owice."},{"language":"en","value":"MKK \"Solidarno\u015b\u0107\" Chorz\u00f3w, Katowice, \u015awi\u0119toch\u0142owice."},{"language":"en","value":"Komitet Obywatelski \"Solidarno\u015b\u0107\" (Halin\u00f3w)."},{"language":"en","value":"Komitet Obywatelski (Halin\u00f3w)."},{"language":"en","value":"KO  \"Solidarno\u015b\u0107\" w Halinowie."},{"language":"en","value":"Oddzia\u0142 Tymczasowej Komisji Koordynacyjnej G\u00f3rnictwa NSZZ \"Solidarno\u015b\u0107\" Bochnia, Wieliczka, Krak\u00f3w."},{"language":"en","value":"OTKKG NSZZ \"Solidarno\u015b\u0107\" Bochnia, Wieliczka, Krak\u00f3w."},{"language":"en","value":"Komitet Obywatelski \"Solidarno\u015b\u0107\" w G\u00f3rze."},{"language":"en","value":"KZ NSZZ \"Solidarno\u015b\u0107\" FMG \"Pioma\"."},{"language":"en","value":"Zak\u0142adowa Organizacja Zwi\u0105zkowa NSZZ \"Solidarno\u015b\u0107\" w BPT \"Techmaprojekt - Gda\u0144sk\"."},{"language":"en","value":"ZOZ NSZZ \"Solidarno\u015b\u0107\" BPT \"T-G\"."},{"language":"en","value":"Komisja Zak\u0142adowa NSZZ \"Solidarno\u015b\u0107\" bydgoskiej \"Belmy\"."},{"language":"en","value":"Krajowa Sekcja Bankowc\u00f3w (Szczecin)."},{"language":"en","value":"KSB NSZZ Solidarno\u015b\u0107."},{"language":"en","value":"Tymczasowa Komisja Zak\u0142adowa NSZZ \"Solidarno\u015b\u0107\" Diora."},{"language":"en","value":"Mi\u0119dzyzak\u0142adowy Komitet Strajkowy NSZZ \"Solidarno\u015b\u0107\" w Kaliszu."},{"language":"en","value":"MKS NSZZ \"Solidarno\u015b\u0107\" w Kaliszu."},{"language":"en","value":"Komitet Obywatelski \"Solidarno\u015b\u0107\" w Szczytnie."},{"language":"en","value":"KO \"Solidarno\u015b\u0107\" (Szczytno)."},{"language":"en","value":"Wojew\u00f3dzki Komitet Obywatelski \"Solidarno\u015b\u0107\" w Koszalinie."},{"language":"en","value":"Wojew\u00f3dzki Komitet Obywatelski w Koszalinie."},{"language":"en","value":"WKO w Koszalinie."},{"language":"en","value":"Komitet Obywatelski \"Solidarno\u015b\u0107\" w Rzeszowie."},{"language":"en","value":"Rzeszowski Komitet Obywatelski \"Solidarno\u015b\u0107\"."},{"language":"en","value":"MKK Ziemi K\u0119pi\u0144sko-Sycowskiej."},{"language":"en","value":"Miejska Komisja Koordynacyjna Ziemi K\u0119pi\u0144sko-Sycowskiej."},{"language":"en","value":"Tymczasowa Komisja Koordynacyjna NSZZ \"Solidarno\u015b\u0107\" Kopal\u0144 Jastrz\u0119bia"},{"language":"en","value":"TKK NSZZ \u201eSolidarno\u015b\u0107\" Kopal\u0144 Jastrz\u0119bia"},{"language":"en","value":"Komitet Obywatelski \"Solidarno\u015b\u0107\" w Bytowie."},{"language":"en","value":"Komitet Obywatelski \"S\" w Bytowie."},{"language":"en","value":"Mi\u0119dzyzak\u0142adowa Komisja Koordynacyjna NSZZ \"Solidarno\u015b\u0107\" przy Nadwi\u015bla\u0144skiej Sp\u00f3\u0142ce W\u0119glowej w Tychach."},{"language":"en","value":"Region Gda\u0144ski II NSZZ \"Solidarno\u015b\u0107\"."},{"language":"en","value":"NSZZ \"Solidarno\u015b\u0107\" Regionu Gda\u0144skiego II."},{"language":"en","value":"Akademicka Komisja Porozumiewawcza NSZZ \"Solidarno\u015b\u0107\" w Krakowie."},{"language":"en","value":"Akademicka Komisja Porozumiewawcza NSZZ \"Solidarno\u015b\u0107\"."},{"language":"en","value":"Komitet Obywatelski w Janowie Lubelskim."},{"language":"en","value":"Komitet Obywatelski NSZZ \"Solidarno\u015b\u0107\" (Jan\u00f3w Lubelski)."},{"language":"en","value":"Komisja Zak\u0142adowa NSZZ \"Solidarno\u015b\u0107\" \u015al\u0105skiej Akademii Medycznej w Katowicach."},{"language":"en","value":"KZ NSZZ \"Solidarno\u015b\u0107\" \u015al\u0105skiej Akademii Medycznej w Katowicach."},{"language":"en","value":"MKO (Gi\u017cycko)."},{"language":"en","value":"Mi\u0119dzyzak\u0142adowy Komitet Organizacyjny NSZZ \"Solidarno\u015b\u0107\" (Gi\u017cycko)."},{"language":"en","value":"Tymczasowy Zarz\u0105d NSZZ \"Solidarno\u015b\u0107\" Regionu Koszali\u0144skiego."},{"language":"en","value":"Komisja ds \u017bywno\u015bci przy KKP NSZZ \"Solidarno\u015b\u0107\" (Bydgoszcz)."},{"language":"en","value":"Regionalna Sekcja O\u015bwiaty i Wychowania NSZZ \"Solidarno\u015b\u0107\" przy Zarz\u0105dzie Regionu Dolny \u015al\u0105sk."},{"language":"en","value":"RSOiW przy Zarz\u0105dzie Regionu Dolny \u015al\u0105sk."},{"language":"en","value":"Biuro Informacyjno-Programowe Regionalnej Sekcji O\u015bwiaty i Wychowania NSZZ \"Solidarno\u015b\u0107\" przy Zarz\u0105dzie Regionu Dolny \u015al\u0105sk."},{"language":"en","value":"Komisja Zak\u0142adowa NSZZ \"Solidarno\u015b\u0107\" Gda\u0144skiej Stoczni Remontowej im. J\u00f3zefa Pi\u0142sudskiego."},{"language":"en","value":"Komisja Zak\u0142adowa Niezale\u017cnego Samorz\u0105dnego Zwi\u0105zku Zawodowego \"Solidarno\u015b\u0107\" przy Gda\u0144skiej Stoczni Remontowej."},{"language":"en","value":"Komitet Obrony Wi\u0119zionych za Przekonania Region Mazowsze"},{"language":"en","value":"RKOWzP Region Mazowsze"},{"language":"en","value":"Regionalny Komitet Obrony Wi\u0119zionych za Przekonania - Mazowsze"},{"language":"en","value":"Komisja Zak\u0142adowa NSZZ Solidarno\u015b\u0107 Kombinatu Budowlanego w Olsztynie."},{"language":"en","value":"Komisja Zak\u0142adowa NSZZ \"Solidarno\u015b\u0107\" ZPB im. Sz. Harnama w \u0141odzi."},{"language":"en","value":"Komisja Zak\u0142adowa NSZZ \"Solidarno\u015b\u0107\" (Zak\u0142ady Przemys\u0142u Bawe\u0142nianego im. Szymona Harnama \"Rena Kord\", \u0141\u00f3d\u017a)."},{"language":"en","value":"Prezydium KKP w Bydgoszczy."},{"language":"en","value":"Prezydium Krajowej Komisji Porozumiewawczej NSZZ \"Solidarno\u015b\u0107\" w Bydgoszczy."},{"language":"en","value":"K. Z. Elektromonta\u017c \u0141\u00f3d\u017a ."},{"language":"en","value":"KZ \"Solidarno\u015b\u0107\" Elektromonta\u017c-\u0141\u00f3d\u017a."},{"language":"en","value":"Komisja Zak\u0142adowa \"Solidarno\u015b\u0107\" Elektromonta\u017c-\u0141\u00f3d\u017a."},{"language":"en","value":"Komisja Zak\u0142adowa NSZZ \"Solidarno\u015b\u0107\" (Przedsi\u0119biorstwo Produkcji i Monta\u017cu Urz\u0105dze\u0144 Elektrycznych \"Elektromonta\u017c-\u0141\u00f3d\u017a\")."},{"language":"en","value":"Biuro Prasowe Podkarpackiego Regionalnego Komitetu Za\u0142o\u017cycielskiego NSZZ \"Solidarno\u015b\u0107\" w Kro\u015bnie."},{"language":"en","value":"Biuro Prasowe PRKZ NSZZ \"Solidarno\u015b\u0107\" w Kro\u015bnie."},{"language":"en","value":"MKO NSZZ \"Solidarno\u015b\u0107\" - Region Gda\u0144ski."},{"language":"en","value":"Mi\u0119dzyregionalna Komisja Obrony NSZZ \"Solidarno\u015b\u0107\" Regionu Gda\u0144skiego."},{"language":"en","value":"Regionalna Komisja Obrony NSZZ \"Solidarno\u015b\u0107\" (Gda\u0144sk)."},{"language":"en","value":"Regionalna Komisja Obrony NSZZ \"Solidarno\u015b\u0107\" w Gda\u0144sku."},{"language":"en","value":"RKSS NSZZ \"Solidarno\u015b\u0107\" Huty Warszawa"},{"language":"en","value":"Robotniczy Komitet Samoobrony Spo\u0142ecznej NSZZ \"Solidarno\u015b\u0107\" Huty Warszawa"},{"language":"en","value":"Robotniczy Komitet \"Solidarno\u015bci\" Huty Warszawa"},{"language":"en","value":"Robotniczy Komitet \"Solidarno\u015bci\" Huty im. ks. Jerzego Popie\u0142uszko w Warszawie"},{"language":"en","value":"Robotniczy Komitet \"Solidarno\u015bci\" Huty im. ks. Jerzego Popie\u0142uszko"},{"language":"en","value":"Robotniczy Komitet \"Solidarno\u015bci\" Huty im. ks. J. Popie\u0142uszko"},{"language":"en","value":"OZ NSZZ \"Solidarno\u015b\u0107\"."},{"language":"en","value":"Organizacja Zak\u0142adowa Niezale\u017cnego Samorz\u0105dnego Zwi\u0105zku Zawodowego \"Solidarno\u015b\u0107\"."},{"language":"en","value":"Organizacja Zak\u0142adowa NSZZ \"Solidarno\u015b\u0107\" w Politechnice Warszawskiej."},{"language":"en","value":"\"Solidarno\u015b\u0107\" Politechnika Warszawska."},{"language":"en","value":"Mi\u0119dzyzak\u0142adowa Komisja Koordynacyjna Elwro, Fadroma, FAT, Hutmen (Wroc\u0142aw-Grabiszynek)."},{"language":"en","value":"Mi\u0119dzyzak\u0142adowa Komisja Koordynacyjna NSZZ \"Solidarno\u015b\u0107\" Grabiszynek."},{"language":"en","value":"Mi\u0119dzyzak\u0142adowa Komisja Koordynacyjna NSZZ \"S\" Grabiszynek."},{"language":"en","value":"MKK Grabiszynek."},{"language":"en","value":"MKK NSZZ \"S\" Grabiszynek."},{"language":"en","value":"Komisja Zak\u0142adowa NSZZ \"Solidarno\u015b\u0107\" ZBiPM \"CUPRUM\"."},{"language":"en","value":"KZ NSZZ \"Solidarno\u015b\u0107\" w PSM C. Hartwig Gda\u0144sk."},{"language":"en","value":"Komitet Za\u0142o\u017cycielski NSZZ \"Solidarno\u015b\u0107\" (Gdy\u0144skie Przedsi\u0119biorstwo Budownictwa Przemys\u0142owego)."},{"language":"en","value":"Komitet Za\u0142o\u017cycielski Niezale\u017cnych Samorz\u0105dnych Zwi\u0105zk\u00f3w Zawodowych \"Solidarno\u015b\u0107\" przy Gdy\u0144skim Przedsi\u0119biorstwie Budownictwa Przemys\u0142owego."},{"language":"en","value":"KZ NSZZ \"Solidarno\u015b\u0107\" GPBP."},{"language":"en","value":"Komitet Obywatelski \"Solidarno\u015b\u0107\" w Olsztynku"},{"language":"en","value":"K.O.S. (Olsztynek)"},{"language":"en","value":"Komitet Obywatelski \"Solidarno\u015b\u0107\" (Sochaczew)."},{"language":"en","value":"Komitet Obywatelski \"Solidarno\u015b\u0107\" w Sochaczewie."},{"language":"en","value":"Komisja Oddzia\u0142owa NSZZ \"Solidarno\u015b\u0107\" w Soko\u0142owie Podlaskim."},{"language":"en","value":"Komisja Fabryczna NSZZ \"S\" w Zak\u0142adach \"Ursus\"."},{"language":"en","value":"Komisja Fabryczna NSZZ \"Solidarno\u015b\u0107\" w Zak\u0142adach \"Ursus\"."},{"language":"en","value":"KF NSZZ \"Solidarno\u015b\u0107\" ZM \"Ursus\" w Warszawie."},{"language":"en","value":"Tymczasowa Komisja Zak\u0142adowa NSZZ \"Solidarno\u015b\u0107\" (Zak\u0142ady Mechaniczne \"Ursus\", Warszawa)."},{"language":"en","value":"TKZ NSZZ \"Solidarno\u015b\u0107\" w Ursusie."},{"language":"en","value":"TKZ NSZZ \"S\" w Ursusie."},{"language":"en","value":"TKZ NSZZ \"S\" w ZM \"Ursus\"."},{"language":"en","value":"TKZ NSZZ \"S\" w ZM \"U\"."},{"language":"en","value":"TKZ NSZZ \"Solidarno\u015b\u0107\" w ZM \"Ursus\"."},{"language":"en","value":"TKZ \"S\" Ursus."},{"language":"en","value":"Katowicki Komitet Obywatelski \"Solidarno\u015b\u0107\" (Katowice-Ligota-Panewniki)."},{"language":"en","value":"KKO \"Solidarno\u015b\u0107\" (Katowice-Ligota-Panewniki)."},{"language":"en","value":"Katowicki Komitet Obywatelski Dzielnicy Ligota-Panewniki."},{"language":"en","value":"ZKZ NSZZ \"Solidarno\u015b\u0107\" KWK XXX-lecia PRL"},{"language":"en","value":"ZKZ NSZZ \"Solidarno\u015b\u0107\" (Kopalnia W\u0119gla Kamiennego XXX lecia PRL, Jastrz\u0119bie Zdr\u00f3j)"},{"language":"en","value":"TKZ NSZZ \"Solidarno\u015b\u0107\" Akademii Wychowania Fizycznego w Krakowie."},{"language":"en","value":"Komitet Obywatelski \"Solidarno\u015b\u0107\" Wojew\u00f3dztwa Che\u0142mskiego."},{"language":"en","value":"Wojew\u00f3dzki Komitet Obywatelski \"Solidarno\u015b\u0107\" w Che\u0142mie."},{"language":"en","value":"Komitet Obywatelski \"Solidarno\u015b\u0107\" Wojew\u00f3dztwa Lubelskiego."},{"language":"en","value":"Wojew\u00f3dzki Komitet Obywatelski \"Solidarno\u015b\u0107\" w Lublinie."},{"language":"en","value":"Komisja Zak\u0142adowa NSZZ \"Solidarno\u015b\u0107\" (Biuro Planowania Rozwoju Warszawy)."},{"language":"en","value":"Tymczasowa Komisja Koordynacyjna \"Solidarno\u015b\u0107\" Regionu Bydgoskiego."},{"language":"en","value":"Region Bydgoski."},{"language":"en","value":"Tymczasowa Komisja Koordynacyjna Regionu Bydgoskiego."},{"language":"en","value":"TKK Regionu Bydgoskiego."},{"language":"en","value":"TKK \"S\" Regionu Bydgoskiego."},{"language":"en","value":"TKK \"Solidarno\u015b\u0107\" Regionu Bydgoskiego."},{"language":"en","value":"Komisja Nauki, O\u015bwiaty i Wychowania Komitetu Obywatelskiego w Kaliszu."},{"language":"en","value":"Rada Koordynacyjna NSZZ \"Solidarno\u015b\u0107\" Regionu Pomorza Zachodniego."},{"language":"en","value":"Komisja Zak\u0142adowa NSZZ \"Solidarno\u015b\u0107\" przy Akademii Sztuk Pi\u0119knych im. Eugeniusza Geperta we Wroc\u0142awiu."},{"language":"en","value":"Solidarno\u015b\u0107 Dolny \u015al\u0105sk."},{"language":"en","value":"Komisja Zak\u0142adowa (Przedsi\u0119biorstwo Pa\u0144stwowe \"Polmozbyt\", Zielona G\u00f3ra)."},{"language":"en","value":"Solidarno\u015b\u0107 Zielona G\u00f3ra Komisja Zak\u0142adowa PP \"Polmozbyt\"."},{"language":"en","value":"KZ NSZZ \"Solidarno\u015b\u0107\" przy PP Polmozbyt."},{"language":"en","value":"Zak\u0142adowy Komitet Strajkowy NSZZ \"Solidarno\u015b\u0107\" (Fabryka Samochod\u00f3w Ci\u0119\u017carowych, Lublin)."},{"language":"en","value":"Zak\u0142adowy Komitet Strajkowy FSC."},{"language":"en","value":"ZKS NSZZ \"Solidarno\u015b\u0107\" FSC."},{"language":"en","value":"ZKS FSC NSZZ \"Solidarno\u015b\u0107\"."},{"language":"en","value":"Mi\u0119dzyzak\u0142adowa Komisja Interwencyjna NSZZ \"Solidarno\u015b\u0107\" w Po\u0142a\u0144cu."},{"language":"en","value":"Mi\u0119dzyzak\u0142adowa Komisja Interwencyjna NSZZ \"Solidarno\u015b\u0107\" Po\u0142aniec."},{"language":"en","value":"MZKI \"Po\u0142aniec\"."},{"language":"en","value":"Biuro Informacyjne MKZ Wroc\u0142aw."},{"language":"en","value":"Komitet Za\u0142o\u017cycielski Niezale\u017cnych Samorz\u0105dnych Zwi\u0105zk\u00f3w Zawodowych Stocznia Gdy\u0144ska."},{"language":"en","value":"Komitet Za\u0142o\u017cycielski Niezale\u017cnych Samorz\u0105dnych Zwi\u0105zk\u00f3w Zawodowych przy Stoczni im. Komuny Paryskiej w Gdyni."},{"language":"en","value":"Komitet Za\u0142o\u017cycielski Niezale\u017cnych i Samorz\u0105dnych Zwi\u0105zk\u00f3w Zawodowych przy Stoczni im. Komuny Paryskiej."},{"language":"en","value":"Komitet Za\u0142o\u017cycielski Niezale\u017cnego Samorz\u0105dnego Zwi\u0105zku Zawodowego \"Solidarno\u015b\u0107\" przy Stoczni im. Komuny Paryskiej Gdyni."},{"language":"en","value":"Komitet Za\u0142o\u017cycielski NSZZ \"Solidarno\u015b\u0107\" przy Stoczni P\u00f3\u0142nocnej im. Boh. Westarplatte."},{"language":"en","value":"KZ NSZZ \"Solidarno\u015b\u0107\" przy Stoczni P\u00f3\u0142nocnej im. Bohater\u00f3w Westerplatte."},{"language":"en","value":"Mikroregion \"S\" Mokot\u00f3w."},{"language":"en","value":"KZ NSZZ \"Solidarno\u015b\u0107\" USP (Starachowice)."},{"language":"en","value":"KZ NSZZ \"Solidarno\u015b\u0107\" (Produkcyjno-Us\u0142ugowa Sp\u00f3\u0142dzielnia Pracy \"Prze\u0142om\", Starachowice)."},{"language":"en","value":"K.O.W\u0142adys\u0142awowo Solidarno\u015b\u0107."},{"language":"en","value":"Komitet Obywatelski \"S\" W\u0142adys\u0142awowo."},{"language":"en","value":"Komitet Obywatelski \"Solidarno\u015b\u0107\" W\u0142adys\u0142awowo."},{"language":"en","value":"Sekcja O\u015bwiaty i Wychowania NSZZ \"Solidarno\u015b\u0107\" Regionu Gda\u0144skiego."},{"language":"en","value":"Regionalna Komisja Wyborcza NSZZ \u201eSolidarno\u015b\u0107 wojew\u00f3dztwa legnickiego"},{"language":"en","value":"Mi\u0119dzyzak\u0142adowa Komisja Koordynacyjna NSZZ \"Solidarno\u015b\u0107\" Regionu \u015al\u0105sko-D\u0105browskiego (Bytom)."},{"language":"en","value":"MKK Bytom NSZZ \"Solidarno\u015b\u0107\" Regionu \u015al\u0105sko-D\u0105browskiego."},{"language":"en","value":"NSZZ \"Solidarno\u015b\u0107\" Komisja Zak\u0142adowa Z.M. \"Predom-Mesko\" (Skar\u017cysko-Kamienna)."},{"language":"en","value":"Komisja Zak\u0142adowa NSZZ \"Solidarno\u015b\u0107\" (Zak\u0142ady Metalowe \"Predom-Mesko\", Skar\u017cysko-Kamienna)."},{"language":"en","value":"KZ NSZZ \"Solidarno\u015b\u0107\" w ZM Predom-Mesko (Skar\u017cysko-Kamienna)."},{"language":"en","value":"Robotniczy Komitet Obrony NSZZ \"Solidarno\u015b\u0107\" (Krak\u00f3w)."},{"language":"en","value":"Gminny Komitet Obywatelski \"Solidarno\u015b\u0107\" w Uje\u017adzie."},{"language":"en","value":"Komitet Obywatelski w Uje\u017adzie."}],"pl":[{"language":"pl","value":"Niezale\u017cny Samorz\u0105dny Zwi\u0105zek Zawodowy \"Solidarno\u015b\u0107\"."},{"language":"pl","value":"Regionalny Komitet Strajkowy NSZZ \"Solidarno\u015b\u0107\" Region \u015arodkowo-Wschodni z siedzib\u0105 w FSC."},{"language":"pl","value":"RKS NSZZ \"Solidarno\u015b\u0107\" R\u015a-W FSC."},{"language":"pl","value":"Regionalna Komisja Porozumiewawcza Pracownik\u00f3w Poligrafii NSZZ \"Solidarno\u015b\u0107\""},{"language":"pl","value":"Biuro Prasowe Zarz\u0105du Regionu NSZZ \"Solidarno\u015b\u0107\" Pomorza Zachodniego w Szczecinie"},{"language":"pl","value":"Biuro Prasowe MKO NSZZ \"S\" Szczecin"},{"language":"pl","value":"Biuro Prasowe Mi\u0119dzyzak\u0142adowego Komitetu Organizacyjnego NSZZ \"Solidarno\u015b\u0107\" Szczecin"},{"language":"pl","value":"Biuro Prasowe Mi\u0119dzyzak\u0142adowego Komitetu Organizacyjnego NSZZ \"Solidarno\u015b\u0107\" Regionu Pomorza Zachodniego w Szczecinie"},{"language":"pl","value":"TKZ NSZZ \"Solidarno\u015b\u0107\" PZL-\"Hydral\"."},{"language":"pl","value":"Tymczasowa Komisja Zak\u0142adowa \"Solidarno\u015b\u0107\" PZL-\"Hydral\"."},{"language":"pl","value":"Mi\u0119dzyzak\u0142adowe Porozumienie \"Solidarno\u015bci\" \"Unia\"."},{"language":"pl","value":"Mi\u0119dzyzak\u0142adowe Porozumienie \"Solidarno\u015bci\" \"Unia\" NSZZ \"Solidarno\u015b\u0107\"."},{"language":"pl","value":"MPS \"Unia\"."},{"language":"pl","value":"\"Unia\",  Mi\u0119dzyzak\u0142adowe Porozumienie \"Solidarno\u015bci\"."},{"language":"pl","value":"NSZZ \"Solidarno\u015b\u0107\"."},{"language":"pl","value":"Regionalny Komitet Strajkowy NSZZ \"Solidarno\u015b\u0107\" w Gorzowie Wlkopolskim."},{"language":"pl","value":"Regionalny Komitet Strajkowy NSZZ \"Solidarno\u015b\u0107\" w Gorzowie Wlkp."},{"language":"pl","value":"Regionalny Komitet Strajkowy w Gorzowie Wlkp."},{"language":"pl","value":"Obwodowy Komitet Obywatelski NSZZ \"Solidarno\u015b\u0107\" dla Dzielnic Rak\u00f3w, B\u0142eszno, Ostatni Grosz."},{"language":"pl","value":"Obwodowy Komitet Obywatelski \"Solidarno\u015b\u0107\" dla Dzielnic Rak\u00f3w, B\u0142eszno, Ostatni Grosz."},{"language":"pl","value":"Tymczasowa Komisja Zak\u0142adowa NSZZ \"Solidarno\u015b\u0107\" Zak\u0142ad\u00f3w Mechanicznych \"Gorz\u00f3w\" w Gorzowie Wielkopolskim."},{"language":"pl","value":"TKZ NSZZ \"Solidarno\u015b\u0107\" ZMG."},{"language":"pl","value":"Komitet Obywatelski \"Solidarno\u015b\u0107\" (Ko\u017cuch\u00f3w)."},{"language":"pl","value":"Komitet Obywatelski \"Solidarno\u015b\u0107\" w Ko\u017cuchowie."},{"language":"pl","value":"Solidarno\u015b\u0107."},{"language":"pl","value":"KO \"S\" w Ko\u017cuchowie."},{"language":"pl","value":"MKZ NSZZ \"Solidarno\u015b\u0107\" Woj. Jeleniog\u00f3rskiego."},{"language":"pl","value":"Mi\u0119dzyzak\u0142adowy Komitet Za\u0142o\u017cycielski NSZZ \"Solidarno\u015b\u0107\" Woj. Jeleniog\u00f3rskiego."},{"language":"pl","value":"MKZ NSZZ \"Solidarno\u015b\u0107\" Wojew\u00f3dztwa Jeleniog\u00f3rskiego."},{"language":"pl","value":"Zarz\u0105d Regionu Ziemi \u0141\u00f3dzkiej NSZZ \"Solidarno\u015b\u0107\"."},{"language":"pl","value":"NSZZ \"Solidarno\u015b\u0107\" Zarz\u0105d Regionalny Ziemi \u0141\u00f3dzkiej."},{"language":"pl","value":"Zarz\u0105d Regionalny NSZZ \"Solidarno\u015b\u0107\" Ziemi \u0141\u00f3dzkiej."},{"language":"pl","value":"Mi\u0119dzyzak\u0142adowy Komitet Za\u0142o\u017cycielski NSZZ \"Solidarno\u015b\u0107\" (Ko\u0142obrzeg)."},{"language":"pl","value":"MKZ NSZZ \"Solidarno\u015b\u0107\" (Ko\u0142obrzeg)."},{"language":"pl","value":"Komisja Zak\u0142adowa NSZZ \"Solidarno\u015b\u0107\" w Wy\u017cszej Szkole Pedagogicznej im. Jana Kochanowskiego w Kielcach."},{"language":"pl","value":"Komisja Zak\u0142adowa NSZZ \"Solidarno\u015b\u0107\" przy WSP w Kielcach."},{"language":"pl","value":"KZ NSZZ \"Solidarno\u015b\u0107\" WSP (Kielce)."},{"language":"pl","value":"\"Solidarno\u015b\u0107\"."},{"language":"pl","value":"Warszawski Komitet Obywatelski Praga-Po\u0142udnie."},{"language":"pl","value":"Komitet Obywatelski Solidarno\u015bci Praga-Po\u0142udnie."},{"language":"pl","value":"Warszawski Komitet Obywatelski \"Solidarno\u015b\u0107\" Praga-Po\u0142udnie."},{"language":"pl","value":"OKORR - Region Dolny \u015al\u0105sk."},{"language":"pl","value":"Og\u00f3lnopolski Komitet Oporu Rolnik\u00f3w i Robotnik\u00f3w."},{"language":"pl","value":"\u017boliborski Komitet Obywatelski \"Solidarno\u015b\u0107\"."},{"language":"pl","value":"\u017boliborski Komitet Obywatelski."},{"language":"pl","value":"\u017boliborski Komitet Obywatelski \"S\"."},{"language":"pl","value":"Komitet Obywatelski \"Solidarno\u015b\u0107\" Regionu Leszczy\u0144skiego."},{"language":"pl","value":"Region Leszczy\u0144ski NSZZ \"Solidarno\u015b\u0107\"."},{"language":"pl","value":"Komitet Obywatelski \"Solidarno\u015b\u0107\" (Warszawa - Mokot\u00f3w)."},{"language":"pl","value":"KO \"Solidarno\u015b\u0107\" (Warszawa - Mokot\u00f3w)."},{"language":"pl","value":"Biuro Informacyjne NSZZ  \"Solidarno\u015b\u0107\" Wroc\u0142aw."},{"language":"pl","value":"Sekcja Informacji MKR Rzesz\u00f3w."},{"language":"pl","value":"Sekcja Informacji MKR \"Solidarno\u015b\u0107\" Rzesz\u00f3w."},{"language":"pl","value":"Sekcja Informacji MKR NSZZ \"Solidarno\u015b\u0107\" Rzesz\u00f3w."},{"language":"pl","value":"KO \"Solidarno\u015b\u0107\" (Kock)."},{"language":"pl","value":"Komitet Obywatelski  NSZZ \"Solidarno\u015b\u0107\" (Kock)."},{"language":"pl","value":"Komitet Obywatelski M. i G. Kock."},{"language":"pl","value":"Komitet Obywatelski Miasta i Gminy Kock."},{"language":"pl","value":"Komitet Obywatelski \"Solidarno\u015b\u0107\" (Wola)."},{"language":"pl","value":"Komitet Obywatelski \"Solidarno\u015b\u0107\" Wola."},{"language":"pl","value":"KO \"S\" Wola."},{"language":"pl","value":"Mi\u0119dzyzak\u0142adowy Komitet Za\u0142o\u017cycielski NSZZ \"Solidarno\u015b\u0107\" Region Mazowsze Oddzia\u0142 Siedlce."},{"language":"pl","value":"Oddzia\u0142 Siedlce Mi\u0119dzyzak\u0142adowego Komitetu Za\u0142o\u017cycielskiego NSZZ \"Solidarno\u015b\u0107\" Region Mazowsze."},{"language":"pl","value":"MKZ NSZZ \"Solidarno\u015b\u0107\" Region Mazowsze Oddz. Siedlce."},{"language":"pl","value":"MKZ NSZZ \"Solidarno\u015b\u0107\" Region Mazowsze Oddzia\u0142 w Siedlcach."},{"language":"pl","value":"Dzia\u0142 Prasowy Biura Krajowego NSZZ \"Solidarno\u015b\u0107\"."},{"language":"pl","value":"Biuro Rzecznika Prasowego MKZ NSZZ \"Solidarno\u015b\u0107\"."},{"language":"pl","value":"Mi\u0119dzyzak\u0142adowa Komisja Zwi\u0105zkowa NSZZ \"Solidarno\u015b\u0107\" KWK \"So\u015bnica\"."},{"language":"pl","value":"TKZ NSZZ \"Solidarno\u015b\u0107\" Huta Katowice."},{"language":"pl","value":"TKZ Huta Katowice."},{"language":"pl","value":"Komisja Zak\u0142adowa NSZZ \"Solidarno\u015b\u0107\" Huta Katowice."},{"language":"pl","value":"KZ NSZZ \"Solidarno\u015b\u0107\" H. Katowice."},{"language":"pl","value":"Komisja Zak\u0142adowa NSZZ \"Solidarno\u015b\u0107\" K.M. Huta Katowice."},{"language":"pl","value":"KZ NSZZ \"Solidarno\u015b\u0107\" Huty Katowice."},{"language":"pl","value":"Gminny Komitet Obywatelski \"Solidarno\u015b\u0107\" w Jonkowie."},{"language":"pl","value":"GKO \"S\"."},{"language":"pl","value":"Komitet Obywatelski \"Solidarno\u015b\u0107\" w Jonkowie."},{"language":"pl","value":"Mi\u0119dzyzak\u0142adowy Komitet Za\u0142o\u017cycielski NSZZ \"Solidarno\u015b\u0107\" w Nysie."},{"language":"pl","value":"MKZ NSZZ \"Solidarno\u015b\u0107\" w Nysie."},{"language":"pl","value":"Rada Programowa NSZZ \"Solidarno\u015b\u0107\" Region \u015al\u0105sko-D\u0105browski."},{"language":"pl","value":"RP NSZZ \"Solidarno\u015b\u0107\" Regionu \u015al\u0105sko-D\u0105browskiego."},{"language":"pl","value":"MKS NSZZ \"Solidarno\u015b\u0107\" Woj. Jeleniog\u00f3rskiego."},{"language":"pl","value":"Mi\u0119dzyzak\u0142adowy Komitet Strajkowy Wojew\u00f3dztwa Jeleniog\u00f3rskiego."},{"language":"pl","value":"Biuro Prasowe Zarz\u0105du Regionu NSZZ \"Solidarno\u015b\u0107\" Dolny \u015al\u0105sk"},{"language":"pl","value":"Biuro Prasowe ZR NSZZ \"S\" Dolny \u015al\u0105sk"},{"language":"pl","value":"Zarz\u0105d Regionu NSZZ \"Solidarno\u015b\u0107\" Dolny \u015al\u0105sk."},{"language":"pl","value":"Region Dolny \u015al\u0105sk NSZZ \"Solidarno\u015b\u0107\"."},{"language":"pl","value":"Komitet Obywatelski w Pcimiu."},{"language":"pl","value":"Komitet Obywatelski \"Solidarno\u015b\u0107\" w Pcimiu."},{"language":"pl","value":"Komisja Mi\u0119dzyzak\u0142adowa NSZZ \"Solidarno\u015b\u0107\" w S\u0142upsku."},{"language":"pl","value":"Mi\u0119dzyzak\u0142adowa Komisja NSZZ \"Solidarno\u015b\u0107\"(S\u0142upsk)."},{"language":"pl","value":"Mi\u0119dzyzak\u0142adowa Komisja NSZZ \"Solidarno\u015b\u0107\" w S\u0142upsku."},{"language":"pl","value":"NSZZ \"Solidarno\u015b\u0107\" MKZ Tarn. G\u00f3ry."},{"language":"pl","value":"Mi\u0119dzyzak\u0142adowa Komisja Za\u0142o\u017cycielska NSZZ \"Solidarno\u015b\u0107\" (Tarnowskie G\u00f3ry)."},{"language":"pl","value":"Komitet Obywatelski \"Solidarno\u015b\u0107\" (G\u00f3ra Kalwaria)"},{"language":"pl","value":"Mi\u0119dzyzak\u0142adowy Komitet Za\u0142o\u017cycielski Niezale\u017cnych Samorz\u0105dnych Zwi\u0105zk\u00f3w Zawodowych \"Solidarno\u015b\u0107\" w Zamo\u015bciu."},{"language":"pl","value":"MKZ NSZZ \u201eSolidarno\u015b\u0107\" w Zamo\u015bciu."},{"language":"pl","value":"Mi\u0119dzyzak\u0142adowy Komitet Za\u0142o\u017cycielski Niezale\u017cnego Samorz\u0105dnego Zwi\u0105zku Zawodowego \"Solidarno\u015b\u0107\" w Zamo\u015bciu."},{"language":"pl","value":"Komisja Zak\u0142adowa NSZZ \"Solidarno\u015b\u0107\" (Krakowskie Zak\u0142ady Armatur)."},{"language":"pl","value":"Komisja Zak\u0142adowa NSZZ \"Solidarno\u015b\u0107\" w KZA."},{"language":"pl","value":"Trzcianecki Komitet Obywatelski."},{"language":"pl","value":"Komitet Obywatelski Ziemi Trzcianeckiej."},{"language":"pl","value":"K.O.\"S\"."},{"language":"pl","value":"Prezydium Zarz\u0105du Regionu Pomorza Zachodniego NSZZ \"Solidarno\u015b\u0107\"."},{"language":"pl","value":"Terenowa Komisja Koordynacyjna w Ostrowcu \u015aw. Region \u015awi\u0119tokrzyski."},{"language":"pl","value":"Komitet Obywatelski \"Solidarno\u015b\u0107 (Puck)."},{"language":"pl","value":"Mi\u0119dzyzak\u0142adowy Komitet \"S\" Pabianice."},{"language":"pl","value":"Mi\u0119dzyzak\u0142adowy Komitet \"Solidarno\u015b\u0107\" Pabianice."},{"language":"pl","value":"Komisja Samorz\u0105du Terytorialnego Komitetu Obywatelskiego przy Przewodnicz\u0105cym NSZZ \"Solidarno\u015b\u0107\"."},{"language":"pl","value":"Komitet Obywatelski przy Przewodnicz\u0105cym NSZZ \"Solidarno\u015b\u0107\"."},{"language":"pl","value":"Komitet Obywatelski przy Przewodnicz\u0105cym NSZZ \"Solidarno\u015b\u0107\" Lechu Wa\u0142\u0119sie."},{"language":"pl","value":"Warszawska Sekcja Gastronomii I Hotelarstwa NSZZ \"Solidarno\u015b\u0107\" Region Mazowsze."},{"language":"pl","value":"Region Mazowsze NSZZ \"Solidarno\u015b\u0107\" Warszawska Sekcja Gastronomii I Hotelarstwa."},{"language":"pl","value":"Zarz\u0105d Regionalny NSZZ \"Solidarno\u015b\u0107\" w Zielonej G\u00f3rze."},{"language":"pl","value":"Komisja Regionalna Sekcji O\u015bwiaty i Wychowania w Olsztynie."},{"language":"pl","value":"KR SOiW."},{"language":"pl","value":"Komisja Regionalna Sekcji O\u015bwiaty i Wychowania NSZZ \"S\"."},{"language":"pl","value":"KZ NSZZ Solidarno\u015b\u0107 przy ZSO \"Polam-Farel\"."},{"language":"pl","value":"Komisja Zak\u0142adowa NSZZ \"Solidarno\u015b\u0107\" Zak\u0142ad\u00f3w Sprz\u0119tu O\u015bwietleniowego \"Polam-Farel\" w K\u0119trzynie."},{"language":"pl","value":"Biuro Prasowe Komitetu Obywatelskiego we Wroc\u0142awiu Niezale\u017cnego Samorz\u0105dnego Zwi\u0105zku Zawodowego \"Solidarno\u015b\u0107\"."},{"language":"pl","value":"Biuro Prasowe Komitetu Obywatelskiego NSZZ \"Solidarno\u015b\u0107\" we Wroc\u0142awiu."},{"language":"pl","value":"TKZ \"Solidarno\u015b\u0107\" MPT (Warszawa)."},{"language":"pl","value":"Tajna Komisja Zak\u0142adowa NSZZ \"Solidarno\u015b\u0107\" przy MPT Warszawa."},{"language":"pl","value":"Komisja Zak\u0142adowa NSZZ \"Solidarno\u015b\u0107\" ATR."},{"language":"pl","value":"Komisja Zak\u0142adowa NSZZ \"Solidarno\u015b\u0107\" (Akademia Techniczno-Rolnicza im. Jana i J\u0119drzeja \u015aniadeckich, Bydgoszcz)."},{"language":"pl","value":"Komitet Obywatelski \"Solidarno\u015b\u0107\" Wojew\u00f3dztwa Zielonog\u00f3rskiego."},{"language":"pl","value":"Kartuski Komitet Obywatelski."},{"language":"pl","value":"Region P\u0142ock NSZZ \"Solidarno\u015b\u0107\""},{"language":"pl","value":"\"Solidarno\u015b\u0107\" Regionu P\u0142ockiego"},{"language":"pl","value":"NSZZ \"Solidarno\u015b\u0107\" Delegatura Regionu Pomorza Zachodniego w \u015awinouj\u015bciu."},{"language":"pl","value":"NSZZ \"Solidarno\u015b\u0107\" DRPZ."},{"language":"pl","value":"Regionalna Komisja Koordynacyjna NSZZ \"Solidarno\u015b\u0107\" Region Che\u0142m."},{"language":"pl","value":"Region Che\u0142mski."},{"language":"pl","value":"RKK NSZZ \"Solidarno\u015b\u0107\" RCh."},{"language":"pl","value":"Komisja Zak\u0142adowa NSZZ \"Solidarno\u015b\u0107\" (Urz\u0105d Dzielnicy \u015ar\u00f3dmie\u015bcie m.st. Warszawy)"},{"language":"pl","value":"Komisja Zak\u0142adowa NSZZ \"Solidarno\u015b\u0107\" przy U.D. \u015ar\u00f3dmie\u015bcie"},{"language":"pl","value":"KZ NSZZ \"Solidarno\u015b\u0107\" U.D.\u015a."},{"language":"pl","value":"Komisja Zak\u0142adowa NSZZ \"Solidarno\u015b\u0107\" przy Zak\u0142adach Wkl\u0119s\u0142odrukowych RSW \"Prasa\"."},{"language":"pl","value":"Komisja Zak\u0142adowa NSZZ \"Solidarno\u015b\u0107\" przy WSI (Radom)."},{"language":"pl","value":"Komitet Obywatelski \"Solidarno\u015b\u0107\" (Radzymin)."},{"language":"pl","value":"Komitet Obywatelski \"Solidarno\u015b\u0107\" Miasta i Gminy Radzymin."},{"language":"pl","value":"Krajowe Porozumienie Zak\u0142ad\u00f3w Pracy NSZZ \"Solidarno\u015b\u0107\"."},{"language":"pl","value":"Krajowe Porozumienie Zak\u0142ad\u00f3w Pracy."},{"language":"pl","value":"Mi\u0119dzyzak\u0142adowy Komitet Organizacyjny NSZZ \"Solidarno\u015b\u0107\" Regionu P\u0142ockiego"},{"language":"pl","value":"MKO NSZZ \"Solidarno\u015b\u0107\" Regionu P\u0142ockiego"},{"language":"pl","value":"Komisja Zak\u0142adowa Pracownik\u00f3w O\u015bwiaty i Wychowania Krak\u00f3w - \u015ar\u00f3dmie\u015bcie NSZZ \"Solidarno\u015b\u0107\""},{"language":"pl","value":"Biuro Prasowe Krajowej Komisji Pracownik\u00f3w Filmu NSZZ \"Solidarno\u015b\u0107\" w Warszawie."},{"language":"pl","value":"Krajowa Komisja Pracownik\u00f3w Filmu NSZZ \"Solidarno\u015b\u0107\"."},{"language":"pl","value":"Komisja Zak\u0142adowa Pracownik\u00f3w O\u015bwiaty i Wychowania Wojew\u00f3dztwa Krakowskiego NSZZ \"Solidarno\u015b\u0107\""},{"language":"pl","value":"Komisja Zak\u0142adowa NSZZ \"Solidarno\u015b\u0107\" Pracownik\u00f3w O\u015bwiaty i Wychowania Wojew\u00f3dztwa Krakowskiego"},{"language":"pl","value":"Komisja Zak\u0142adowa NSZZ \"Solidarno\u015b\u0107\" (Fabryka Silnik\u00f3w Elektrycznych \"Ema-Tamel\", Tarn\u00f3w)"},{"language":"pl","value":"Komisja Zak\u0142adowa NSZZ \"Solidarno\u015b\u0107\" przy FSE \"Ema-Tamel\" w Tarnowie"},{"language":"pl","value":"KZ NSZZ \"Solidarno\u015b\u0107\" przy FSE \"Ema-Tamel\""},{"language":"pl","value":"Komitet Obywatelski NSZZ \"Solidarno\u015b\u0107\" (Orneta)."},{"language":"pl","value":"Komitet Obywatelski (Orneta)."},{"language":"pl","value":"Tymczasowa Komisja Zak\u0142adowa NSZZ \"Solidarno\u015b\u0107\" (Kombinat Przemys\u0142owy Huta \"Stalowa Wola\")."},{"language":"pl","value":"Tymczasowa Komisja Zak\u0142adowa NSZZ \"Solidarno\u015b\u0107\" Huty \"Stalowa Wola\"."},{"language":"pl","value":"Tymczasowa Komisja Zak\u0142adowa NSZZ \"Solidarno\u015b\u0107\" Kombinat Hutniczy Stalowa Wola."},{"language":"pl","value":"TKZ NSZZ \"Solidarno\u015b\u0107\" HSW."},{"language":"pl","value":"Komitet Obywatelski \"Solidarno\u015b\u0107\" w O\u017carowie Maz."},{"language":"pl","value":"Komitet Obywatelski \"Solidarno\u015b\u0107\" miasta i gminy O\u017car\u00f3w Mazowiecki."},{"language":"pl","value":"Region \u015al\u0105ska Opolskiego NSZZ \"Solidarno\u015b\u0107\"."},{"language":"pl","value":"Komisja Zak\u0142adowa Sekcji O\u015bwiaty i Wychowania NSZZ \"Solidarno\u015b\u0107\" Regionu \u015al\u0105ska Opolskiego."},{"language":"pl","value":"Komisja Zak\u0142adowa Pracownik\u00f3w O\u015bwiaty i Wychowania w Opolu."},{"language":"pl","value":"Komisja Przedsi\u0119biorstwa NSZZ \"Solidarno\u015b\u0107\" Zak\u0142ad\u00f3w Przemys\u0142u Tytoniowego w Krakowie."},{"language":"pl","value":"Komisja Przedsi\u0119biorstwa NSZZ \"Solidarno\u015b\u0107\" Zak\u0142ad\u00f3w Przemys\u0142u Tytoniowego w Krakowie S.A."},{"language":"pl","value":"Komisja Przedsi\u0119biorstwa NSZZ \"Solidarno\u015b\u0107\" przy Philip Morris Polska S.A."},{"language":"pl","value":"Krajowa Komisja Koordynacyjna NSZZ \"Solidarno\u015b\u0107\" Pracownik\u00f3w Resortu \u0141\u0105czno\u015bci"},{"language":"pl","value":"Komisja Koordynacyjna NSZZ \"Solidarno\u015b\u0107\" Pracownik\u00f3w \u0141\u0105czno\u015bci Region Mazowsze"},{"language":"pl","value":"Komisja Koordynacyjna NSZZ \"Solidarno\u015b\u0107\" Pracownik\u00f3w Resortu \u0141\u0105czno\u015bci Region Mazowsze"},{"language":"pl","value":"Miejski Komitet Oporu NSZZ \"Solidarno\u015b\u0107\" (Zabrze)."},{"language":"pl","value":"MKO NSZZ \"Solidarno\u015b\u0107\" Zabrze."},{"language":"pl","value":"Prezydium MKZ NSZZ \"Solidarno\u015b\u0107\" w Rzeszowie."},{"language":"pl","value":"Prezydium Mi\u0119dzyzak\u0142adowego Komitetu Za\u0142o\u017cycielskiego NSZZ \"Solidarno\u015b\u0107\" w Rzeszowie."},{"language":"pl","value":"MKS NSZZ \"Solidarno\u015b\u0107\" Regionu Podbeskidzie."},{"language":"pl","value":"Mi\u0119dzyzak\u0142adowy Komitet Strajkowy NSZZ \"Solidarno\u015b\u0107\" Regionu Podbeskidzie."},{"language":"pl","value":"Lokalny Komitet Obywatelski \"Solidarno\u015b\u0107\" (Mi\u0144sk Mazowiecki)."},{"language":"pl","value":"LKO \"Solidarno\u015b\u0107\" (Mi\u0144sk Mazowiecki)."},{"language":"pl","value":"Komisja Zak\u0142adowa NSZZ \"Solidarno\u015b\u0107\" (Man Star Trucks & Busses)."},{"language":"pl","value":"Komisja Zak\u0142adowa NSZZ \"Solidarno\u015b\u0107\" (Star Trucks)."},{"language":"pl","value":"Komitet Obywatelski \"Solidarno\u015b\u0107\" (Milan\u00f3wek)."},{"language":"pl","value":"Komitet Obywatelski \"Solidarno\u015b\u0107\" w Milan\u00f3wku."},{"language":"pl","value":"Komitet Obywatelski w Milan\u00f3wku."},{"language":"pl","value":"Mi\u0119dzyzak\u0142adowy Komitet NSZZ \"Solidarno\u015b\u0107\" Region \u0141\u00f3dzki."},{"language":"pl","value":"MK NSZZ \"Solidarno\u015b\u0107\" Region \u0141\u00f3dzki."},{"language":"pl","value":"MK NZZS \"Solidarno\u015b\u0107\"."},{"language":"pl","value":"Tymczasowa Komisja Regionalna NSZZ \"Solidarno\u015b\u0107\" w Bia\u0142ymstoku."},{"language":"pl","value":"TKR NSZZ \"Solidarno\u015b\u0107\"."},{"language":"pl","value":"Mi\u0119dzyzak\u0142adowy Komitet Robotniczy NSZZ \"Solidarno\u015b\u0107\" w Bia\u0142ymstoku."},{"language":"pl","value":"MKR NSZZ \"Solidarno\u015b\u0107\" w Bia\u0142ymstoku."},{"language":"pl","value":"TKZ NSZZ \"Solidarno\u015b\u0107\" przy Zak\u0142adach Naprawczych Taboru Kolejowego w Poznaniu."},{"language":"pl","value":"TKZ NSZZ \"Solidarno\u015b\u0107\" przy ZNTK w Poznaniu."},{"language":"pl","value":"Mi\u0119dzyzak\u0142adowy Komitet Za\u0142o\u017cycielski NSZZ \"Solidarno\u015b\u0107\" w Legnicy."},{"language":"pl","value":"MKZ NSZZ w Legnicy."},{"language":"pl","value":"MKZ NSZZ \"Solidarno\u015b\u0107\" region Legnica."},{"language":"pl","value":"MKZ Legnica."},{"language":"pl","value":"MKZ NSZZ \"Solidarno\u015b\u0107\" w Legnicy."},{"language":"pl","value":"Komitet Obywatelski \"Solidarno\u015b\u0107\"."},{"language":"pl","value":"KO \"Solidarno\u015b\u0107\"."},{"language":"pl","value":"Komitet Obywatelski \"Solidarno\u015b\u0107\" (Starachowice)."},{"language":"pl","value":"KO \"Solidarno\u015b\u0107\" w Starachowicach."},{"language":"pl","value":"Komitet Obywatelski w Starachowicach."},{"language":"pl","value":"Komitet Obywatelski Starachowice."},{"language":"pl","value":"Delegatura NSZZ \"Solidarno\u015b\u0107\" (Starachowice)."},{"language":"pl","value":"Delegatura NSZZ \"Solidarno\u015b\u0107\" w Starachowicach."},{"language":"pl","value":"Delegatura Regionu \u015awi\u0119tokrzyskiego NSZZ \"Solidarno\u015b\u0107\" Starachowicach."},{"language":"pl","value":"Tymczasowa Komisja Zak\u0142adowa NSZZ \"Solidarno\u015b\u0107\" (Kombinat Instalacji Sanitarnych Budownictwa \"Warszawa\")"},{"language":"pl","value":"TKZ NSZZ \"Solidarno\u015b\u0107\" w Kombinacie Instalacji Sanitarnych"},{"language":"pl","value":"TKZ NSZZ \"Solidarno\u015b\u0107\" (Kombinat Instalacji Sanitarnych)"},{"language":"pl","value":"TKZ NSZZ \"Solidarno\u015b\u0107\" KIS-BW"},{"language":"pl","value":"TKZ NSZZ \"Solidarno\u015b\u0107\" w Kombinacie Instalacji Sanitarnych - BW"},{"language":"pl","value":"TKZ NSZZ \"Solidarno\u015b\u0107\" KIS"},{"language":"pl","value":"NSZZ \"Solidarno\u015b\u0107\" Ziemi K\u0142odzkiej."},{"language":"pl","value":"Mi\u0119dzyzak\u0142adowa Komisja NSZZ \"Solidarno\u015b\u0107\" Huty \"Cz\u0119stochowa\" S.A."},{"language":"pl","value":"Biuro Informacji Regionalnej Komisji Wyborczej NSZZ \"Solidarno\u015b\u0107\" (Bydgoszcz)."},{"language":"pl","value":"Biuro Informacji RKW NSZZ \"Solidarno\u015b\u0107\"."},{"language":"pl","value":"NSZZ \"Solidarno\u015b\u0107."},{"language":"pl","value":"Komisja Zak\u0142adowa Huty Cz\u0119stochowa NSZZ \"Solidarno\u015b\u0107\"."},{"language":"pl","value":"Komisja Zak\u0142adowa NSZZ \"Solidarno\u015b\u0107\" Huty Cz\u0119stochowa."},{"language":"pl","value":"Prezydium Regionalnej Komisji Wyborczej (Bydgoszcz)."},{"language":"pl","value":"Krajowa Komisja Ochrony \u015arodowiska Cz\u0142owieka NSZZ \"Solidarno\u015b\u0107\"."},{"language":"pl","value":"Komisja Samorz\u0105dowa \"S\" w Rakoniewicach."},{"language":"pl","value":"Komisja Samorz\u0105dowa NSZZ \"Solidarno\u015b\u0107\" w Rakoniewicach."},{"language":"pl","value":"Komisja Uczelniana NSZZ \"Solidarno\u015b\u0107\" Akademii Rolniczej w Poznaniu."},{"language":"pl","value":"Komisja Uczelniana NSZZ \"Solidarno\u015b\u0107\" AR w Poznaniu."},{"language":"pl","value":"NSZZ \"Solidarno\u015b\u0107\" AR w Poznaniu."},{"language":"pl","value":"AIT TKO \"S\"."},{"language":"pl","value":"Terenowy Komitet Oporu \"Solidarno\u015bci\" Regionu Mazowsze."},{"language":"pl","value":"Terenowe Komitety Oporu \"S\"."},{"language":"pl","value":"Agencja Informacyjna TKOS."},{"language":"pl","value":"Komitet Obywatelski \"S\" w Go\u0142dapi."},{"language":"pl","value":"Komitet Obywatelski NSZZ \"Solidarno\u015b\u0107\" (Go\u0142dap)."},{"language":"pl","value":"Bran\u017cowa Komisja Koordynacyjna Przedsi\u0119biorstw Handlu Zagranicznego i Gospodarki Morskiej Niezale\u017cnego Samorz\u0105dnego Zwi\u0105zku Zawodowego \"Solidarno\u015b\u0107\"."},{"language":"pl","value":"Krajowa Komisja Koordynacyjna Przedsi\u0119biorstw Handlu Zagranicznego i Gospodarki Morskiej Niezale\u017cnego Samorz\u0105dnego Zwi\u0105zku Zawodowego \"Solidarno\u015b\u0107\"."},{"language":"pl","value":"Zarz\u0105d Regionalny NSZZ \"Solidarno\u015b\u0107\" \u015al\u0105ska i Zag\u0142\u0119bia."},{"language":"pl","value":"Komitet Obywatelski NSZZ \"Solidarno\u015b\u0107\" (Lipno)."},{"language":"pl","value":"Region Zag\u0142\u0119bie Miedziowe NSZZ \"Solidarno\u015b\u0107."},{"language":"pl","value":"Zarz\u0105d Regionu Zag\u0142\u0119bie Miedziowe\" NSZZ \"Solidarno\u015b\u0107\"."},{"language":"pl","value":"\"Solidarno\u015b\u0107\" Zag\u0142\u0119bie Miedziowe."},{"language":"pl","value":"Komitet Za\u0142o\u017cycielski NSZZ \"Solidarno\u015b\u0107\" w WPKSiUP \"Mostostal\" M-2."},{"language":"pl","value":"KZ NSZZ \"Solidarno\u015b\u0107\" w WPKSiUP \"Mostostal\" M-2."},{"language":"pl","value":"KZ NSZZ \"Solidarno\u015b\u0107\" w WPKSiUP \"Mostostal\"."},{"language":"pl","value":"Zarz\u0105d NSZZ \"S\" Oddzia\u0142 Boles\u0142awiec Region Dolny \u015al\u0105sk."},{"language":"pl","value":"Prezydium KZ NSZZ \"Solidarno\u015b\u0107\" WPHW w Opolu."},{"language":"pl","value":"Komisja Zak\u0142adowa NSZZ \"Solidarno\u015b\u0107\"."},{"language":"pl","value":"Regionalna Komisja Wyborcza NSZZ \"Solidarno\u015b\u0107\" Region Mazowsze."},{"language":"pl","value":"RKW NSZZ \"Solidarno\u015b\u0107\" Reg. Mazowsze."},{"language":"pl","value":"Region Mazowsze."},{"language":"pl","value":"Tarnobrzeski Komitet Obywatelski \"Solidarno\u015b\u0107\"."},{"language":"pl","value":"Informacyjna S\u0142u\u017cba Wyborcza Komitetu Obywatelskiego (Gda\u0144sk)."},{"language":"pl","value":"KZ NSZZ Solidarno\u015b\u0107 przy Cementowni O\u017car\u00f3w."},{"language":"pl","value":"Komisja Zak\u0142adowa NSZZ \"Solidarno\u015b\u0107\" PRK-7 Warszawa."},{"language":"pl","value":"Ko\u0142o Zak\u0142adowe przy IFS/PAN."},{"language":"pl","value":"Autonomiczna Grupa NSZZ \"Solidarno\u015b\u0107\"."},{"language":"pl","value":"Komitet Obywatelski \"Solidarno\u015b\u0107\" w Soko\u0142owie Podlaskim."},{"language":"pl","value":"KO \"Solidarno\u015b\u0107\" w Soko\u0142owie Podlaskim."},{"language":"pl","value":"Powiatowy Komitet Obywatelski \"Solidarno\u015b\u0107\" w Soko\u0142owie Podlaskim."},{"language":"pl","value":"Komisja Zak\u0142adowa NSZZ \"Solidarno\u015b\u0107\" Huty \"Cz\u0119stochowa\"."},{"language":"pl","value":"Biuro Informacyjne MKS Wroc\u0142aw."},{"language":"pl","value":"Komisja do spraw Informacji NSZZ \"Solidarno\u015b\u0107\" (Zak\u0142ady Mechaniczne \"Ursus\", Warszawa)"},{"language":"pl","value":"Komisja d/s Informacji NSZZ \"Solidarno\u015b\u0107\" w ZM \"Ursus\""},{"language":"pl","value":"Tymczasowa Komisja Zak\u0142adowa NSZZ \"Solidarno\u015b\u0107\" Zak\u0142ad\u00f3w Budownictwa Kolejowego-Krak\u00f3w."},{"language":"pl","value":"Tymczasowa Komisja Zak\u0142adowa NSZZ \"Solidarno\u015b\u0107\" (Zak\u0142ady Budownictwa Kolejowego, Krak\u00f3w)"},{"language":"pl","value":"Region Dolny \u015al\u0105sk NSZZ \"Solidarno\u015b\u0107\" woj. wa\u0142brzyskiego."},{"language":"pl","value":"NSZZ \"Solidarno\u015b\u0107\" woj. wa\u0142brzyskiego."},{"language":"pl","value":"KP NSZZ \"Solidarno\u015b\u0107\" woj. wa\u0142brzyskiego."},{"language":"pl","value":"TKO NSZZ \"Solidarno\u015b\u0107\" woj. wa\u0142brzyskiego."},{"language":"pl","value":"NSZZ \"Solidarno\u015b\u0107\" Ziemi Wa\u0142brzyskiej."},{"language":"pl","value":"Komitet Obywatelski w Z\u0105bkowicach \u015al\u0105skich."},{"language":"pl","value":"Komitet Obywatelski Solidarno\u015b\u0107 Ziemi Z\u0105bkowickiej."},{"language":"pl","value":"Komitet Obywatelski Ziemii Z\u0105bkowickiej Niezale\u017cnego Samorz\u0105dnego Zwi\u0105zku Zawodowego \"Solidarno\u015b\u0107\"."},{"language":"pl","value":"MKZ NSZZ \"Solidarno\u015b\u0107\" woj. wa\u0142brzyskiego."},{"language":"pl","value":"Mi\u0119dzyzak\u0142adowy Komitet Za\u0142o\u017cycielski NSZZ \"Solidarno\u015b\u0107\" Region Dolny \u015al\u0105sk."},{"language":"pl","value":"Komitet Obywatelski \"Solidarno\u015b\u0107\" w Grodzisku Mazowieckim."},{"language":"pl","value":"Komitet Obywatelski (Grodzisk Mazowiecki)."},{"language":"pl","value":"Regionalny Komitet Strajkowy \"Pobrze\u017ce\" w Koszalinie."},{"language":"pl","value":"Regionalny Komitet Strajkowy NSZZ \"Solidarno\u015b\u0107\" Pobrze\u017ce."},{"language":"pl","value":"Prezydium MKZ NSZZ \"Solidarno\u015b\u0107\" Regionu \u015arodkowo-Wschodniego."},{"language":"pl","value":"Komitet Strajkowy w Jeleniej G\u00f3rze."},{"language":"pl","value":"Komitet Strajkowy NSZZ \"Solidarno\u015b\u0107\" w Jeleniej G\u00f3rze."},{"language":"pl","value":"Gminny Komitet Obywatelski \"S\" w Majdanie Kr\u00f3lewskim."},{"language":"pl","value":"Gminny Komitet Obywatelski Niezale\u017cnego Samorz\u0105dnego Zwi\u0105zku Zawodowego \"Solidarno\u015b\u0107\" w Majdanie Kr\u00f3lewskim."},{"language":"pl","value":"Gminny Komitet Obywatelski NSZZ \"S\"."},{"language":"pl","value":"GKO NSZZ \"S\"."},{"language":"pl","value":"Solidarno\u015b\u0107 Jastrz\u0119bie TKZ KWK \"XXX lecia PRL\"."},{"language":"pl","value":"Tymczasowa Komisja Zak\u0142adowa NSZZ \"Solidarno\u015b\u0107\" (Kopalnia W\u0119gla Kamiennego \"XXX-lecia PRL\")."},{"language":"pl","value":"TKZ NSZZ \"Solidarno\u015b\u0107\" KWK \"XXX-lecia PRL\"."},{"language":"pl","value":"Komitet Obywatelski w Przodkowie."},{"language":"pl","value":"Komitet Obywatelski \"Solidarno\u015b\u0107\" (Terespol)."},{"language":"pl","value":"Komisja Regionalna NSZZ \"Solidarno\u015b\u0107\" Pracownik\u00f3w O\u015bwiaty i Wychowania."},{"language":"pl","value":"Zarz\u0105d Tymczasowy NSZZ \"Solidarno\u015b\u0107\" Regionu \u015arodkowo-Wschodniego."},{"language":"pl","value":"Tymczasowy Zarz\u0105d Regionu \u015arodkowo-Wschodniego NSZZ \"Solidarno\u015b\u0107\"."},{"language":"pl","value":"TZR NSZZ \"Solidarno\u015b\u0107\" Region \u015arodkowo-Wschodni."},{"language":"pl","value":"TZR NSZZ \"Solidarno\u015b\u0107\" Region \u015ar.-Wsch."},{"language":"pl","value":"TZR NSZZ \"Solidarno\u015b\u0107\" Elbl\u0105g."},{"language":"pl","value":"Tymczasowy Zarz\u0105d Regionu NSZZ \"Solidarno\u015b\u0107\" Elbl\u0105g."},{"language":"pl","value":"Region Ziemia \u0141\u00f3dzka."},{"language":"pl","value":"Kierownicza Grupa Akcji Konspiracyjnej NSZZ \"Solidarno\u015b\u0107\" Region Ziemia \u0141\u00f3dzka."},{"language":"pl","value":"Kierownicza Grupa Akcji Konspiracyjnej Region Ziemia \u0141\u00f3dzka."},{"language":"pl","value":"Region Pomorza Zachodniego."},{"language":"pl","value":"Obywatelski Komitet Porozumiewawczy \"Solidarno\u015b\u0107\" Regionu Pomorza Zachodniego."},{"language":"pl","value":"Obywatelski Komitet Porozumiewawczy Ziemi Szczeci\u0144skiej."},{"language":"pl","value":"Obywatelski Komitet Porozumiewawczy w Szczecinie."},{"language":"pl","value":"OKP ZS (Szczecin)."},{"language":"pl","value":"Obywatelski Komitet Porozumiewawczy \"Solidarno\u015bci\" Pomorza Zachodniego."},{"language":"pl","value":"NSZZ \"Solidarno\u015b\u0107\" Region Ziemia Sandomierska Stalowa Wola"},{"language":"pl","value":"\"Solidarno\u015b\u0107\" Region Stalowa Wola"},{"language":"pl","value":"Komitet Obywatelski NSZZ \"Solidarno\u015b\u0107\" w Witkowie"},{"language":"pl","value":"KO \"Solidarno\u015b\u0107\" w Witkowie"},{"language":"pl","value":"Witkowski Komitet Obywatelski \"Solidarno\u015b\u0107\""},{"language":"pl","value":"MKZ NSZZ \"Solidarno\u015b\u0107\" w Elbl\u0105gu."},{"language":"pl","value":"NSZZ \"Solidarno\u015b\u0107\" MKZ Elbl\u0105g."},{"language":"pl","value":"Mi\u0119dzyzak\u0142adowy Komitet Za\u0142o\u017cycielski Niezale\u017cnego Samorz\u0105dnego Zwi\u0105zku Zawodowego \"Solidarno\u015b\u0107\" w Elbl\u0105gu."},{"language":"pl","value":"MKZ NSZZ \"Solidarno\u015b\u0107\" Region Elbl\u0105g."},{"language":"pl","value":"NSZZ \"Solidarno\u015b\u0107\" Regionu Elbl\u0105skiego."},{"language":"pl","value":"NSZZ \"Solidarno\u015b\u0107\" Regionu Elbl\u0105g."},{"language":"pl","value":"NSZZ \"Solidarno\u015b\u0107\" RE."},{"language":"pl","value":"Gminny Komitet Obywatelski \"Solidarno\u015b\u0107\" (Stary Dzierzgo\u0144)."},{"language":"pl","value":"Tymczasowy Zarz\u0105d Regionu Pobrze\u017ce NSZZ \"Solidarno\u015b\u0107\"."},{"language":"pl","value":"TZR \"Pobrze\u017ce\"."},{"language":"pl","value":"NSZZ \"Solidarno\u015b\u0107\" Ziemia Sandomierska."},{"language":"pl","value":"Biuro Zarz\u0105du Regionu NSZZ \"Solidarno\u015b\u0107\" Ziemia Sandomierska w Stalowej Woli."},{"language":"pl","value":"Region Ziemia Sandomierska NSZZ \"Solidarno\u015b\u0107\"."},{"language":"pl","value":"Miejski Komitet Obywatelski \"Solidarno\u015b\u0107\" w \u015awiebodzinie."},{"language":"pl","value":"MKO \"Solidarno\u015b\u0107\" w \u015awiebodzinie."},{"language":"pl","value":"Niezale\u017cny Samorz\u0105dny Zwi\u0105zek Zawodowy \"Solidarno\u015b\u0107\" Oddzia\u0142 w Ciechanowie."},{"language":"pl","value":"Oddzia\u0142 Ciechanowski NSZZ \"Solidarno\u015b\u0107\" Region Mazowsze."},{"language":"pl","value":"Region Mazowsze Sekcja Kultury."},{"language":"pl","value":"Tajna Komisja Zak\u0142adowa NSZZ \"Solidarno\u015b\u0107\" (Geofizyka Toru\u0144)"},{"language":"pl","value":"TKZ NSZZ \"Solidarno\u015b\u0107\" - Geofizyka Toru\u0144"},{"language":"pl","value":"NSZZ \"Solidarno\u015b\u0107\" - Geofizyka Toru\u0144."},{"language":"pl","value":"Sandomierski Komitet Obywatelski."},{"language":"pl","value":"Gminny Komitet Obywatelski \"Solidarno\u015b\u0107\" (Krasnobr\u00f3d)."},{"language":"pl","value":"Gminny Komitet Obywatelski \"Solidarno\u015b\u0107\" w Krasnobrodzie."},{"language":"pl","value":"Mi\u0119dzyzak\u0142adowa Komisja Pracownik\u00f3w O\u015bwiaty i Wychowania NSZZ \"Solidarno\u015b\u0107\" w Bodzentynie."},{"language":"pl","value":"Mi\u0119dzyzak\u0142adowa Komisja POiW NSZZ \"Solidarno\u015b\u0107\" w  Bodzentynie."},{"language":"pl","value":"MKPOiW NSZZ \"Solidarno\u015b\u0107\"."},{"language":"pl","value":"MKO NSZZ \"Solidarno\u015b\u0107\" Ko\u0142obrzeg"},{"language":"pl","value":"NSZZ \"Solidarno\u015b\u0107\" MKO Ko\u0142obrzeg"},{"language":"pl","value":"Miejsko-Gminny Komitet Obywatelski \"Solidarno\u015b\u0107\" w Uj\u015bciu."},{"language":"pl","value":"ZR NSZZ \"Solidarno\u015b\u0107\" w Rzeszowie."},{"language":"pl","value":"Zarz\u0105d Regionu Rzeszowskiego NSZZ \"Solidarno\u015b\u0107\"."},{"language":"pl","value":"Rzeszowski Zarz\u0105d Regionu NSZZ \"Solidarno\u015b\u0107\"."},{"language":"pl","value":"Krajowa Sekcja Pracownik\u00f3w Archiw\u00f3w Pa\u0144stwowych NSZZ \"Solidarno\u015b\u0107\"."},{"language":"pl","value":"Krajowa Sekcja PAP NSZZ \"Solidarno\u015b\u0107\"."},{"language":"pl","value":"KS PAP NSZZ \"Solidarno\u015b\u0107\"."},{"language":"pl","value":"Krajowa Komisja Koordynacyjna Pracownik\u00f3w Filmu NSZZ \"Solidarno\u015b\u0107\""},{"language":"pl","value":"Komitet Obywatelski \"Solidarno\u015b\u0107\" (P\u0142ock)"},{"language":"pl","value":"Komitet Obywatelski \"Solidarno\u015b\u0107\" w P\u0142ocku"},{"language":"pl","value":"Biuro Informacji Prasowej NSZZ \"Solidarno\u015b\u0107\" Zarz\u0105d Regionalny Ziemi \u0141\u00f3dzkiej."},{"language":"pl","value":"BIP NSZZ \"Solidarno\u015b\u0107\" Zarz\u0105d Regionalny Ziemi \u0141\u00f3dzkiej."},{"language":"pl","value":"Komisja Zak\u0142adowa NSZZ \"Solidarno\u015b\u0107\" (Huta \"Baildon\", Katowice)"},{"language":"pl","value":"KZ NSZZ \"Solidarno\u015b\u0107\" Huty Baildon"},{"language":"pl","value":"Komisja G\u00f3rnicza Zag\u0142\u0119bia Miedziowego NSZZ \"Solidarno\u015b\u0107\""},{"language":"pl","value":"Tarnowski Komitet Obywatelski \"Solidarno\u015b\u0107\"."},{"language":"pl","value":"Komitet Obywatelski NSZZ \"Solidarno\u015b\u0107\" (Tarn\u00f3w)."},{"language":"pl","value":"TKZ NSZZ \"Solidarno\u015b\u0107\" (Zak\u0142ady Hutniczo-Przetw\u00f3rcze Metali Nie\u017celaznych \"Hutmen\" we Wroc\u0142awiu)"},{"language":"pl","value":"TKZ NSZZ \"Solidarno\u015b\u0107\" Hutmen Wroc\u0142aw"},{"language":"pl","value":"TKZ \"Solidarno\u015b\u0107\" Hutmen"},{"language":"pl","value":"TKZ Hutmen"},{"language":"pl","value":"Komitet Obywatelski \"Solidarno\u015b\u0107\" (Sulech\u00f3w)."},{"language":"pl","value":"Komitet Obywatelski \"Solidarno\u015b\u0107\" w Sulechowie."},{"language":"pl","value":"MKZ NSZZ \"Solidarno\u015b\u0107\" (Kostrzyn nad Odr\u0105)."},{"language":"pl","value":"Tymczasowa Komisja Zak\u0142adowa NSZZ \"Solidarno\u015b\u0107\" Telkom-Teletra."},{"language":"pl","value":"Tymczasowa Komisja Zak\u0142adowa NSZZ \"Solidarno\u015b\u0107\" (Wielkopolskie Zak\u0142ady Teleelektroniczne \"Telkom-Teletra\" im. gen. K. \u015awierczewskiego)."},{"language":"pl","value":"TKZ NSZZ \"Solidarno\u015b\u0107\"Telkom-Teletra."},{"language":"pl","value":"Komisja Porozumiewawcza Nauki \"Solidarno\u015b\u0107\"."},{"language":"pl","value":"Organizacja Marynarzy Kontraktowych NSZZ Solidarno\u015b\u0107."},{"language":"pl","value":"Mi\u0119dzyzak\u0142adowy Komitet Strajkowy przy Stoczni im. Adolfa Warskiego w Szczecinie."},{"language":"pl","value":"MKS przy Stoczni im. Adolfa Warskiego w Szczecinie."},{"language":"pl","value":"Komitet Obywatelski \"Solidarno\u015b\u0107\" w S\u0142awnie."},{"language":"pl","value":"KO \"Solidarno\u015b\u0107\" (S\u0142awno)."},{"language":"pl","value":"Komitet Obywatelski \"Solidarno\u015b\u0107\"(Dzia\u0142oszyn)."},{"language":"pl","value":"Zarz\u0105d Regionu \"Pobrze\u017ce\" NSZZ \"Solidarno\u015b\u0107\"."},{"language":"pl","value":"Zarz\u0105d Regionalny NSZZ \"Solidarno\u015b\u0107\" Region \"Pobrze\u017ce\"."},{"language":"pl","value":"Komisja Zak\u0142adowa NSZZ \"Solidarno\u015b\u0107\" przy WiMBP w Szczecinie."},{"language":"pl","value":"Komisja Zak\u0142adowa NSZZ \"Solidarno\u015b\u0107\" przy Wojew\u00f3dzkiej i Miejskiej Bibliotece Publicznej im. Stanis\u0142awa Staszica w Szczecinie."},{"language":"pl","value":"KZ NSZZ \"Solidarno\u015b\u0107\" WiMBP, Szczecin."},{"language":"pl","value":"Komitet Obywatelski \"Solidarno\u015b\u0107\" Miasta i Gminy Jaworzyna \u015al\u0105ska."},{"language":"pl","value":"Komitet Obywatelski Miasta i Gminy Jaworzyna \u015al\u0105ska."},{"language":"pl","value":"Komitet Obywatelski Miasta i Gminy Jaworzyna \u015al."},{"language":"pl","value":"KO \"Solidarno\u015b\u0107\" Jaworzyna \u015al\u0105ska."},{"language":"pl","value":"Osiedlowy Komitet Obywatelski \"Solidarno\u015b\u0107\" (Goc\u0142aw)."},{"language":"pl","value":"Osiedlowy KO Goc\u0142aw."},{"language":"pl","value":"Prezydium MKZ NSZZ \"Solidarno\u015b\u0107\" Bia\u0142ystok."},{"language":"pl","value":"Prezydium Mi\u0119dzyzak\u0142adowego Komitetu Za\u0142o\u017cycielskiego NSZZ \"Solidarno\u015b\u0107\" w Bia\u0142ymstoku."},{"language":"pl","value":"Komisja Zak\u0142adowa NSZZ \"Solidarno\u015b\u0107\" Walcowni Metali \"\u0141ab\u0119dy\"."},{"language":"pl","value":"Komisja Zak\u0142adowa NSZZ \"Solidarno\u015b\u0107\" ZM \"Bumar-\u0141ab\u0119dy\"."},{"language":"pl","value":"Komisja Zak\u0142adowa NSZZ \"Solidarno\u015b\u0107\" przy Tarnowskiej Sp-ni Mieszkaniowej"},{"language":"pl","value":"Komisja Zak\u0142adowa NSZZ \"Solidarno\u015b\u0107\" przy TSM"},{"language":"pl","value":"KZ NSZZ \"Solidarno\u015b\u0107\" przy TSM"},{"language":"pl","value":"Komitet Strajkowy  NSZZ \"Solidarno\u015b\u0107\" przy Zak\u0142adzie Energetycznym Zielona G\u00f3ra."},{"language":"pl","value":"Tajny Komitet Kolejarzy NSZZ \"Solidarno\u015b\u0107\" w P\u0142ocku"},{"language":"pl","value":"Komitet Obywatelski w Ciechanowcu."},{"language":"pl","value":"Komitet Obywatelski \"Solidarno\u015b\u0107\" (Ciechanowiec)."},{"language":"pl","value":"Regionalna Komisja Koordynacyjna NSZZ \"Solidarno\u015b\u0107\" Region \u015al\u0105sko-D\u0105browski."},{"language":"pl","value":"RKK \"S\" Region \u015al\u0105sko-D\u0105browski."},{"language":"pl","value":"Mi\u0119dzyzak\u0142adowa Komisja Koordynacyjna NSZZ \"Solidarno\u015b\u0107\" w Tczewie."},{"language":"pl","value":"MKK NSZZ \"S\" w Tczewie."},{"language":"pl","value":"Komisja Zak\u0142adowa NSZZ \"Solidarno\u015b\u0107\"(Przedsi\u0119biorstwo Po\u0142ow\u00f3w Dalekomorskich i Us\u0142ug Rybackich \"Odra\", \u015awinouj\u015bcie)."},{"language":"pl","value":"Komisja Zak\u0142adowa NSZZ \"Solidarno\u015b\u0107\" w PPDiUR \"Odra\"."},{"language":"pl","value":"Sekcja Pracownik\u00f3w Projektowania NSZZ \"Solidarno\u015b\u0107\" Region Mazowsze."},{"language":"pl","value":"Prezydium Sekcji Pracownik\u00f3w Projektowania NSZZ \"Solidarno\u015b\u0107\" Region Mazowsze."},{"language":"pl","value":"Zarz\u0105d NSZZ \"Solidarno\u015b\u0107\" Regionu Przemyskiego."},{"language":"pl","value":"Zarz\u0105d NSZZ \"Solidarno\u015b\u0107\" Regionu \"Ziemia Przemyska\"."},{"language":"pl","value":"Zarz\u0105d Regionu Przemyskiego NSZZ \"Solidarno\u015b\u0107\"."},{"language":"pl","value":"Zarz\u0105d Regionu Ziemia Przemyska NSZZ \"Solidarno\u015b\u0107\" w Przemy\u015blu."},{"language":"pl","value":"Zarz\u0105d Regionu Ziemia Przemyska Niezale\u017cnego Samorz\u0105dnego Zwi\u0105zku Zawodowego \"Solidarno\u015b\u0107\"."},{"language":"pl","value":"Zarz\u0105d Regionu Ziemia Przemyska NSZZ \"Solidarno\u015b\u0107\"."},{"language":"pl","value":"Tymczasowa Komisja Koordynacyjna NSZZ \"Solidarno\u015b\u0107\" Region Pobrze\u017ce."},{"language":"pl","value":"Region Pobrze\u017ce."},{"language":"pl","value":"Region Pobrze\u017ce NSZZ \"Solidarno\u015b\u0107\"."},{"language":"pl","value":"Komitet Samoobrony NSZZ \"Solidarno\u015b\u0107\" Region Pobrze\u017ce."},{"language":"pl","value":"Komitet Samoobrony \"Solidarno\u015bci\" Region Pobrze\u017ce."},{"language":"pl","value":"Zak\u0142adowa Komisja Wykonawcza NSZZ Solidarno\u015b\u0107 w MPK."},{"language":"pl","value":"KZ (Wroc\u0142aw)."},{"language":"pl","value":"KZ NSZZ \"Solidarno\u015b\u0107\" z siedzib\u0105 we Wroc\u0142awiu."},{"language":"pl","value":"Komitet Obywatelski \"Solidarno\u015b\u0107\" (Hrubiesz\u00f3w)."},{"language":"pl","value":"K.O. \"Solidarno\u015b\u0107\" (Hrubiesz\u00f3w)."},{"language":"pl","value":"Tymczasowa Komisja Regionalna NSZZ \"Solidarno\u015b\u0107\" Cz\u0119stochowa."},{"language":"pl","value":"Mi\u0119dzyzak\u0142adowy Komitet Koordynacyjny NSZZ \"Solidarno\u015b\u0107\" Cz\u0119stochowa."},{"language":"pl","value":"MKK NSZZ \"Solidarno\u015b\u0107\" (Cz\u0119stochowa)."},{"language":"pl","value":"Komisja Zak\u0142adowa NSZZ \"Solidarno\u015b\u0107\" (Przedsi\u0119biorstwo Pa\u0144stwowe \"Polmozbyt\", Gda\u0144sk)"},{"language":"pl","value":"KZ NSZZ \"Solidarno\u015b\u0107\" PP Polmozbyt (Gda\u0144sk)"},{"language":"pl","value":"Ruch Oporu \"Solidarno\u015b\u0107\" Reg. Mazowsze"},{"language":"pl","value":"Ruch Oporu NSZZ \"Solidarno\u015b\u0107\" Region Mazowsze"},{"language":"pl","value":"Solidarno\u015b\u0107 Regionu Mazowsze."},{"language":"pl","value":"Ruch Oporu \"Solidarno\u015b\u0107\""},{"language":"pl","value":"Ziemia Zamojska-Roztocze NSZZ \"Solidarno\u015b\u0107\"."},{"language":"pl","value":"NSZZ \"Solidarno\u015b\u0107\" Ziemi Zamojskiej-Roztocza."},{"language":"pl","value":"NSZZ \"Solidarno\u015b\u0107\" ZZ-R."},{"language":"pl","value":"Komitet Za\u0142o\u017cycielski Niezale\u017cnych Samorz\u0105dnych Zwi\u0105zk\u00f3w Zawodowych."},{"language":"pl","value":"Komitet Obywatelski w \u017byrardowie."},{"language":"pl","value":"Komitet Obywatelski w Bia\u0142obrzegach."},{"language":"pl","value":"Komitet Obywatelski \"Solidarno\u015b\u0107\" w Bia\u0142obrzegach."},{"language":"pl","value":"K.O. \"Solidarno\u015b\u0107\"."},{"language":"pl","value":"K.O. \"Solidarni\"."},{"language":"pl","value":"Komitet Obywatelski \"Solidarno\u015b\u0107\" w Ja\u015ble."},{"language":"pl","value":"Komitet Obywatelski NSZZ \"Solidarno\u015b\u0107\" w Ja\u015ble."},{"language":"pl","value":"KO \"Solidarno\u015b\u0107\" w Ja\u015ble."},{"language":"pl","value":"Komitet Obywatelski \"Solidarno\u015b\u0107\" Dzielnicy Ochota."},{"language":"pl","value":"Komitet Obywatelski \"Solidarno\u015b\u0107\" Ochota."},{"language":"pl","value":"KO \"Solidarno\u015b\u0107\" Dzielnicy Ochota."},{"language":"pl","value":"Komitet Obywatelski Warszawa-Ochota."},{"language":"pl","value":"Komitet Obywatelski \"Solidarno\u015b\u0107\" w Bestwinie."},{"language":"pl","value":"Komisja Zak\u0142adowa Pleszewskiej Fabryki Obrabiarek."},{"language":"pl","value":"Komisja Zak\u0142adowa NSZZ \"Solidarno\u015b\u0107\" Akademii Sztuk Pi\u0119knych w Warszawie."},{"language":"pl","value":"Komisja Zak\u0142adowa NSZZ Pracownik\u00f3w Akademii Sztuk Pi\u0119knych w Warszawie \"Solidarno\u015b\u0107\"."},{"language":"pl","value":"Posiedzenie Komisji Krajowej Niezale\u017cnego Samorz\u0105dnego Zwi\u0105zku Zawodowego \"Solidarno\u015b\u0107\"."},{"language":"pl","value":"Posiedzenie KK NSZZ \"Solidarno\u015b\u0107\"."},{"language":"pl","value":"Grupa \"Niezale\u017cni\" NSZZ \"Solidarno\u015b\u0107\"."},{"language":"pl","value":"Komitet Obywatelski \"Solidarno\u015b\u0107\" w Radomsku."},{"language":"pl","value":"KO \"Solidarno\u015b\u0107\" (Radomsko)."},{"language":"pl","value":"Zarz\u0105d Regionalny NSZZ \"Solidarno\u015b\u0107\" Regionu P\u0142ockiego"},{"language":"pl","value":"Delegatura Ko\u0142obrzeg NSZZ \"Solidarno\u015b\u0107\" Region Pobrze\u017ce."},{"language":"pl","value":"NSZZ \"Solidarno\u015b\u0107\" Region Pobrze\u017ce Delegatura Ko\u0142obrzeg."},{"language":"pl","value":"Komisja Zak\u0142adowa NSZZ \"Solidarno\u015b\u0107\" Huty Ostrowiec."},{"language":"pl","value":"NSZZ \"Solidarno\u015b\u0107\" Huty Ostrowiec."},{"language":"pl","value":"Komisja Zwi\u0105zkowa NSZZ \"Solidarno\u015b\u0107\" (Przedsi\u0119biorstwo Rob\u00f3t G\u00f3rniczych, Mys\u0142owice)."},{"language":"pl","value":"KZ NSZZ \"Solidarno\u015b\u0107\" w PRG Mys\u0142owice."},{"language":"pl","value":"Komisja Zwi\u0105zkowa Przedsi\u0119biorstwa Rob\u00f3t G\u00f3rniczych w Mys\u0142owicach."},{"language":"pl","value":"ZKZ w PRG Mys\u0142owice."},{"language":"pl","value":"Zak\u0142adowa Komisja Zwi\u0105zkowa NSZZ \"Solidarno\u015b\u0107\" w PRG Mys\u0142owice."},{"language":"pl","value":"Biuro Informacyjne Zarz\u0105du Regionu \u015arodkowo Wschodniego NSZZ \"Solidarno\u015b\u0107\"."},{"language":"pl","value":"Biuro Informacyjne Zarz\u0105du  Regionu \u015arodkowo- Wschodniego."},{"language":"pl","value":"Region \u015arodkowo-Wchodni NSZZ \"Solidarno\u015b\u0107\"."},{"language":"pl","value":"Zarz\u0105d Regionu \u015arodkowo- Wschodniego NSZZ \"Solidarno\u015b\u0107\"."},{"language":"pl","value":"Region \u015al\u0105ska i Zag\u0142\u0119bia NSZZ \"Solidarno\u015b\u0107\""},{"language":"pl","value":"Region \u015al\u0105ska i Zag\u0142\u0119bia"},{"language":"pl","value":"Regionalny Komitet Za\u0142o\u017cycielski NSZZ \"Solidarno\u015b\u0107\"(Cz\u0119stochowa)"},{"language":"pl","value":"RKZ NSZZ \"Solidarno\u015b\u0107\" Region Cz\u0119stochowa"},{"language":"pl","value":"RKZ NSZZ \"Solidarno\u015b\u0107\" Cz\u0119stochowa"},{"language":"pl","value":"Mi\u0119dzyzak\u0142adowa Komisja Zwi\u0105zkowa NSZZ \"Solidarno\u015b\u0107\" (Miejskie Zak\u0142ady Komunikacyjne, Warszawa)."},{"language":"pl","value":"MKZ NSZZ \"Solidarno\u015b\u0107\" w MZK Warszawa."},{"language":"pl","value":"Mi\u0119dzyzak\u0142adowa Komisja Zwi\u0105zkowa NSZZ \"Solidarno\u015b\u0107\" w MZK (Warszawa)."},{"language":"pl","value":"Mi\u0119dzyzak\u0142adowa Komisja Zwi\u0105zkowa NSZZ \"Solidarno\u015b\u0107\" w Miejskich Zak\u0142adach Komunikacyjnych w Warszawie."},{"language":"pl","value":"Solidarno\u015b\u0107-Podregion Sucha Beskidzka."},{"language":"pl","value":"Apator Tymczasowa Komisja Zak\u0142adowa NSZZ \"Solidarno\u015b\u0107\"."},{"language":"pl","value":"Zarz\u0105d Regionu NSZZ \"Solidarno\u015b\u0107\" w Toruniu."},{"language":"pl","value":"Zarz\u0105d Regionu Cz\u0119stochowskiego \"Solidarno\u015b\u0107\"."},{"language":"pl","value":"Krajowy Komitet Strajkowy."},{"language":"pl","value":"NSZZ \"Solidarno\u015b\u0107\" (\u015awiebodzin)"},{"language":"pl","value":"Solidarno\u015b\u0107 \u015awiebodzi\u0144ska"},{"language":"pl","value":"NSZZ \u201eSolidarno\u015b\u0107\" Ziemi \u015awiebodzi\u0144skiej"},{"language":"pl","value":"MTKK NSZZ \"Solidarno\u015b\u0107\" w Czechowicach-Dziedzicach."},{"language":"pl","value":"Komitet Za\u0142o\u017cycielski Niezale\u017cnych Samorz\u0105dnych Zwi\u0105zk\u00f3w Zawodowych w Zak\u0142adach Azotowych w Tarnowie."},{"language":"pl","value":"Komisja Przedsi\u0119biorstwa NSZZ \"Solidarno\u015b\u0107\" w Zak\u0142adach Azotowych w Tarnowie."},{"language":"pl","value":"Tymczasowa Komisja Zak\u0142adowa NSZZ \"Solidarno\u015b\u0107\" (Fabryka Maszyn Rolniczych \u201eAgromet\" w Lublinie)"},{"language":"pl","value":"Tymczasowa Komisja Zak\u0142adowa NSZZ \"Solidarno\u015b\u0107\" \u201eAgromet\" Lublin"},{"language":"pl","value":"TKZ NSZZ \"Solidarno\u015b\u0107\" FMR \"Agromet\" Lublin"},{"language":"pl","value":"Fabryczna Komisja Zak\u0142adowa NSZZ \"Solidarno\u015b\u0107\" Agromet"},{"language":"pl","value":"Tymczasowa Komisja Zak\u0142adowa NSZZ \"Solidarno\u015b\u0107\" (Lubelskie Zak\u0142ady Naprawy Samochod\u00f3w w Lublinie)"},{"language":"pl","value":"Tymczasowa Komisja Zak\u0142adowa NSZZ \"Solidarno\u015b\u0107\" LZNS"},{"language":"pl","value":"Fabryczna Komisja Zak\u0142adowa NSZZ \"Solidarno\u015b\u0107\" LZNS"},{"language":"pl","value":"Tymczasowa Komisja Zak\u0142adowa NSZZ \"Solidarno\u015b\u0107\" (Miejskie Przedsi\u0119biorstwo Komunikacyjne, Lublin)"},{"language":"pl","value":"Tymczasowa Komisja Zak\u0142adowa NSZZ \"Solidarno\u015b\u0107\" MPK (Lublin)"},{"language":"pl","value":"Fabryczna Komisja Zak\u0142adowa NSZZ \"Solidarno\u015b\u0107\" MPK"},{"language":"pl","value":"Komitet Obywatelski \"Solidarno\u015b\u0107\" w Brodnicy."},{"language":"pl","value":"KO \"Solidarno\u015b\u0107\" w Brodnicy."},{"language":"pl","value":"NSZZ \"Solidarno\u015b\u0107\" Regionu \u015awietokrzyskiego."},{"language":"pl","value":"NSZZ \"Solidarno\u015b\u0107\" w J\u0119drzejowie."},{"language":"pl","value":"Sekcja Krajowa Przemys\u0142u Lotniczego NSZZ \"Solidarno\u015b\u0107\"."},{"language":"pl","value":"Sekcja Krajowa Przemys\u0142u Lotniczego Niezale\u017cnego Samorz\u0105dnego Zwi\u0105zku Zawodowego \"Solidarno\u015b\u0107\"."},{"language":"pl","value":"SK Przemys\u0142u Lotniczego NSZZ \"Solidarno\u015b\u0107\"."},{"language":"pl","value":"SKPL NSZZ \"Solidarno\u015b\u0107\"."},{"language":"pl","value":"Komisja Zak\u0142adowa NSZZ Solidarno\u015b\u0107 przy Wy\u017cszej Szkole Morskiej w Szczecinie."},{"language":"pl","value":"KZ NSZZ \"Solidarno\u015b\u0107\" przy WSM w Szczecinie."},{"language":"pl","value":"Uczelniany Komitet Za\u0142o\u017cycielski NSZZ \"Solidarno\u015b\u0107\" przy Wy\u017cszej Szkole Morskiej w Gdyni."},{"language":"pl","value":"Komisja Zak\u0142adowa NSZZ \"Solidarno\u015b\u0107\" przy El. \"Po\u0142aniec\"."},{"language":"pl","value":"KZ NSZZ \"Solidarno\u015b\u0107\" El. \"P\"."},{"language":"pl","value":"Komisja Zak\u0142adowa El. Po\u0142aniec."},{"language":"pl","value":"Tymczasowa Komisja Zak\u0142adowa NSZZ \"Solidarno\u015b\u0107\" ZWUT (Warszawa)."},{"language":"pl","value":"TKZ NSZZ \"Solidarno\u015b\u0107 ZWUT (Warszawa)."},{"language":"pl","value":"TKZ ZWUT (Warszawa)."},{"language":"pl","value":"Komitet Obywatelski Solidarno\u015b\u0107 Krak\u00f3w-Krowodrza."},{"language":"pl","value":"Dzia\u0142 Informacji i Propagandy Zarz\u0105du Regionu Cz\u0119stochowa NSZZ \"Solidarno\u015b\u0107\"."},{"language":"pl","value":"Dzia\u0142 Informacji i Propagandy ZR Cz\u0119stochowa."},{"language":"pl","value":"DIiP ZR Cz\u0119stochowa NSZZ \"Solidarno\u015b\u0107\"."},{"language":"pl","value":"DIiP ZR Cz-wa."},{"language":"pl","value":"Mi\u0119dzyzak\u0142adowy Komitet Strajkowy NSZZ \"Solidarno\u015b\u0107\" w Elbl\u0105gu"},{"language":"pl","value":"MKS NSZZ \"Solidarno\u015b\u0107\" w Elbl\u0105gu"},{"language":"pl","value":"Komitet Obywatelski \"Solidarno\u015b\u0107\" (Mak\u00f3w Mazowiecki)."},{"language":"pl","value":"Komitet Obywatelski \"Solidarno\u015b\u0107\" w Makowie Mazowieckim."},{"language":"pl","value":"Komitet Obywatelski w Makowie Mazowieckim."},{"language":"pl","value":"Terenowa Komisja Porozumiewawcza NSZZ \"Solidarno\u015b\u0107\" w Sztumie."},{"language":"pl","value":"NSZZ \"Solidarno\u015b\u0107\" Komitet Strajkowy Krajowej Komisji Koordynacyjnej O\u015bwiaty i Wychowania w Gda\u0144sku."},{"language":"pl","value":"Komitet Strajkowy Krajowej Komisji Koordynacyjnej O\u015bwiaty i Wychowania NSZZ \"Solidarno\u015b\u0107\" w Gda\u0144sku."},{"language":"pl","value":"NSZZ \"Solidarno\u015b\u0107\" Region Mazowsze - Oddzia\u0142: Piaseczno, Konstancin-Jeziorna, Lesznowola."},{"language":"pl","value":"Oddzia\u0142 Piaseczno NSZZ \"Solidarno\u015b\u0107\" Region Mazowsze."},{"language":"pl","value":"\"Solidarno\u015b\u0107\" Ziemi \u0141\u00f3dzkiej."},{"language":"pl","value":"Komitet Obrony Wi\u0119zionych za Przekonania przy Zarz\u0105dzie Regionalnym Ziemi \u0141\u00f3dzkiej NSZZ \"Solidarno\u015b\u0107\"."},{"language":"pl","value":"\u0141\u00f3dzki Komitet Obrony Wi\u0119zionych za Przekonania."},{"language":"pl","value":"Komitet Obrony Wi\u0119zionych za Przekonania (\u0141\u00f3d\u017a)."},{"language":"pl","value":"\u0141\u00f3dzki Komitet Obrony Wi\u0119zionych za Przekonania przy Zarz\u0105dzie Regionalnym Ziemi \u0141\u00f3dzkiej NSZZ \"Solidarno\u015b\u0107\"."},{"language":"pl","value":"\u0141KOW za P przy ZR Z\u0141 NSZZ \"Solidarno\u015b\u0107\"."},{"language":"pl","value":"Komisja Zak\u0142adowa NSZZ \"Solidarno\u015b\u0107\" przy Zak\u0142adach Chemicznych \"Organika-Zachem\" w Bydgoszczy."},{"language":"pl","value":"KZ \"Zachemu\"."},{"language":"pl","value":"Komitet Strajkowy NSZZ \"Solidarno\u015b\u0107\" Akademii Rolniczej we Wroc\u0142awiu."},{"language":"pl","value":"KS NSZZ \"Solidarno\u015b\u0107\" AR (Wroc\u0142aw)."},{"language":"pl","value":"Sekcja Informacji Komisji Zak\u0142adowej NSZZ \"Solidarno\u015b\u0107\" w AGH."},{"language":"pl","value":"Komisja Mi\u0119dzyzak\u0142adowa NSZZ \"Solidarno\u015b\u0107\" Wytw\u00f3rni Sprz\u0119tu Komunikacyjnego \"PZL-Rzesz\u00f3w\"."},{"language":"pl","value":"KM NSZZ \"Solidarno\u015b\u0107\" WSK \"PZL-Rzesz\u00f3w\"."},{"language":"pl","value":"RKK NSZZ \"Solidarno\u015b\u0107\" Gda\u0144sk."},{"language":"pl","value":"Regionalna Komisja Koordynacyjna NSZZ \"Solidarno\u015b\u0107\" Gda\u0144sk."},{"language":"pl","value":"Wojew\u00f3dzki Komitet Obywatelski \"Solidarno\u015b\u0107\" (\u0141\u00f3d\u017a)."},{"language":"pl","value":"WKO \"Solidarno\u015b\u0107\" w \u0141odzi."},{"language":"pl","value":"Delegatura ZR \u015awi\u0119tokrzyskiego w Starachowicach."},{"language":"pl","value":"Delegatura ZR \u015awi\u0119tokrzyskiego NSZZ \"Solidarno\u015b\u0107\"."},{"language":"pl","value":"NSZZ \"Solidarno\u015b\u0107\" Delegatura Zarz\u0105du \u015awi\u0119tokrzyskiego w Starachowicach."},{"language":"pl","value":"Delegatura Zarz\u0105du \u015awi\u0119tokrzyskiego NSZZ \"Solidarno\u015b\u0107\" w Starachowicach."},{"language":"pl","value":"NSZZ \"Solidarno\u015b\u0107\"'"},{"language":"pl","value":"Komisja Zak\u0142adowa ZS \"Star\" S.A."},{"language":"pl","value":"Mi\u0119dzyzak\u0142adowa Komisja Koordynacyjna NSZZ \"Solidarno\u015b\u0107\" Chorz\u00f3w, Katowice, \u015awi\u0119toch\u0142owice."},{"language":"pl","value":"MKK NSZZ \"Solidarno\u015b\u0107\" Chorz\u00f3w, Katowice, \u015awi\u0119toch\u0142owice."},{"language":"pl","value":"MKK \"Solidarno\u015b\u0107\" Chorz\u00f3w, Katowice, \u015awi\u0119toch\u0142owice."},{"language":"pl","value":"Komitet Obywatelski \"Solidarno\u015b\u0107\" (Halin\u00f3w)."},{"language":"pl","value":"Komitet Obywatelski (Halin\u00f3w)."},{"language":"pl","value":"KO  \"Solidarno\u015b\u0107\" w Halinowie."},{"language":"pl","value":"Oddzia\u0142 Tymczasowej Komisji Koordynacyjnej G\u00f3rnictwa NSZZ \"Solidarno\u015b\u0107\" Bochnia, Wieliczka, Krak\u00f3w."},{"language":"pl","value":"OTKKG NSZZ \"Solidarno\u015b\u0107\" Bochnia, Wieliczka, Krak\u00f3w."},{"language":"pl","value":"Komitet Obywatelski \"Solidarno\u015b\u0107\" w G\u00f3rze."},{"language":"pl","value":"KZ NSZZ \"Solidarno\u015b\u0107\" FMG \"Pioma\"."},{"language":"pl","value":"Zak\u0142adowa Organizacja Zwi\u0105zkowa NSZZ \"Solidarno\u015b\u0107\" w BPT \"Techmaprojekt - Gda\u0144sk\"."},{"language":"pl","value":"ZOZ NSZZ \"Solidarno\u015b\u0107\" BPT \"T-G\"."},{"language":"pl","value":"Komisja Zak\u0142adowa NSZZ \"Solidarno\u015b\u0107\" bydgoskiej \"Belmy\"."},{"language":"pl","value":"Krajowa Sekcja Bankowc\u00f3w (Szczecin)."},{"language":"pl","value":"KSB NSZZ Solidarno\u015b\u0107."},{"language":"pl","value":"Tymczasowa Komisja Zak\u0142adowa NSZZ \"Solidarno\u015b\u0107\" Diora."},{"language":"pl","value":"Mi\u0119dzyzak\u0142adowy Komitet Strajkowy NSZZ \"Solidarno\u015b\u0107\" w Kaliszu."},{"language":"pl","value":"MKS NSZZ \"Solidarno\u015b\u0107\" w Kaliszu."},{"language":"pl","value":"Komitet Obywatelski \"Solidarno\u015b\u0107\" w Szczytnie."},{"language":"pl","value":"KO \"Solidarno\u015b\u0107\" (Szczytno)."},{"language":"pl","value":"Wojew\u00f3dzki Komitet Obywatelski \"Solidarno\u015b\u0107\" w Koszalinie."},{"language":"pl","value":"Wojew\u00f3dzki Komitet Obywatelski w Koszalinie."},{"language":"pl","value":"WKO w Koszalinie."},{"language":"pl","value":"Komitet Obywatelski \"Solidarno\u015b\u0107\" w Rzeszowie."},{"language":"pl","value":"Rzeszowski Komitet Obywatelski \"Solidarno\u015b\u0107\"."},{"language":"pl","value":"MKK Ziemi K\u0119pi\u0144sko-Sycowskiej."},{"language":"pl","value":"Miejska Komisja Koordynacyjna Ziemi K\u0119pi\u0144sko-Sycowskiej."},{"language":"pl","value":"Tymczasowa Komisja Koordynacyjna NSZZ \"Solidarno\u015b\u0107\" Kopal\u0144 Jastrz\u0119bia"},{"language":"pl","value":"TKK NSZZ \u201eSolidarno\u015b\u0107\" Kopal\u0144 Jastrz\u0119bia"},{"language":"pl","value":"Komitet Obywatelski \"Solidarno\u015b\u0107\" w Bytowie."},{"language":"pl","value":"Komitet Obywatelski \"S\" w Bytowie."},{"language":"pl","value":"Mi\u0119dzyzak\u0142adowa Komisja Koordynacyjna NSZZ \"Solidarno\u015b\u0107\" przy Nadwi\u015bla\u0144skiej Sp\u00f3\u0142ce W\u0119glowej w Tychach."},{"language":"pl","value":"Region Gda\u0144ski II NSZZ \"Solidarno\u015b\u0107\"."},{"language":"pl","value":"NSZZ \"Solidarno\u015b\u0107\" Regionu Gda\u0144skiego II."},{"language":"pl","value":"Akademicka Komisja Porozumiewawcza NSZZ \"Solidarno\u015b\u0107\" w Krakowie."},{"language":"pl","value":"Akademicka Komisja Porozumiewawcza NSZZ \"Solidarno\u015b\u0107\"."},{"language":"pl","value":"Komitet Obywatelski w Janowie Lubelskim."},{"language":"pl","value":"Komitet Obywatelski NSZZ \"Solidarno\u015b\u0107\" (Jan\u00f3w Lubelski)."},{"language":"pl","value":"Komisja Zak\u0142adowa NSZZ \"Solidarno\u015b\u0107\" \u015al\u0105skiej Akademii Medycznej w Katowicach."},{"language":"pl","value":"KZ NSZZ \"Solidarno\u015b\u0107\" \u015al\u0105skiej Akademii Medycznej w Katowicach."},{"language":"pl","value":"MKO (Gi\u017cycko)."},{"language":"pl","value":"Mi\u0119dzyzak\u0142adowy Komitet Organizacyjny NSZZ \"Solidarno\u015b\u0107\" (Gi\u017cycko)."},{"language":"pl","value":"Tymczasowy Zarz\u0105d NSZZ \"Solidarno\u015b\u0107\" Regionu Koszali\u0144skiego."},{"language":"pl","value":"Komisja ds \u017bywno\u015bci przy KKP NSZZ \"Solidarno\u015b\u0107\" (Bydgoszcz)."},{"language":"pl","value":"Regionalna Sekcja O\u015bwiaty i Wychowania NSZZ \"Solidarno\u015b\u0107\" przy Zarz\u0105dzie Regionu Dolny \u015al\u0105sk."},{"language":"pl","value":"RSOiW przy Zarz\u0105dzie Regionu Dolny \u015al\u0105sk."},{"language":"pl","value":"Biuro Informacyjno-Programowe Regionalnej Sekcji O\u015bwiaty i Wychowania NSZZ \"Solidarno\u015b\u0107\" przy Zarz\u0105dzie Regionu Dolny \u015al\u0105sk."},{"language":"pl","value":"Komisja Zak\u0142adowa NSZZ \"Solidarno\u015b\u0107\" Gda\u0144skiej Stoczni Remontowej im. J\u00f3zefa Pi\u0142sudskiego."},{"language":"pl","value":"Komisja Zak\u0142adowa Niezale\u017cnego Samorz\u0105dnego Zwi\u0105zku Zawodowego \"Solidarno\u015b\u0107\" przy Gda\u0144skiej Stoczni Remontowej."},{"language":"pl","value":"Komitet Obrony Wi\u0119zionych za Przekonania Region Mazowsze"},{"language":"pl","value":"RKOWzP Region Mazowsze"},{"language":"pl","value":"Regionalny Komitet Obrony Wi\u0119zionych za Przekonania - Mazowsze"},{"language":"pl","value":"Komisja Zak\u0142adowa NSZZ Solidarno\u015b\u0107 Kombinatu Budowlanego w Olsztynie."},{"language":"pl","value":"Komisja Zak\u0142adowa NSZZ \"Solidarno\u015b\u0107\" ZPB im. Sz. Harnama w \u0141odzi."},{"language":"pl","value":"Komisja Zak\u0142adowa NSZZ \"Solidarno\u015b\u0107\" (Zak\u0142ady Przemys\u0142u Bawe\u0142nianego im. Szymona Harnama \"Rena Kord\", \u0141\u00f3d\u017a)."},{"language":"pl","value":"Prezydium KKP w Bydgoszczy."},{"language":"pl","value":"Prezydium Krajowej Komisji Porozumiewawczej NSZZ \"Solidarno\u015b\u0107\" w Bydgoszczy."},{"language":"pl","value":"K. Z. Elektromonta\u017c \u0141\u00f3d\u017a ."},{"language":"pl","value":"KZ \"Solidarno\u015b\u0107\" Elektromonta\u017c-\u0141\u00f3d\u017a."},{"language":"pl","value":"Komisja Zak\u0142adowa \"Solidarno\u015b\u0107\" Elektromonta\u017c-\u0141\u00f3d\u017a."},{"language":"pl","value":"Komisja Zak\u0142adowa NSZZ \"Solidarno\u015b\u0107\" (Przedsi\u0119biorstwo Produkcji i Monta\u017cu Urz\u0105dze\u0144 Elektrycznych \"Elektromonta\u017c-\u0141\u00f3d\u017a\")."},{"language":"pl","value":"Biuro Prasowe Podkarpackiego Regionalnego Komitetu Za\u0142o\u017cycielskiego NSZZ \"Solidarno\u015b\u0107\" w Kro\u015bnie."},{"language":"pl","value":"Biuro Prasowe PRKZ NSZZ \"Solidarno\u015b\u0107\" w Kro\u015bnie."},{"language":"pl","value":"MKO NSZZ \"Solidarno\u015b\u0107\" - Region Gda\u0144ski."},{"language":"pl","value":"Mi\u0119dzyregionalna Komisja Obrony NSZZ \"Solidarno\u015b\u0107\" Regionu Gda\u0144skiego."},{"language":"pl","value":"Regionalna Komisja Obrony NSZZ \"Solidarno\u015b\u0107\" (Gda\u0144sk)."},{"language":"pl","value":"Regionalna Komisja Obrony NSZZ \"Solidarno\u015b\u0107\" w Gda\u0144sku."},{"language":"pl","value":"RKSS NSZZ \"Solidarno\u015b\u0107\" Huty Warszawa"},{"language":"pl","value":"Robotniczy Komitet Samoobrony Spo\u0142ecznej NSZZ \"Solidarno\u015b\u0107\" Huty Warszawa"},{"language":"pl","value":"Robotniczy Komitet \"Solidarno\u015bci\" Huty Warszawa"},{"language":"pl","value":"Robotniczy Komitet \"Solidarno\u015bci\" Huty im. ks. Jerzego Popie\u0142uszko w Warszawie"},{"language":"pl","value":"Robotniczy Komitet \"Solidarno\u015bci\" Huty im. ks. Jerzego Popie\u0142uszko"},{"language":"pl","value":"Robotniczy Komitet \"Solidarno\u015bci\" Huty im. ks. J. Popie\u0142uszko"},{"language":"pl","value":"OZ NSZZ \"Solidarno\u015b\u0107\"."},{"language":"pl","value":"Organizacja Zak\u0142adowa Niezale\u017cnego Samorz\u0105dnego Zwi\u0105zku Zawodowego \"Solidarno\u015b\u0107\"."},{"language":"pl","value":"Organizacja Zak\u0142adowa NSZZ \"Solidarno\u015b\u0107\" w Politechnice Warszawskiej."},{"language":"pl","value":"\"Solidarno\u015b\u0107\" Politechnika Warszawska."},{"language":"pl","value":"Mi\u0119dzyzak\u0142adowa Komisja Koordynacyjna Elwro, Fadroma, FAT, Hutmen (Wroc\u0142aw-Grabiszynek)."},{"language":"pl","value":"Mi\u0119dzyzak\u0142adowa Komisja Koordynacyjna NSZZ \"Solidarno\u015b\u0107\" Grabiszynek."},{"language":"pl","value":"Mi\u0119dzyzak\u0142adowa Komisja Koordynacyjna NSZZ \"S\" Grabiszynek."},{"language":"pl","value":"MKK Grabiszynek."},{"language":"pl","value":"MKK NSZZ \"S\" Grabiszynek."},{"language":"pl","value":"Komisja Zak\u0142adowa NSZZ \"Solidarno\u015b\u0107\" ZBiPM \"CUPRUM\"."},{"language":"pl","value":"KZ NSZZ \"Solidarno\u015b\u0107\" w PSM C. Hartwig Gda\u0144sk."},{"language":"pl","value":"Komitet Za\u0142o\u017cycielski NSZZ \"Solidarno\u015b\u0107\" (Gdy\u0144skie Przedsi\u0119biorstwo Budownictwa Przemys\u0142owego)."},{"language":"pl","value":"Komitet Za\u0142o\u017cycielski Niezale\u017cnych Samorz\u0105dnych Zwi\u0105zk\u00f3w Zawodowych \"Solidarno\u015b\u0107\" przy Gdy\u0144skim Przedsi\u0119biorstwie Budownictwa Przemys\u0142owego."},{"language":"pl","value":"KZ NSZZ \"Solidarno\u015b\u0107\" GPBP."},{"language":"pl","value":"Komitet Obywatelski \"Solidarno\u015b\u0107\" w Olsztynku"},{"language":"pl","value":"K.O.S. (Olsztynek)"},{"language":"pl","value":"Komitet Obywatelski \"Solidarno\u015b\u0107\" (Sochaczew)."},{"language":"pl","value":"Komitet Obywatelski \"Solidarno\u015b\u0107\" w Sochaczewie."},{"language":"pl","value":"Komisja Oddzia\u0142owa NSZZ \"Solidarno\u015b\u0107\" w Soko\u0142owie Podlaskim."},{"language":"pl","value":"Komisja Fabryczna NSZZ \"S\" w Zak\u0142adach \"Ursus\"."},{"language":"pl","value":"Komisja Fabryczna NSZZ \"Solidarno\u015b\u0107\" w Zak\u0142adach \"Ursus\"."},{"language":"pl","value":"KF NSZZ \"Solidarno\u015b\u0107\" ZM \"Ursus\" w Warszawie."},{"language":"pl","value":"Tymczasowa Komisja Zak\u0142adowa NSZZ \"Solidarno\u015b\u0107\" (Zak\u0142ady Mechaniczne \"Ursus\", Warszawa)."},{"language":"pl","value":"TKZ NSZZ \"Solidarno\u015b\u0107\" w Ursusie."},{"language":"pl","value":"TKZ NSZZ \"S\" w Ursusie."},{"language":"pl","value":"TKZ NSZZ \"S\" w ZM \"Ursus\"."},{"language":"pl","value":"TKZ NSZZ \"S\" w ZM \"U\"."},{"language":"pl","value":"TKZ NSZZ \"Solidarno\u015b\u0107\" w ZM \"Ursus\"."},{"language":"pl","value":"TKZ \"S\" Ursus."},{"language":"pl","value":"Katowicki Komitet Obywatelski \"Solidarno\u015b\u0107\" (Katowice-Ligota-Panewniki)."},{"language":"pl","value":"KKO \"Solidarno\u015b\u0107\" (Katowice-Ligota-Panewniki)."},{"language":"pl","value":"Katowicki Komitet Obywatelski Dzielnicy Ligota-Panewniki."},{"language":"pl","value":"ZKZ NSZZ \"Solidarno\u015b\u0107\" KWK XXX-lecia PRL"},{"language":"pl","value":"ZKZ NSZZ \"Solidarno\u015b\u0107\" (Kopalnia W\u0119gla Kamiennego XXX lecia PRL, Jastrz\u0119bie Zdr\u00f3j)"},{"language":"pl","value":"TKZ NSZZ \"Solidarno\u015b\u0107\" Akademii Wychowania Fizycznego w Krakowie."},{"language":"pl","value":"Komitet Obywatelski \"Solidarno\u015b\u0107\" Wojew\u00f3dztwa Che\u0142mskiego."},{"language":"pl","value":"Wojew\u00f3dzki Komitet Obywatelski \"Solidarno\u015b\u0107\" w Che\u0142mie."},{"language":"pl","value":"Komitet Obywatelski \"Solidarno\u015b\u0107\" Wojew\u00f3dztwa Lubelskiego."},{"language":"pl","value":"Wojew\u00f3dzki Komitet Obywatelski \"Solidarno\u015b\u0107\" w Lublinie."},{"language":"pl","value":"Komisja Zak\u0142adowa NSZZ \"Solidarno\u015b\u0107\" (Biuro Planowania Rozwoju Warszawy)."},{"language":"pl","value":"Tymczasowa Komisja Koordynacyjna \"Solidarno\u015b\u0107\" Regionu Bydgoskiego."},{"language":"pl","value":"Region Bydgoski."},{"language":"pl","value":"Tymczasowa Komisja Koordynacyjna Regionu Bydgoskiego."},{"language":"pl","value":"TKK Regionu Bydgoskiego."},{"language":"pl","value":"TKK \"S\" Regionu Bydgoskiego."},{"language":"pl","value":"TKK \"Solidarno\u015b\u0107\" Regionu Bydgoskiego."},{"language":"pl","value":"Komisja Nauki, O\u015bwiaty i Wychowania Komitetu Obywatelskiego w Kaliszu."},{"language":"pl","value":"Rada Koordynacyjna NSZZ \"Solidarno\u015b\u0107\" Regionu Pomorza Zachodniego."},{"language":"pl","value":"Komisja Zak\u0142adowa NSZZ \"Solidarno\u015b\u0107\" przy Akademii Sztuk Pi\u0119knych im. Eugeniusza Geperta we Wroc\u0142awiu."},{"language":"pl","value":"Solidarno\u015b\u0107 Dolny \u015al\u0105sk."},{"language":"pl","value":"Komisja Zak\u0142adowa (Przedsi\u0119biorstwo Pa\u0144stwowe \"Polmozbyt\", Zielona G\u00f3ra)."},{"language":"pl","value":"Solidarno\u015b\u0107 Zielona G\u00f3ra Komisja Zak\u0142adowa PP \"Polmozbyt\"."},{"language":"pl","value":"KZ NSZZ \"Solidarno\u015b\u0107\" przy PP Polmozbyt."},{"language":"pl","value":"Zak\u0142adowy Komitet Strajkowy NSZZ \"Solidarno\u015b\u0107\" (Fabryka Samochod\u00f3w Ci\u0119\u017carowych, Lublin)."},{"language":"pl","value":"Zak\u0142adowy Komitet Strajkowy FSC."},{"language":"pl","value":"ZKS NSZZ \"Solidarno\u015b\u0107\" FSC."},{"language":"pl","value":"ZKS FSC NSZZ \"Solidarno\u015b\u0107\"."},{"language":"pl","value":"Mi\u0119dzyzak\u0142adowa Komisja Interwencyjna NSZZ \"Solidarno\u015b\u0107\" w Po\u0142a\u0144cu."},{"language":"pl","value":"Mi\u0119dzyzak\u0142adowa Komisja Interwencyjna NSZZ \"Solidarno\u015b\u0107\" Po\u0142aniec."},{"language":"pl","value":"MZKI \"Po\u0142aniec\"."},{"language":"pl","value":"Biuro Informacyjne MKZ Wroc\u0142aw."},{"language":"pl","value":"Komitet Za\u0142o\u017cycielski Niezale\u017cnych Samorz\u0105dnych Zwi\u0105zk\u00f3w Zawodowych Stocznia Gdy\u0144ska."},{"language":"pl","value":"Komitet Za\u0142o\u017cycielski Niezale\u017cnych Samorz\u0105dnych Zwi\u0105zk\u00f3w Zawodowych przy Stoczni im. Komuny Paryskiej w Gdyni."},{"language":"pl","value":"Komitet Za\u0142o\u017cycielski Niezale\u017cnych i Samorz\u0105dnych Zwi\u0105zk\u00f3w Zawodowych przy Stoczni im. Komuny Paryskiej."},{"language":"pl","value":"Komitet Za\u0142o\u017cycielski Niezale\u017cnego Samorz\u0105dnego Zwi\u0105zku Zawodowego \"Solidarno\u015b\u0107\" przy Stoczni im. Komuny Paryskiej Gdyni."},{"language":"pl","value":"Komitet Za\u0142o\u017cycielski NSZZ \"Solidarno\u015b\u0107\" przy Stoczni P\u00f3\u0142nocnej im. Boh. Westarplatte."},{"language":"pl","value":"KZ NSZZ \"Solidarno\u015b\u0107\" przy Stoczni P\u00f3\u0142nocnej im. Bohater\u00f3w Westerplatte."},{"language":"pl","value":"Mikroregion \"S\" Mokot\u00f3w."},{"language":"pl","value":"KZ NSZZ \"Solidarno\u015b\u0107\" USP (Starachowice)."},{"language":"pl","value":"KZ NSZZ \"Solidarno\u015b\u0107\" (Produkcyjno-Us\u0142ugowa Sp\u00f3\u0142dzielnia Pracy \"Prze\u0142om\", Starachowice)."},{"language":"pl","value":"K.O.W\u0142adys\u0142awowo Solidarno\u015b\u0107."},{"language":"pl","value":"Komitet Obywatelski \"S\" W\u0142adys\u0142awowo."},{"language":"pl","value":"Komitet Obywatelski \"Solidarno\u015b\u0107\" W\u0142adys\u0142awowo."},{"language":"pl","value":"Sekcja O\u015bwiaty i Wychowania NSZZ \"Solidarno\u015b\u0107\" Regionu Gda\u0144skiego."},{"language":"pl","value":"Regionalna Komisja Wyborcza NSZZ \u201eSolidarno\u015b\u0107 wojew\u00f3dztwa legnickiego"},{"language":"pl","value":"Mi\u0119dzyzak\u0142adowa Komisja Koordynacyjna NSZZ \"Solidarno\u015b\u0107\" Regionu \u015al\u0105sko-D\u0105browskiego (Bytom)."},{"language":"pl","value":"MKK Bytom NSZZ \"Solidarno\u015b\u0107\" Regionu \u015al\u0105sko-D\u0105browskiego."},{"language":"pl","value":"NSZZ \"Solidarno\u015b\u0107\" Komisja Zak\u0142adowa Z.M. \"Predom-Mesko\" (Skar\u017cysko-Kamienna)."},{"language":"pl","value":"Komisja Zak\u0142adowa NSZZ \"Solidarno\u015b\u0107\" (Zak\u0142ady Metalowe \"Predom-Mesko\", Skar\u017cysko-Kamienna)."},{"language":"pl","value":"KZ NSZZ \"Solidarno\u015b\u0107\" w ZM Predom-Mesko (Skar\u017cysko-Kamienna)."},{"language":"pl","value":"Robotniczy Komitet Obrony NSZZ \"Solidarno\u015b\u0107\" (Krak\u00f3w)."},{"language":"pl","value":"Gminny Komitet Obywatelski \"Solidarno\u015b\u0107\" w Uje\u017adzie."},{"language":"pl","value":"Komitet Obywatelski w Uje\u017adzie."}]},"claims":{"P21":[{"mainsnak":{"snaktype":"value","property":"P21","hash":"d75b11f2bc414bacd66f7f2cf8beba4e813fb666","datavalue":{"value":"a0000001955694","type":"string"},"datatype":"string"},"type":"statement","id":"Q8251$BEA415F8-A3A6-4AE4-AB8D-1F96A25F0E67","rank":"normal"}],"P20":[{"mainsnak":{"snaktype":"value","property":"P20","hash":"a2871b75e47ee7f57c70769400d19f036da6ad4c","datavalue":{"value":"https://viaf.org/viaf/301810194","type":"string"},"datatype":"string"},"type":"statement","id":"Q8251$08481BFD-9D74-4FEA-93B2-2EB99089F83D","rank":"normal"}],"P9":[{"mainsnak":{"snaktype":"value","property":"P9","hash":"f92278a4f6272b2bffde8cd03b35a04ffc458b7c","datavalue":{"value":{"entity-type":"item","numeric-id":2010009,"id":"Q2010009"},"type":"wikibase-entityid"},"datatype":"wikibase-item"},"type":"statement","id":"Q8251$8EFE4BC9-7CDE-4657-B1DD-15BE5AB6BE10","rank":"normal"}],"P6":[{"mainsnak":{"snaktype":"value","property":"P6","hash":"1f4c292afd94d142acee50f794f85e9580e892f9","datavalue":{"value":"P89312T71721","type":"string"},"datatype":"string"},"type":"statement","id":"Q8251$6EEC2793-E020-48EE-8BE9-DAAC28A68D5F","rank":"normal"}]},"sitelinks":{}}}}